{"id":303,"date":"2014-02-23T00:00:00","date_gmt":"2014-02-22T23:00:00","guid":{"rendered":"https:\/\/sse.lodz.pl\/bip\/w-dniu-7-sierpnia-2013-roku-zostaly-przeprowadzone-rokowania-majace-na-celu-wylonienie-przedsiebiorcy-ktory-uzyska-zezwolenie-na-prowadzenie-dzialalnosci-gospodarczej-na-terenie-lodzkiej-specjalnej-s\/"},"modified":"2023-03-14T18:26:05","modified_gmt":"2023-03-14T17:26:05","slug":"w-dniu-7-sierpnia-2013-roku-zostaly-przeprowadzone-rokowania-majace-na-celu-wylonienie-przedsiebiorcy-ktory-uzyska-zezwolenie-na-prowadzenie-dzialalnosci-gospodarczej-na-terenie-lodzkiej-specjalnej-s","status":"publish","type":"bip","link":"https:\/\/sse.lodz.pl\/en\/bip\/w-dniu-7-sierpnia-2013-roku-zostaly-przeprowadzone-rokowania-majace-na-celu-wylonienie-przedsiebiorcy-ktory-uzyska-zezwolenie-na-prowadzenie-dzialalnosci-gospodarczej-na-terenie-lodzkiej-specjalnej-s\/","title":{"rendered":"W dniu 7 sierpnia 2013 roku zosta\u0142y przeprowadzone rokowania maj\u0105ce na celu wy\u0142onienie przedsi\u0119biorcy, kt\u00f3ry uzyska zezwolenie na prowadzenie dzia\u0142alno\u015bci gospodarczej na terenie \u0141\u00f3dzkiej Specjalnej Strefy Ekonomicznej w Podstrefie Rawa Mazowiecka, Komple"},"content":{"rendered":"<p style=\"text-align: justify;\">W dniu 28 sierpnia 2013 roku zosta\u0142y zako\u0144czone rokowania maj\u0105ce na\u00a0celu wy\u0142onienie przedsi\u0119biorcy, kt\u00f3ry uzyska zezwolenie na\u00a0prowadzenie dzia\u0142alno\u015bci gospodarczej na\u00a0terenie \u0141\u00f3dzkiej Specjalnej Strefy Ekonomicznej w\u00a0Podstrefie Ostrzesz\u00f3w, Kompleks 1. Ofert\u0119 na\u00a0rokowania z\u0142o\u017cy\u0142 Pan Zdzis\u0142aw Poprawa prowadz\u0105cy dzia\u0142alno\u015b\u0107 gospodarcz\u0105 pod firm\u0105 <b>POPRAWA Producent Opakowa\u0144 Tekturowych<\/b>. Komisja rozstrzygn\u0119\u0142a rokowania pozytywnie i\u00a0uzna\u0142a, \u017ce przedsi\u0119biorca ten mo\u017ce uzyska\u0107 zezwolenie na\u00a0dzia\u0142alno\u015b\u0107 w\u00a0\u0141SSE.\u00a0<\/p>\n<p style=\"text-align: justify;\">Jest to drugie zezwolenie firmy Poprawa Producent Opakowa\u0144 Tekturowych. Planowana inwestycja polega na budowie hali produkcyjnej wraz z now\u0105 lini\u0105 produkcyjn\u0105. Firma dzia\u0142a w bran\u017cy opakowaniowej od 1990 roku. Zajmuje si\u0119 kompleksow\u0105 produkcj\u0105 opakowa\u0144 <br \/> z tektury falistej wielowarstwowej.<\/p>\n<p style=\"text-align: justify;\">W zwi\u0105zku z now\u0105 inwestycj\u0105, Przedsi\u0119biorca zamierza ponie\u015b\u0107 na terenie strefy po dniu uzyskania zezwolenia kwalifikowane wydatki inwestycyjne w wysoko\u015bci co najmniej <b>4.500.000,00 PLN<\/b> w terminie do dnia 31 grudnia 2017 r. oraz zwi\u0119kszy\u0107 dotychczasowe zatrudnienie kszta\u0142tuj\u0105ce si\u0119 na poziomie \u015brednio 56 os\u00f3b, poprzez zatrudnienie co najmniej <b>10 nowych pracownik\u00f3w<\/b> w terminie do dnia 31 grudnia 2014 r. i <b>utrzymanie zatrudnienia na poziomie \u0142\u0105cznie co najmniej 66 pracownik\u00f3w<\/b> w terminie do dnia 31 grudnia 2017 r.<\/p>\n","protected":false},"featured_media":0,"template":"","bip_category":[21,23],"class_list":["post-303","bip","type-bip","status-publish","hentry","bip_category-przetargi","bip_category-rozstrzygniete"],"translation":{"provider":"WPGlobus","version":"3.0.2","language":"en","enabled_languages":["pl","en"],"languages":{"pl":{"title":true,"content":true,"excerpt":false},"en":{"title":false,"content":false,"excerpt":false}}},"acf":[],"yoast_head":"<!-- This site is optimized with the Yoast SEO plugin v27.4 - https:\/\/yoast.com\/product\/yoast-seo-wordpress\/ -->\n<title>W dniu 7 sierpnia 2013 roku zosta\u0142y przeprowadzone rokowania maj\u0105ce na celu wy\u0142onienie przedsi\u0119biorcy, kt\u00f3ry uzyska zezwolenie na prowadzenie dzia\u0142alno\u015bci gospodarczej na terenie \u0141\u00f3dzkiej Specjalnej Strefy Ekonomicznej w Podstrefie Rawa Mazowiecka, Komple - \u0141\u00f3dzka Specjalna Strefa Ekonomiczna<\/title>\n<meta name=\"robots\" content=\"index, follow, max-snippet:-1, max-image-preview:large, max-video-preview:-1\" \/>\n<link rel=\"canonical\" href=\"https:\/\/sse.lodz.pl\/bip\/w-dniu-7-sierpnia-2013-roku-zostaly-przeprowadzone-rokowania-majace-na-celu-wylonienie-przedsiebiorcy-ktory-uzyska-zezwolenie-na-prowadzenie-dzialalnosci-gospodarczej-na-terenie-lodzkiej-specjalnej-s\/\" \/>\n<meta property=\"og:locale\" content=\"en_US\" \/>\n<meta property=\"og:type\" content=\"article\" \/>\n<meta property=\"og:title\" content=\"W dniu 7 sierpnia 2013 roku zosta\u0142y przeprowadzone rokowania maj\u0105ce na celu wy\u0142onienie przedsi\u0119biorcy, kt\u00f3ry uzyska zezwolenie na prowadzenie dzia\u0142alno\u015bci gospodarczej na terenie \u0141\u00f3dzkiej Specjalnej Strefy Ekonomicznej w Podstrefie Rawa Mazowiecka, Komple - \u0141\u00f3dzka Specjalna Strefa Ekonomiczna\" \/>\n<meta property=\"og:url\" content=\"https:\/\/sse.lodz.pl\/bip\/w-dniu-7-sierpnia-2013-roku-zostaly-przeprowadzone-rokowania-majace-na-celu-wylonienie-przedsiebiorcy-ktory-uzyska-zezwolenie-na-prowadzenie-dzialalnosci-gospodarczej-na-terenie-lodzkiej-specjalnej-s\/\" \/>\n<meta property=\"og:site_name\" content=\"\u0141\u00f3dzka Specjalna Strefa Ekonomiczna\" \/>\n<meta property=\"article:modified_time\" content=\"2023-03-14T17:26:05+00:00\" \/>\n<meta name=\"twitter:card\" content=\"summary_large_image\" \/>\n<meta name=\"twitter:label1\" content=\"Est. reading time\" \/>\n\t<meta name=\"twitter:data1\" content=\"1 minute\" \/>\n<script type=\"application\/ld+json\" class=\"yoast-schema-graph\">{\"@context\":\"https:\\\/\\\/schema.org\",\"@graph\":[{\"@type\":\"WebPage\",\"@id\":\"https:\\\/\\\/sse.lodz.pl\\\/bip\\\/w-dniu-7-sierpnia-2013-roku-zostaly-przeprowadzone-rokowania-majace-na-celu-wylonienie-przedsiebiorcy-ktory-uzyska-zezwolenie-na-prowadzenie-dzialalnosci-gospodarczej-na-terenie-lodzkiej-specjalnej-s\\\/\",\"url\":\"https:\\\/\\\/sse.lodz.pl\\\/bip\\\/w-dniu-7-sierpnia-2013-roku-zostaly-przeprowadzone-rokowania-majace-na-celu-wylonienie-przedsiebiorcy-ktory-uzyska-zezwolenie-na-prowadzenie-dzialalnosci-gospodarczej-na-terenie-lodzkiej-specjalnej-s\\\/\",\"name\":\"W dniu 7 sierpnia 2013 roku zosta\u0142y przeprowadzone rokowania maj\u0105ce na celu wy\u0142onienie przedsi\u0119biorcy, kt\u00f3ry uzyska zezwolenie na prowadzenie dzia\u0142alno\u015bci gospodarczej na terenie \u0141\u00f3dzkiej Specjalnej Strefy Ekonomicznej w Podstrefie Rawa Mazowiecka, Komple - \u0141\u00f3dzka Specjalna Strefa Ekonomiczna\",\"isPartOf\":{\"@id\":\"https:\\\/\\\/sse.lodz.pl\\\/#website\"},\"datePublished\":\"2014-02-22T23:00:00+00:00\",\"dateModified\":\"2023-03-14T17:26:05+00:00\",\"breadcrumb\":{\"@id\":\"https:\\\/\\\/sse.lodz.pl\\\/bip\\\/w-dniu-7-sierpnia-2013-roku-zostaly-przeprowadzone-rokowania-majace-na-celu-wylonienie-przedsiebiorcy-ktory-uzyska-zezwolenie-na-prowadzenie-dzialalnosci-gospodarczej-na-terenie-lodzkiej-specjalnej-s\\\/#breadcrumb\"},\"inLanguage\":\"en-US\",\"potentialAction\":[{\"@type\":\"ReadAction\",\"target\":[\"https:\\\/\\\/sse.lodz.pl\\\/bip\\\/w-dniu-7-sierpnia-2013-roku-zostaly-przeprowadzone-rokowania-majace-na-celu-wylonienie-przedsiebiorcy-ktory-uzyska-zezwolenie-na-prowadzenie-dzialalnosci-gospodarczej-na-terenie-lodzkiej-specjalnej-s\\\/\"]}]},{\"@type\":\"BreadcrumbList\",\"@id\":\"https:\\\/\\\/sse.lodz.pl\\\/bip\\\/w-dniu-7-sierpnia-2013-roku-zostaly-przeprowadzone-rokowania-majace-na-celu-wylonienie-przedsiebiorcy-ktory-uzyska-zezwolenie-na-prowadzenie-dzialalnosci-gospodarczej-na-terenie-lodzkiej-specjalnej-s\\\/#breadcrumb\",\"itemListElement\":[{\"@type\":\"ListItem\",\"position\":1,\"name\":\"Strona g\u0142\u00f3wna\",\"item\":\"https:\\\/\\\/sse.lodz.pl\\\/\"},{\"@type\":\"ListItem\",\"position\":2,\"name\":\"BIP\",\"item\":\"https:\\\/\\\/sse.lodz.pl\\\/bip\\\/\"},{\"@type\":\"ListItem\",\"position\":3,\"name\":\"W dniu 7 sierpnia 2013 roku zosta\u0142y przeprowadzone rokowania maj\u0105ce na celu wy\u0142onienie przedsi\u0119biorcy, kt\u00f3ry uzyska zezwolenie na prowadzenie dzia\u0142alno\u015bci gospodarczej na terenie \u0141\u00f3dzkiej Specjalnej Strefy Ekonomicznej w Podstrefie Rawa Mazowiecka, Komple\"}]},{\"@type\":\"WebSite\",\"@id\":\"https:\\\/\\\/sse.lodz.pl\\\/#website\",\"url\":\"https:\\\/\\\/sse.lodz.pl\\\/\",\"name\":\"\u0141\u00f3dzka Specjalna Strefa Ekonomiczna\",\"description\":\"\",\"potentialAction\":[{\"@type\":\"SearchAction\",\"target\":{\"@type\":\"EntryPoint\",\"urlTemplate\":\"https:\\\/\\\/sse.lodz.pl\\\/?s={search_term_string}\"},\"query-input\":{\"@type\":\"PropertyValueSpecification\",\"valueRequired\":true,\"valueName\":\"search_term_string\"}}],\"inLanguage\":\"en-US\"}]}<\/script>\n<!-- \/ Yoast SEO plugin. -->","yoast_head_json":{"title":"W dniu 7 sierpnia 2013 roku zosta\u0142y przeprowadzone rokowania maj\u0105ce na celu wy\u0142onienie przedsi\u0119biorcy, kt\u00f3ry uzyska zezwolenie na prowadzenie dzia\u0142alno\u015bci gospodarczej na terenie \u0141\u00f3dzkiej Specjalnej Strefy Ekonomicznej w Podstrefie Rawa Mazowiecka, Komple - \u0141\u00f3dzka Specjalna Strefa Ekonomiczna","robots":{"index":"index","follow":"follow","max-snippet":"max-snippet:-1","max-image-preview":"max-image-preview:large","max-video-preview":"max-video-preview:-1"},"canonical":"https:\/\/sse.lodz.pl\/bip\/w-dniu-7-sierpnia-2013-roku-zostaly-przeprowadzone-rokowania-majace-na-celu-wylonienie-przedsiebiorcy-ktory-uzyska-zezwolenie-na-prowadzenie-dzialalnosci-gospodarczej-na-terenie-lodzkiej-specjalnej-s\/","og_locale":"en_US","og_type":"article","og_title":"W dniu 7 sierpnia 2013 roku zosta\u0142y przeprowadzone rokowania maj\u0105ce na celu wy\u0142onienie przedsi\u0119biorcy, kt\u00f3ry uzyska zezwolenie na prowadzenie dzia\u0142alno\u015bci gospodarczej na terenie \u0141\u00f3dzkiej Specjalnej Strefy Ekonomicznej w Podstrefie Rawa Mazowiecka, Komple - \u0141\u00f3dzka Specjalna Strefa Ekonomiczna","og_url":"https:\/\/sse.lodz.pl\/bip\/w-dniu-7-sierpnia-2013-roku-zostaly-przeprowadzone-rokowania-majace-na-celu-wylonienie-przedsiebiorcy-ktory-uzyska-zezwolenie-na-prowadzenie-dzialalnosci-gospodarczej-na-terenie-lodzkiej-specjalnej-s\/","og_site_name":"\u0141\u00f3dzka Specjalna Strefa Ekonomiczna","article_modified_time":"2023-03-14T17:26:05+00:00","twitter_card":"summary_large_image","twitter_misc":{"Est. reading time":"1 minute"},"schema":{"@context":"https:\/\/schema.org","@graph":[{"@type":"WebPage","@id":"https:\/\/sse.lodz.pl\/bip\/w-dniu-7-sierpnia-2013-roku-zostaly-przeprowadzone-rokowania-majace-na-celu-wylonienie-przedsiebiorcy-ktory-uzyska-zezwolenie-na-prowadzenie-dzialalnosci-gospodarczej-na-terenie-lodzkiej-specjalnej-s\/","url":"https:\/\/sse.lodz.pl\/bip\/w-dniu-7-sierpnia-2013-roku-zostaly-przeprowadzone-rokowania-majace-na-celu-wylonienie-przedsiebiorcy-ktory-uzyska-zezwolenie-na-prowadzenie-dzialalnosci-gospodarczej-na-terenie-lodzkiej-specjalnej-s\/","name":"W dniu 7 sierpnia 2013 roku zosta\u0142y przeprowadzone rokowania maj\u0105ce na celu wy\u0142onienie przedsi\u0119biorcy, kt\u00f3ry uzyska zezwolenie na prowadzenie dzia\u0142alno\u015bci gospodarczej na terenie \u0141\u00f3dzkiej Specjalnej Strefy Ekonomicznej w Podstrefie Rawa Mazowiecka, Komple - \u0141\u00f3dzka Specjalna Strefa Ekonomiczna","isPartOf":{"@id":"https:\/\/sse.lodz.pl\/#website"},"datePublished":"2014-02-22T23:00:00+00:00","dateModified":"2023-03-14T17:26:05+00:00","breadcrumb":{"@id":"https:\/\/sse.lodz.pl\/bip\/w-dniu-7-sierpnia-2013-roku-zostaly-przeprowadzone-rokowania-majace-na-celu-wylonienie-przedsiebiorcy-ktory-uzyska-zezwolenie-na-prowadzenie-dzialalnosci-gospodarczej-na-terenie-lodzkiej-specjalnej-s\/#breadcrumb"},"inLanguage":"en-US","potentialAction":[{"@type":"ReadAction","target":["https:\/\/sse.lodz.pl\/bip\/w-dniu-7-sierpnia-2013-roku-zostaly-przeprowadzone-rokowania-majace-na-celu-wylonienie-przedsiebiorcy-ktory-uzyska-zezwolenie-na-prowadzenie-dzialalnosci-gospodarczej-na-terenie-lodzkiej-specjalnej-s\/"]}]},{"@type":"BreadcrumbList","@id":"https:\/\/sse.lodz.pl\/bip\/w-dniu-7-sierpnia-2013-roku-zostaly-przeprowadzone-rokowania-majace-na-celu-wylonienie-przedsiebiorcy-ktory-uzyska-zezwolenie-na-prowadzenie-dzialalnosci-gospodarczej-na-terenie-lodzkiej-specjalnej-s\/#breadcrumb","itemListElement":[{"@type":"ListItem","position":1,"name":"Strona g\u0142\u00f3wna","item":"https:\/\/sse.lodz.pl\/"},{"@type":"ListItem","position":2,"name":"BIP","item":"https:\/\/sse.lodz.pl\/bip\/"},{"@type":"ListItem","position":3,"name":"W dniu 7 sierpnia 2013 roku zosta\u0142y przeprowadzone rokowania maj\u0105ce na celu wy\u0142onienie przedsi\u0119biorcy, kt\u00f3ry uzyska zezwolenie na prowadzenie dzia\u0142alno\u015bci gospodarczej na terenie \u0141\u00f3dzkiej Specjalnej Strefy Ekonomicznej w Podstrefie Rawa Mazowiecka, Komple"}]},{"@type":"WebSite","@id":"https:\/\/sse.lodz.pl\/#website","url":"https:\/\/sse.lodz.pl\/","name":"\u0141\u00f3dzka Specjalna Strefa Ekonomiczna","description":"","potentialAction":[{"@type":"SearchAction","target":{"@type":"EntryPoint","urlTemplate":"https:\/\/sse.lodz.pl\/?s={search_term_string}"},"query-input":{"@type":"PropertyValueSpecification","valueRequired":true,"valueName":"search_term_string"}}],"inLanguage":"en-US"}]}},"_links":{"self":[{"href":"https:\/\/sse.lodz.pl\/en\/wp-json\/wp\/v2\/bip\/303","targetHints":{"allow":["GET"]}}],"collection":[{"href":"https:\/\/sse.lodz.pl\/en\/wp-json\/wp\/v2\/bip"}],"about":[{"href":"https:\/\/sse.lodz.pl\/en\/wp-json\/wp\/v2\/types\/bip"}],"wp:attachment":[{"href":"https:\/\/sse.lodz.pl\/en\/wp-json\/wp\/v2\/media?parent=303"}],"wp:term":[{"taxonomy":"bip_category","embeddable":true,"href":"https:\/\/sse.lodz.pl\/en\/wp-json\/wp\/v2\/bip_category?post=303"}],"curies":[{"name":"wp","href":"https:\/\/api.w.org\/{rel}","templated":true}]}}