{"id":341,"date":"2014-02-27T00:00:00","date_gmt":"2014-02-26T23:00:00","guid":{"rendered":"https:\/\/sse.lodz.pl\/bip\/przetarg-na-prowadzenie-dzialalnosci-gospodarczej-na-terenie-lodzkiej-specjalnej-strefy-ekonomicznej-w-podstrefie-turek-kompleks-1\/"},"modified":"2023-03-14T18:26:09","modified_gmt":"2023-03-14T17:26:09","slug":"przetarg-na-prowadzenie-dzialalnosci-gospodarczej-na-terenie-lodzkiej-specjalnej-strefy-ekonomicznej-w-podstrefie-turek-kompleks-1","status":"publish","type":"bip","link":"https:\/\/sse.lodz.pl\/en\/bip\/przetarg-na-prowadzenie-dzialalnosci-gospodarczej-na-terenie-lodzkiej-specjalnej-strefy-ekonomicznej-w-podstrefie-turek-kompleks-1\/","title":{"rendered":"Przetarg na prowadzenie dzia\u0142alno\u015bci gospodarczej na terenie \u0141\u00f3dzkiej Specjalnej Strefy Ekonomicznej w Podstrefie Turek, Kompleks 1"},"content":{"rendered":"<p style=\"text-align: center;\"><span style=\"color: #000000;\"><strong>\u0141\u00f3dzka Specjalna Strefa Ekonomiczna Sp\u00f3\u0142ka Akcyjna<\/strong><\/span><br \/><span style=\"color: #000000;\"><strong>90-349 \u0141\u00f3d\u017a, ul. ks. Tymienieckiego 22\/24<\/strong><\/span><br \/><span style=\"color: #000000;\"><strong>tel. (0-42) 676 27 53, 676 27 54 , fax. (0-42) 676 27 55<\/strong><\/span><\/p>\n<p><span style=\"color: #000000;\">\u00a0<\/span><\/p>\n<p style=\"text-align: justify;\"><span style=\"color: #000000;\">jako zarz\u0105dzaj\u0105cy \u0141\u00f3dzk\u0105 Specjaln\u0105 Stref\u0105 Ekonomiczn\u0105 og\u0142asza przetarg \u0142\u0105czny maj\u0105cy na celu wy\u0142onienie przedsi\u0119biorcy, kt\u00f3ry:<\/span><\/p>\n<p><span style=\"color: #000000;\">1. uzyska zezwolenie na prowadzenie dzia\u0142alno\u015bci gospodarczej na terenie \u0141\u00f3dzkiej Specjalnej Strefy Ekonomicznej w Podstrefie Turek, Kompleks 1 oraz<\/span><\/p>\n<p><span style=\"color: #000000;\">2. nab\u0119dzie prawo w\u0142asno\u015bci niezabudowanej nieruchomo\u015bci oznaczonej jako dzia\u0142ki gruntu o nr 783\/18, 783\/22 i 783\/24, po\u0142o\u017conej w Turku w rejonie ulicy Korytkowskiej, o powierzchni \u0142\u0105cznej 4,4217 ha, dla kt\u00f3rej S\u0105d Rejonowy w Turku \u2013 Wydzia\u0142 Ksi\u0105g Wieczystych prowadzi Ksi\u0119g\u0119 Wieczyst\u0105 KW Nr KN1T\/00041476\/5, na kt\u00f3rej b\u0119dzie prowadzona dzia\u0142alno\u015b\u0107 gospodarcza obj\u0119ta zezwoleniem.<\/span><\/p>\n<p style=\"text-align: justify;\"><span style=\"color: #000000;\">Oferowana nieruchomo\u015b\u0107, b\u0119d\u0105ca przedmiotem przetargu, stanowi w\u0142asno\u015b\u0107 Gminy Miasta Turek i nie jest obci\u0105\u017cona ograniczonymi prawami rzeczowymi.<\/span><\/p>\n<p><span style=\"color: #000000;\">Cena wywo\u0142awcza oferowanej nieruchomo\u015bci wynosi: 3.338.400,00 PLN (+ VAT w wysoko\u015bci 23%)<\/span><br \/><span style=\"color: #000000;\">Wadium wynosi: 350.000,00 PLN<\/span><\/p>\n<p style=\"text-align: justify;\"><span style=\"color: #000000;\">Minimalne post\u0105pienie wynosi 1% ceny wywo\u0142awczej tj.: 33.390,00 PLN.<\/span><\/p>\n<p><span style=\"color: #000000;\">Warunkiem przyst\u0105pienia do przetargu jest:<\/span><\/p>\n<p><span style=\"color: #000000;\">wykupienie \u201eSpecyfikacji istotnych warunk\u00f3w przetargu\u201d (cena: 20.000 z\u0142 + 23% VAT). Specyfikacj\u0119 istotnych warunk\u00f3w przetargu mo\u017cna naby\u0107 w siedzibie \u0141SSE S.A. codziennie opr\u00f3cz sob\u00f3t i niedziel w godz.8.00 do 16.00, po dokonaniu zap\u0142aty ceny na konto \u0141SSE S.A.: BRE BANK nr 97 1140 1108 0000 2030 2200 1001. Szczeg\u00f3\u0142owe informacje na temat przetargu i tre\u015bci Specyfikacji udzielane s\u0105 w siedzibie \u0141SSE S.A. lub telefonicznie (0-42) 275 50 60, 275 50 64.<\/span><br \/><span style=\"color: #000000;\">wniesienie nie p\u00f3\u017aniej ni\u017c do dnia 3 grudnia 2013 roku wadium w pieni\u0105dzu w wy\u017cej okre\u015blonej wysoko\u015bci na konto Urz\u0119du Miejskiego w Turku na numer rachunku 68 1090 1229 0000 0000 2201 3982.<\/span><\/p>\n<p><span style=\"color: #000000;\">Wadium wp\u0142acone przez uczestnika, kt\u00f3ry przetarg wygra, zaliczone zostanie na poczet ceny nabycia nieruchomo\u015bci. Wadium ulega przepadkowi w razie uchylenia si\u0119 uczestnika, kt\u00f3ry przetarg wygra, od zawarcia umowy nabycia nieruchomo\u015bci od Gminy Miasta Turek.<\/span><\/p>\n<p><span style=\"color: #000000;\">Oferty nale\u017cy sk\u0142ada\u0107 w siedzibie \u0141SSE S.A. do dnia 3 grudnia 2013 roku do godz. 16.00. Ich otwarcie nast\u0105pi w dniu 9 grudnia 2013 roku w siedzibie \u0141SSE S.A. o godz. 14.00.<\/span><\/p>\n<p style=\"text-align: justify;\"><span style=\"color: #000000;\">Oferty podlegaj\u0105 ocenie w oparciu o kryteria okre\u015blone w \u201eSpecyfikacji istotnych warunk\u00f3w przetargu\u201d<\/span><\/p>\n<p style=\"text-align: justify;\"><span style=\"color: #000000;\">i rozporz\u0105dzeniu Ministra Gospodarki i Pracy z dnia 15 listopada 2004 r. w sprawie przetarg\u00f3w <\/span><br \/><span style=\"color: #000000;\">i rokowa\u0144 oraz kryteri\u00f3w oceny zamierze\u0144 co do przedsi\u0119wzi\u0119\u0107 gospodarczych, kt\u00f3re maj\u0105 by\u0107 podj\u0119te przez przedsi\u0119biorc\u00f3w na terenie \u0141\u00f3dzkiej Specjalnej Strefy Ekonomicznej (Dz.U. Nr 254, poz. 2544 z p\u00f3\u017an. zm.).<\/span><\/p>\n<p><span style=\"color: #000000;\">Przetarg wygra Oferent, kt\u00f3rego oferta otrzyma najwi\u0119ksz\u0105 ilo\u015b\u0107 punkt\u00f3w, nie mniej jednak ni\u017c 50 % wszystkich mo\u017cliwych do uzyskania punkt\u00f3w oraz zaoferuje cen\u0119 wy\u017csz\u0105 od ceny wywo\u0142awczej o r\u00f3wnowarto\u015b\u0107 co najmniej jednego post\u0105pienia.<\/span><\/p>\n<p><span style=\"color: #000000;\">\u0141\u00f3dzka Specjalna Strefa Ekonomiczna S.A. zastrzega sobie prawo odst\u0105pienia od przetargu, gdy wyst\u0105pi istotna zmiana okoliczno\u015bci powoduj\u0105ca, \u017ce prowadzenie post\u0119powania nie le\u017cy w interesie publicznym, czego nie mo\u017cna by\u0142o wcze\u015bniej przewidzie\u0107 lub gdy post\u0119powanie obarczone jest wad\u0105 uniemo\u017cliwiaj\u0105c\u0105 wydanie zezwolenia. O uniewa\u017cnieniu post\u0119powania \u0141SSE S.A. powiadomi pisemnie r\u00f3wnocze\u015bnie wszystkich oferent\u00f3w, podaj\u0105c uzasadnienie faktyczne i prawne.<\/span><\/p>\n<p><span style=\"color: #000000;\">Tre\u015b\u0107 niniejszego og\u0142oszenia dost\u0119pna jest na stronie internetowej \u0141SSE S.A.: www.sse.lodz.pl \u2013 dzia\u0142 przetargi. The content of this advertisement in English is available on Lodz SEZ Joint Stock Co. website: www.sse.lodz.pl \u2013 in section tenders.<\/span><\/p>\n","protected":false},"featured_media":0,"template":"","bip_category":[22,21],"class_list":["post-341","bip","type-bip","status-publish","hentry","bip_category-ogloszone","bip_category-przetargi"],"translation":{"provider":"WPGlobus","version":"3.0.2","language":"en","enabled_languages":["pl","en"],"languages":{"pl":{"title":true,"content":true,"excerpt":false},"en":{"title":false,"content":false,"excerpt":false}}},"acf":[],"yoast_head":"<!-- This site is optimized with the Yoast SEO plugin v27.4 - https:\/\/yoast.com\/product\/yoast-seo-wordpress\/ -->\n<title>Przetarg na prowadzenie dzia\u0142alno\u015bci gospodarczej na terenie \u0141\u00f3dzkiej Specjalnej Strefy Ekonomicznej w Podstrefie Turek, Kompleks 1 - \u0141\u00f3dzka Specjalna Strefa Ekonomiczna<\/title>\n<meta name=\"robots\" content=\"index, follow, max-snippet:-1, max-image-preview:large, max-video-preview:-1\" \/>\n<link rel=\"canonical\" href=\"https:\/\/sse.lodz.pl\/bip\/przetarg-na-prowadzenie-dzialalnosci-gospodarczej-na-terenie-lodzkiej-specjalnej-strefy-ekonomicznej-w-podstrefie-turek-kompleks-1\/\" \/>\n<meta property=\"og:locale\" content=\"en_US\" \/>\n<meta property=\"og:type\" content=\"article\" \/>\n<meta property=\"og:title\" content=\"Przetarg na prowadzenie dzia\u0142alno\u015bci gospodarczej na terenie \u0141\u00f3dzkiej Specjalnej Strefy Ekonomicznej w Podstrefie Turek, Kompleks 1 - \u0141\u00f3dzka Specjalna Strefa Ekonomiczna\" \/>\n<meta property=\"og:url\" content=\"https:\/\/sse.lodz.pl\/bip\/przetarg-na-prowadzenie-dzialalnosci-gospodarczej-na-terenie-lodzkiej-specjalnej-strefy-ekonomicznej-w-podstrefie-turek-kompleks-1\/\" \/>\n<meta property=\"og:site_name\" content=\"\u0141\u00f3dzka Specjalna Strefa Ekonomiczna\" \/>\n<meta property=\"article:modified_time\" content=\"2023-03-14T17:26:09+00:00\" \/>\n<meta name=\"twitter:card\" content=\"summary_large_image\" \/>\n<meta name=\"twitter:label1\" content=\"Est. reading time\" \/>\n\t<meta name=\"twitter:data1\" content=\"3 minutes\" \/>\n<script type=\"application\/ld+json\" class=\"yoast-schema-graph\">{\"@context\":\"https:\\\/\\\/schema.org\",\"@graph\":[{\"@type\":\"WebPage\",\"@id\":\"https:\\\/\\\/sse.lodz.pl\\\/bip\\\/przetarg-na-prowadzenie-dzialalnosci-gospodarczej-na-terenie-lodzkiej-specjalnej-strefy-ekonomicznej-w-podstrefie-turek-kompleks-1\\\/\",\"url\":\"https:\\\/\\\/sse.lodz.pl\\\/bip\\\/przetarg-na-prowadzenie-dzialalnosci-gospodarczej-na-terenie-lodzkiej-specjalnej-strefy-ekonomicznej-w-podstrefie-turek-kompleks-1\\\/\",\"name\":\"Przetarg na prowadzenie dzia\u0142alno\u015bci gospodarczej na terenie \u0141\u00f3dzkiej Specjalnej Strefy Ekonomicznej w Podstrefie Turek, Kompleks 1 - \u0141\u00f3dzka Specjalna Strefa Ekonomiczna\",\"isPartOf\":{\"@id\":\"https:\\\/\\\/sse.lodz.pl\\\/#website\"},\"datePublished\":\"2014-02-26T23:00:00+00:00\",\"dateModified\":\"2023-03-14T17:26:09+00:00\",\"breadcrumb\":{\"@id\":\"https:\\\/\\\/sse.lodz.pl\\\/bip\\\/przetarg-na-prowadzenie-dzialalnosci-gospodarczej-na-terenie-lodzkiej-specjalnej-strefy-ekonomicznej-w-podstrefie-turek-kompleks-1\\\/#breadcrumb\"},\"inLanguage\":\"en-US\",\"potentialAction\":[{\"@type\":\"ReadAction\",\"target\":[\"https:\\\/\\\/sse.lodz.pl\\\/bip\\\/przetarg-na-prowadzenie-dzialalnosci-gospodarczej-na-terenie-lodzkiej-specjalnej-strefy-ekonomicznej-w-podstrefie-turek-kompleks-1\\\/\"]}]},{\"@type\":\"BreadcrumbList\",\"@id\":\"https:\\\/\\\/sse.lodz.pl\\\/bip\\\/przetarg-na-prowadzenie-dzialalnosci-gospodarczej-na-terenie-lodzkiej-specjalnej-strefy-ekonomicznej-w-podstrefie-turek-kompleks-1\\\/#breadcrumb\",\"itemListElement\":[{\"@type\":\"ListItem\",\"position\":1,\"name\":\"Strona g\u0142\u00f3wna\",\"item\":\"https:\\\/\\\/sse.lodz.pl\\\/\"},{\"@type\":\"ListItem\",\"position\":2,\"name\":\"BIP\",\"item\":\"https:\\\/\\\/sse.lodz.pl\\\/bip\\\/\"},{\"@type\":\"ListItem\",\"position\":3,\"name\":\"Przetarg na prowadzenie dzia\u0142alno\u015bci gospodarczej na terenie \u0141\u00f3dzkiej Specjalnej Strefy Ekonomicznej w Podstrefie Turek, Kompleks 1\"}]},{\"@type\":\"WebSite\",\"@id\":\"https:\\\/\\\/sse.lodz.pl\\\/#website\",\"url\":\"https:\\\/\\\/sse.lodz.pl\\\/\",\"name\":\"\u0141\u00f3dzka Specjalna Strefa Ekonomiczna\",\"description\":\"\",\"potentialAction\":[{\"@type\":\"SearchAction\",\"target\":{\"@type\":\"EntryPoint\",\"urlTemplate\":\"https:\\\/\\\/sse.lodz.pl\\\/?s={search_term_string}\"},\"query-input\":{\"@type\":\"PropertyValueSpecification\",\"valueRequired\":true,\"valueName\":\"search_term_string\"}}],\"inLanguage\":\"en-US\"}]}<\/script>\n<!-- \/ Yoast SEO plugin. -->","yoast_head_json":{"title":"Przetarg na prowadzenie dzia\u0142alno\u015bci gospodarczej na terenie \u0141\u00f3dzkiej Specjalnej Strefy Ekonomicznej w Podstrefie Turek, Kompleks 1 - \u0141\u00f3dzka Specjalna Strefa Ekonomiczna","robots":{"index":"index","follow":"follow","max-snippet":"max-snippet:-1","max-image-preview":"max-image-preview:large","max-video-preview":"max-video-preview:-1"},"canonical":"https:\/\/sse.lodz.pl\/bip\/przetarg-na-prowadzenie-dzialalnosci-gospodarczej-na-terenie-lodzkiej-specjalnej-strefy-ekonomicznej-w-podstrefie-turek-kompleks-1\/","og_locale":"en_US","og_type":"article","og_title":"Przetarg na prowadzenie dzia\u0142alno\u015bci gospodarczej na terenie \u0141\u00f3dzkiej Specjalnej Strefy Ekonomicznej w Podstrefie Turek, Kompleks 1 - \u0141\u00f3dzka Specjalna Strefa Ekonomiczna","og_url":"https:\/\/sse.lodz.pl\/bip\/przetarg-na-prowadzenie-dzialalnosci-gospodarczej-na-terenie-lodzkiej-specjalnej-strefy-ekonomicznej-w-podstrefie-turek-kompleks-1\/","og_site_name":"\u0141\u00f3dzka Specjalna Strefa Ekonomiczna","article_modified_time":"2023-03-14T17:26:09+00:00","twitter_card":"summary_large_image","twitter_misc":{"Est. reading time":"3 minutes"},"schema":{"@context":"https:\/\/schema.org","@graph":[{"@type":"WebPage","@id":"https:\/\/sse.lodz.pl\/bip\/przetarg-na-prowadzenie-dzialalnosci-gospodarczej-na-terenie-lodzkiej-specjalnej-strefy-ekonomicznej-w-podstrefie-turek-kompleks-1\/","url":"https:\/\/sse.lodz.pl\/bip\/przetarg-na-prowadzenie-dzialalnosci-gospodarczej-na-terenie-lodzkiej-specjalnej-strefy-ekonomicznej-w-podstrefie-turek-kompleks-1\/","name":"Przetarg na prowadzenie dzia\u0142alno\u015bci gospodarczej na terenie \u0141\u00f3dzkiej Specjalnej Strefy Ekonomicznej w Podstrefie Turek, Kompleks 1 - \u0141\u00f3dzka Specjalna Strefa Ekonomiczna","isPartOf":{"@id":"https:\/\/sse.lodz.pl\/#website"},"datePublished":"2014-02-26T23:00:00+00:00","dateModified":"2023-03-14T17:26:09+00:00","breadcrumb":{"@id":"https:\/\/sse.lodz.pl\/bip\/przetarg-na-prowadzenie-dzialalnosci-gospodarczej-na-terenie-lodzkiej-specjalnej-strefy-ekonomicznej-w-podstrefie-turek-kompleks-1\/#breadcrumb"},"inLanguage":"en-US","potentialAction":[{"@type":"ReadAction","target":["https:\/\/sse.lodz.pl\/bip\/przetarg-na-prowadzenie-dzialalnosci-gospodarczej-na-terenie-lodzkiej-specjalnej-strefy-ekonomicznej-w-podstrefie-turek-kompleks-1\/"]}]},{"@type":"BreadcrumbList","@id":"https:\/\/sse.lodz.pl\/bip\/przetarg-na-prowadzenie-dzialalnosci-gospodarczej-na-terenie-lodzkiej-specjalnej-strefy-ekonomicznej-w-podstrefie-turek-kompleks-1\/#breadcrumb","itemListElement":[{"@type":"ListItem","position":1,"name":"Strona g\u0142\u00f3wna","item":"https:\/\/sse.lodz.pl\/"},{"@type":"ListItem","position":2,"name":"BIP","item":"https:\/\/sse.lodz.pl\/bip\/"},{"@type":"ListItem","position":3,"name":"Przetarg na prowadzenie dzia\u0142alno\u015bci gospodarczej na terenie \u0141\u00f3dzkiej Specjalnej Strefy Ekonomicznej w Podstrefie Turek, Kompleks 1"}]},{"@type":"WebSite","@id":"https:\/\/sse.lodz.pl\/#website","url":"https:\/\/sse.lodz.pl\/","name":"\u0141\u00f3dzka Specjalna Strefa Ekonomiczna","description":"","potentialAction":[{"@type":"SearchAction","target":{"@type":"EntryPoint","urlTemplate":"https:\/\/sse.lodz.pl\/?s={search_term_string}"},"query-input":{"@type":"PropertyValueSpecification","valueRequired":true,"valueName":"search_term_string"}}],"inLanguage":"en-US"}]}},"_links":{"self":[{"href":"https:\/\/sse.lodz.pl\/en\/wp-json\/wp\/v2\/bip\/341","targetHints":{"allow":["GET"]}}],"collection":[{"href":"https:\/\/sse.lodz.pl\/en\/wp-json\/wp\/v2\/bip"}],"about":[{"href":"https:\/\/sse.lodz.pl\/en\/wp-json\/wp\/v2\/types\/bip"}],"wp:attachment":[{"href":"https:\/\/sse.lodz.pl\/en\/wp-json\/wp\/v2\/media?parent=341"}],"wp:term":[{"taxonomy":"bip_category","embeddable":true,"href":"https:\/\/sse.lodz.pl\/en\/wp-json\/wp\/v2\/bip_category?post=341"}],"curies":[{"name":"wp","href":"https:\/\/api.w.org\/{rel}","templated":true}]}}