{"id":363,"date":"2014-02-27T00:00:00","date_gmt":"2014-02-26T23:00:00","guid":{"rendered":"https:\/\/sse.lodz.pl\/bip\/rokowania-podstrefa-kutno-kompleks-3\/"},"modified":"2023-03-14T18:26:11","modified_gmt":"2023-03-14T17:26:11","slug":"rokowania-podstrefa-kutno-kompleks-3","status":"publish","type":"bip","link":"https:\/\/sse.lodz.pl\/en\/bip\/rokowania-podstrefa-kutno-kompleks-3\/","title":{"rendered":"Rokowania, Podstrefa Kutno, Kompleks 3"},"content":{"rendered":"<div style=\"text-align: center;\" align=\"center\"><span style=\"font-size: 10pt; font-family: 'Arial','sans-serif'; color: #000000;\">\u0141\u00f3dzka Specjalna Strefa Ekonomiczna Sp\u00f3\u0142ka Akcyjna<\/span><\/div>\n<div style=\"text-align: center;\" align=\"center\"><span style=\"font-size: 10pt; font-family: 'Arial','sans-serif'; color: #000000;\">90-349 \u0141\u00f3d\u017a, ul. ks. Tymienieckiego 22\/24<\/span><\/div>\n<div style=\"text-align: center;\" align=\"center\"><span style=\"color: #000000;\"><b><span style=\"font-size: 10pt; font-family: 'Arial','sans-serif';\">tel. 42 676 27 53, 676 27 54, fax 42 676 27 55<\/span><\/b><\/span><\/div>\n<p>&nbsp;<\/p>\n<p style=\"text-align: center;\" align=\"center\"><span style=\"font-size: 10pt; font-family: 'Arial','sans-serif'; color: #000000;\">\u00a0<\/span><\/p>\n<p>&nbsp;<\/p>\n<p style=\"margin: 6pt 0cm 2pt; text-align: justify;\"><span style=\"color: #000000;\"><strong><span style=\"font-size: 10pt; font-family: 'Arial','sans-serif';\">jako zarz\u0105dzaj\u0105cy \u0141\u00f3dzk\u0105 Specjaln\u0105 Stref\u0105 Ekonomiczn\u0105 zaprasza do sk\u0142adania ofert do rokowa\u0144, maj\u0105cych na celu wy\u0142onienie przedsi\u0119biorcy, kt\u00f3ry uzyska<\/span><\/strong><strong><span style=\"font-size: 10pt; font-family: 'Arial','sans-serif';\">zezwolenie na prowadzenie dzia\u0142alno\u015bci gospodarczej na terenie \u0141\u00f3dzkiej Specjalnej Strefy Ekonomicznej<\/span><\/strong><b><span style=\"font-size: 10pt; font-family: 'Arial','sans-serif';\"> w <span class=\"footertextbold1\"><span style=\"font-family: 'Arial','sans-serif';\">Podstrefie Kutno, Kompleks 3.<\/span><\/span><\/span><\/b><\/span><\/p>\n<p style=\"margin: 6pt 0cm 2pt; text-align: justify;\"><span style=\"color: #000000;\"><span style=\"font-size: 10pt; font-family: 'Arial','sans-serif';\">Warunkiem przyst\u0105pienia do rokowa\u0144 jest:<\/span><\/span><\/p>\n<p style=\"margin: 6pt 0cm 2pt 30px; text-align: justify;\"><span style=\"color: #000000;\"><span style=\"font-size: 10pt; font-family: 'Arial','sans-serif';\">1) wykupienie <i>\u201eSpecyfikacji istotnych warunk\u00f3w rokowa\u0144\u201d<\/i> za cen\u0119 20.000 z\u0142 + 23% VAT,<\/span><\/span><\/p>\n<p style=\"margin: 6pt 0cm 2pt 30px; text-align: justify;\"><span style=\"color: #000000;\"><span style=\"font-size: 10pt; font-family: 'Arial','sans-serif';\">2) z\u0142o\u017cenie pisemnej oferty wraz z warunkami planowanego przedsi\u0119wzi\u0119cia.<\/span><\/span><\/p>\n<p style=\"margin: 6pt 0cm 2pt; text-align: justify;\"><span style=\"color: #000000;\"><i><span style=\"font-size: 10pt; font-family: 'Arial','sans-serif';\">Specyfikacje istotnych warunk\u00f3w<\/span><\/i><i><span style=\"font-size: 10pt; font-family: 'Arial','sans-serif';\"> rokowa\u0144 <\/span><\/i><span style=\"font-size: 10pt; font-family: 'Arial','sans-serif';\">mo\u017cna otrzyma\u0107 w siedzibie \u0141\u00f3dzkiej Specjalnej Strefy Ekonomicznej Sp\u00f3\u0142ka Akcyjna w \u0141odzi przy ul. Tymienieckiego 22\/24 codziennie opr\u00f3cz sob\u00f3t i niedziel w godz. od 8.00 do 16.00, po uiszczeniu wp\u0142aty w wy\u017cej okre\u015blonej wysoko\u015bci <b>na konto \u0141SSE S.A.: BRE BANK nr\u00a097 1140 1108 0000 2030 2200 1001<\/b>. <\/span><\/span><\/p>\n<p style=\"margin: 6pt 0cm 2pt; text-align: justify;\"><span style=\"font-size: 10pt; font-family: 'Arial','sans-serif'; color: #000000;\">Szczeg\u00f3\u0142owe informacje na temat rokowa\u0144 i tre\u015bci Specyfikacji udzielane s\u0105 w siedzibie \u0141SSE S.A. lub telefonicznie: 42 275 50 60, 42 275 50 72. <\/span><\/p>\n<p style=\"margin: 6pt 0cm 2pt; text-align: justify;\"><span style=\"font-size: 10pt; font-family: 'Arial','sans-serif'; color: #000000;\">Oferty nale\u017cy sk\u0142ada\u0107 w siedzibie \u0141SSE S.A. (w sekretariacie) codzienne opr\u00f3cz sob\u00f3t i niedziel w godz. od 8.00 do 16.00. <\/span><\/p>\n<p style=\"margin: 6pt 0cm 2pt; text-align: justify;\"><span style=\"color: #000000;\"><strong><span style=\"font-size: 10pt; font-family: 'Arial','sans-serif';\">Ostateczny termin sk\u0142adania ofert up\u0142ywa w dniu 8 listopada 2012 roku o godz. 9.00. <\/span><\/strong><\/span><\/p>\n<p style=\"margin: 6pt 0cm 2pt; text-align: justify;\"><span style=\"color: #000000;\"><strong><span style=\"font-size: 10pt; font-family: 'Arial','sans-serif';\">Otwarcie ofert nast\u0105pi<\/span><\/strong> <b><span style=\"font-size: 10pt; font-family: 'Arial','sans-serif';\">w siedzibie \u0141SSE S.A.<strong><span style=\"font-family: 'Arial','sans-serif';\"> w dniu 8 listopada 2012 roku o godz. 10.00. <\/span><\/strong><\/span><\/b><\/span><\/p>\n<p>&nbsp;<\/p>\n<p style=\"margin: 6pt 0cm 2pt; text-align: justify;\"><span style=\"font-size: 10pt; font-family: 'Arial','sans-serif'; color: #000000;\">Oferty podlegaj\u0105 ocenie w oparciu o kryteria okre\u015blone <i>w \u201eSpecyfikacji istotnych warunk\u00f3w rokowa\u0144\u201d<\/i> i rozporz\u0105dzeniu Ministra Gospodarki i Pracy z dnia 15 listopada 2004 r. w sprawie przetarg\u00f3w i rokowa\u0144 oraz kryteri\u00f3w oceny zamierze\u0144 co do przedsi\u0119wzi\u0119\u0107 gospodarczych, kt\u00f3re maj\u0105 by\u0107 podj\u0119te przez przedsi\u0119biorc\u00f3w na terenie \u0141\u00f3dzkiej Specjalnej Strefy Ekonomicznej (Dz. U. z 2004 r., nr 254, poz. 2544).<\/span><\/p>\n<p style=\"margin: 6pt 0cm 2pt; text-align: justify;\"><span style=\"color: #000000;\"><b><span style=\"font-size: 10pt; font-family: 'Arial','sans-serif';\">Rokowania wygra Oferent, kt\u00f3rego oferta otrzyma najwi\u0119ksz\u0105 ilo\u015b\u0107 punkt\u00f3w, nie mniej jednak ni\u017c <span style=\"background: none repeat scroll 0% 0% white;\">50 %<\/span> wszystkich mo\u017cliwych do uzyskania punkt\u00f3w. <\/span><\/b><\/span><\/p>\n<p style=\"margin: 6pt 0cm 2pt; text-align: justify;\"><span style=\"font-size: 10pt; font-family: 'Arial','sans-serif'; color: #000000;\">\u0141\u00f3dzka Specjalna Strefa Ekonomiczna Sp\u00f3\u0142ka Akcyjna zastrzega sobie prawo odst\u0105pienia od rokowa\u0144, gdy wyst\u0105pi istotna zmiana okoliczno\u015bci powoduj\u0105ca, \u017ce prowadzenie post\u0119powania nie le\u017cy w interesie publicznym, czego nie mo\u017cna by\u0142o wcze\u015bniej przewidzie\u0107 lub gdy post\u0119powanie obarczone jest wad\u0105 uniemo\u017cliwiaj\u0105c\u0105 wydanie zezwolenia. O uniewa\u017cnieniu post\u0119powania \u0141SSE S.A. powiadomi pisemnie r\u00f3wnocze\u015bnie wszystkich Oferent\u00f3w, podaj\u0105c uzasadnienie faktyczne i prawne. <\/span><\/p>\n<p style=\"margin: 6pt 0cm 2pt; text-align: justify;\"><span style=\"font-size: 10pt; font-family: 'Arial','sans-serif'; color: #000000;\">Tre\u015b\u0107 niniejszego og\u0142oszenia w\u00a0j\u0119zyku angielskim dost\u0119pna jest na\u00a0stronie internetowej \u0141SSE S.A.: <span style=\"text-decoration: underline;\"><span style=\"text-decoration: underline;\"><a href=\"https:\/\/sse.lodz.pl\/\"><span style=\"color: #000000; text-decoration: underline;\">www.sse.lodz.pl<\/span><\/a><\/span><\/span> w zak\u0142adce przetargi.<\/span><\/p>\n<p><span style=\"color: #000000;\"><span style=\"font-size: 10pt; font-family: 'Arial','sans-serif';\">The content of this advertisement in English is available on Lodz SEZ Joint Stock Co. website: <a href=\"https:\/\/sse.lodz.pl\/\"><span style=\"color: #000000;\">www.sse.lodz.pl<\/span><\/a> \u2013 in section tenders.<\/span><\/span><\/p>\n","protected":false},"featured_media":0,"template":"","bip_category":[22,21],"class_list":["post-363","bip","type-bip","status-publish","hentry","bip_category-ogloszone","bip_category-przetargi"],"translation":{"provider":"WPGlobus","version":"3.0.2","language":"en","enabled_languages":["pl","en"],"languages":{"pl":{"title":true,"content":true,"excerpt":false},"en":{"title":false,"content":false,"excerpt":false}}},"acf":[],"yoast_head":"<!-- This site is optimized with the Yoast SEO plugin v27.4 - https:\/\/yoast.com\/product\/yoast-seo-wordpress\/ -->\n<title>Rokowania, Podstrefa Kutno, Kompleks 3 - \u0141\u00f3dzka Specjalna Strefa Ekonomiczna<\/title>\n<meta name=\"robots\" content=\"index, follow, max-snippet:-1, max-image-preview:large, max-video-preview:-1\" \/>\n<link rel=\"canonical\" href=\"https:\/\/sse.lodz.pl\/bip\/rokowania-podstrefa-kutno-kompleks-3\/\" \/>\n<meta property=\"og:locale\" content=\"en_US\" \/>\n<meta property=\"og:type\" content=\"article\" \/>\n<meta property=\"og:title\" content=\"Rokowania, Podstrefa Kutno, Kompleks 3 - \u0141\u00f3dzka Specjalna Strefa Ekonomiczna\" \/>\n<meta property=\"og:url\" content=\"https:\/\/sse.lodz.pl\/bip\/rokowania-podstrefa-kutno-kompleks-3\/\" \/>\n<meta property=\"og:site_name\" content=\"\u0141\u00f3dzka Specjalna Strefa Ekonomiczna\" \/>\n<meta property=\"article:modified_time\" content=\"2023-03-14T17:26:11+00:00\" \/>\n<meta name=\"twitter:card\" content=\"summary_large_image\" \/>\n<meta name=\"twitter:label1\" content=\"Est. reading time\" \/>\n\t<meta name=\"twitter:data1\" content=\"2 minutes\" \/>\n<script type=\"application\/ld+json\" class=\"yoast-schema-graph\">{\"@context\":\"https:\\\/\\\/schema.org\",\"@graph\":[{\"@type\":\"WebPage\",\"@id\":\"https:\\\/\\\/sse.lodz.pl\\\/bip\\\/rokowania-podstrefa-kutno-kompleks-3\\\/\",\"url\":\"https:\\\/\\\/sse.lodz.pl\\\/bip\\\/rokowania-podstrefa-kutno-kompleks-3\\\/\",\"name\":\"Rokowania, Podstrefa Kutno, Kompleks 3 - \u0141\u00f3dzka Specjalna Strefa Ekonomiczna\",\"isPartOf\":{\"@id\":\"https:\\\/\\\/sse.lodz.pl\\\/#website\"},\"datePublished\":\"2014-02-26T23:00:00+00:00\",\"dateModified\":\"2023-03-14T17:26:11+00:00\",\"breadcrumb\":{\"@id\":\"https:\\\/\\\/sse.lodz.pl\\\/bip\\\/rokowania-podstrefa-kutno-kompleks-3\\\/#breadcrumb\"},\"inLanguage\":\"en-US\",\"potentialAction\":[{\"@type\":\"ReadAction\",\"target\":[\"https:\\\/\\\/sse.lodz.pl\\\/bip\\\/rokowania-podstrefa-kutno-kompleks-3\\\/\"]}]},{\"@type\":\"BreadcrumbList\",\"@id\":\"https:\\\/\\\/sse.lodz.pl\\\/bip\\\/rokowania-podstrefa-kutno-kompleks-3\\\/#breadcrumb\",\"itemListElement\":[{\"@type\":\"ListItem\",\"position\":1,\"name\":\"Strona g\u0142\u00f3wna\",\"item\":\"https:\\\/\\\/sse.lodz.pl\\\/\"},{\"@type\":\"ListItem\",\"position\":2,\"name\":\"BIP\",\"item\":\"https:\\\/\\\/sse.lodz.pl\\\/bip\\\/\"},{\"@type\":\"ListItem\",\"position\":3,\"name\":\"Rokowania, Podstrefa Kutno, Kompleks 3\"}]},{\"@type\":\"WebSite\",\"@id\":\"https:\\\/\\\/sse.lodz.pl\\\/#website\",\"url\":\"https:\\\/\\\/sse.lodz.pl\\\/\",\"name\":\"\u0141\u00f3dzka Specjalna Strefa Ekonomiczna\",\"description\":\"\",\"potentialAction\":[{\"@type\":\"SearchAction\",\"target\":{\"@type\":\"EntryPoint\",\"urlTemplate\":\"https:\\\/\\\/sse.lodz.pl\\\/?s={search_term_string}\"},\"query-input\":{\"@type\":\"PropertyValueSpecification\",\"valueRequired\":true,\"valueName\":\"search_term_string\"}}],\"inLanguage\":\"en-US\"}]}<\/script>\n<!-- \/ Yoast SEO plugin. -->","yoast_head_json":{"title":"Rokowania, Podstrefa Kutno, Kompleks 3 - \u0141\u00f3dzka Specjalna Strefa Ekonomiczna","robots":{"index":"index","follow":"follow","max-snippet":"max-snippet:-1","max-image-preview":"max-image-preview:large","max-video-preview":"max-video-preview:-1"},"canonical":"https:\/\/sse.lodz.pl\/bip\/rokowania-podstrefa-kutno-kompleks-3\/","og_locale":"en_US","og_type":"article","og_title":"Rokowania, Podstrefa Kutno, Kompleks 3 - \u0141\u00f3dzka Specjalna Strefa Ekonomiczna","og_url":"https:\/\/sse.lodz.pl\/bip\/rokowania-podstrefa-kutno-kompleks-3\/","og_site_name":"\u0141\u00f3dzka Specjalna Strefa Ekonomiczna","article_modified_time":"2023-03-14T17:26:11+00:00","twitter_card":"summary_large_image","twitter_misc":{"Est. reading time":"2 minutes"},"schema":{"@context":"https:\/\/schema.org","@graph":[{"@type":"WebPage","@id":"https:\/\/sse.lodz.pl\/bip\/rokowania-podstrefa-kutno-kompleks-3\/","url":"https:\/\/sse.lodz.pl\/bip\/rokowania-podstrefa-kutno-kompleks-3\/","name":"Rokowania, Podstrefa Kutno, Kompleks 3 - \u0141\u00f3dzka Specjalna Strefa Ekonomiczna","isPartOf":{"@id":"https:\/\/sse.lodz.pl\/#website"},"datePublished":"2014-02-26T23:00:00+00:00","dateModified":"2023-03-14T17:26:11+00:00","breadcrumb":{"@id":"https:\/\/sse.lodz.pl\/bip\/rokowania-podstrefa-kutno-kompleks-3\/#breadcrumb"},"inLanguage":"en-US","potentialAction":[{"@type":"ReadAction","target":["https:\/\/sse.lodz.pl\/bip\/rokowania-podstrefa-kutno-kompleks-3\/"]}]},{"@type":"BreadcrumbList","@id":"https:\/\/sse.lodz.pl\/bip\/rokowania-podstrefa-kutno-kompleks-3\/#breadcrumb","itemListElement":[{"@type":"ListItem","position":1,"name":"Strona g\u0142\u00f3wna","item":"https:\/\/sse.lodz.pl\/"},{"@type":"ListItem","position":2,"name":"BIP","item":"https:\/\/sse.lodz.pl\/bip\/"},{"@type":"ListItem","position":3,"name":"Rokowania, Podstrefa Kutno, Kompleks 3"}]},{"@type":"WebSite","@id":"https:\/\/sse.lodz.pl\/#website","url":"https:\/\/sse.lodz.pl\/","name":"\u0141\u00f3dzka Specjalna Strefa Ekonomiczna","description":"","potentialAction":[{"@type":"SearchAction","target":{"@type":"EntryPoint","urlTemplate":"https:\/\/sse.lodz.pl\/?s={search_term_string}"},"query-input":{"@type":"PropertyValueSpecification","valueRequired":true,"valueName":"search_term_string"}}],"inLanguage":"en-US"}]}},"_links":{"self":[{"href":"https:\/\/sse.lodz.pl\/en\/wp-json\/wp\/v2\/bip\/363","targetHints":{"allow":["GET"]}}],"collection":[{"href":"https:\/\/sse.lodz.pl\/en\/wp-json\/wp\/v2\/bip"}],"about":[{"href":"https:\/\/sse.lodz.pl\/en\/wp-json\/wp\/v2\/types\/bip"}],"wp:attachment":[{"href":"https:\/\/sse.lodz.pl\/en\/wp-json\/wp\/v2\/media?parent=363"}],"wp:term":[{"taxonomy":"bip_category","embeddable":true,"href":"https:\/\/sse.lodz.pl\/en\/wp-json\/wp\/v2\/bip_category?post=363"}],"curies":[{"name":"wp","href":"https:\/\/api.w.org\/{rel}","templated":true}]}}