{"id":371,"date":"2014-02-27T00:00:00","date_gmt":"2014-02-26T23:00:00","guid":{"rendered":"https:\/\/sse.lodz.pl\/bip\/rokowania-w-podstrefie-lodz-kompleks-1-dawniej-nowy-jozefow-srebrna\/"},"modified":"2023-03-14T18:26:12","modified_gmt":"2023-03-14T17:26:12","slug":"rokowania-w-podstrefie-lodz-kompleks-1-dawniej-nowy-jozefow-srebrna","status":"publish","type":"bip","link":"https:\/\/sse.lodz.pl\/en\/bip\/rokowania-w-podstrefie-lodz-kompleks-1-dawniej-nowy-jozefow-srebrna\/","title":{"rendered":"Rokowania w Podstrefie \u0141\u00f3d\u017a, Kompleks 1 (dawniej Nowy J\u00f3zef\u00f3w- Srebrna)"},"content":{"rendered":"<p align=\"center\">\u0141\u00f3dzka Specjalna Strefa Ekonomiczna Sp\u00f3\u0142ka Akcyjna<\/p>\n<p align=\"center\">90-349 \u0141\u00f3d\u017a, ul. ks. Tymienieckiego 22\/24<\/p>\n<p align=\"center\">tel. 42 676 27 53, 676 27 54, fax 42 676 27 55<\/p>\n<p>jako zarz\u0105dzaj\u0105cy \u0141\u00f3dzk\u0105 Specjaln\u0105 Stref\u0105 Ekonomiczn\u0105 zaprasza do sk\u0142adania ofert do rokowa\u0144, maj\u0105cych na celu wy\u0142onienie przedsi\u0119biorcy, kt\u00f3ry uzyska zezwolenie na prowadzenie dzia\u0142alno\u015bci gospodarczej na terenie \u0141\u00f3dzkiej Specjalnej Strefy Ekonomicznej\u00a0w Podstrefie \u0141\u00f3d\u017a, Kompleks 1 (dawniej: Nowy J\u00f3zef\u00f3w-Srerbna).<\/p>\n<p>Warunkiem przyst\u0105pienia do rokowa\u0144 jest:<br \/> 1)\u00a0 wykupienie \u201eSpecyfikacji istotnych warunk\u00f3w rokowa\u0144\u201d za cen\u0119 20.000 z\u0142 + 23% VAT oraz <br \/> 2)\u00a0 z\u0142o\u017cenie pisemnej oferty wraz z warunkami planowanego przedsi\u0119wzi\u0119cia.<\/p>\n<p>\u201eSpecyfikacje istotnych warunk\u00f3w rokowa\u0144\u201d mo\u017cna otrzyma\u0107 w siedzibie \u0141\u00f3dzkiej Specjalnej Strefy Ekonomicznej Sp\u00f3\u0142ka Akcyjna w \u0141odzi przy ul. Tymienieckiego 22\/24 codziennie opr\u00f3cz sob\u00f3t i niedziel w godz. od 8.00 do 16.00, po uiszczeniu wp\u0142aty w wy\u017cej okre\u015blonej wysoko\u015bci na konto \u0141SSE S.A.: BRE BANK nr\u00a097 1140 1108 0000 2030 2200 1001.<\/p>\n<p>Szczeg\u00f3\u0142owe informacje na temat rokowa\u0144 i tre\u015bci Specyfikacji udzielane s\u0105 w siedzibie \u0141SSE S.A. lub telefonicznie: 42 275 50 60, 42 275 50 64.<\/p>\n<p>Oferty nale\u017cy sk\u0142ada\u0107 w siedzibie \u0141SSE S.A. (w sekretariacie) codzienne opr\u00f3cz sob\u00f3t i niedziel w godz. od 8.00 do 16.00.<\/p>\n<p>Ostateczny termin sk\u0142adania ofert up\u0142ywa w dniu 26 czerwca 2012 roku o godz. 16.00.<\/p>\n<p>Otwarcie ofert nast\u0105pi w siedzibie \u0141SSE S.A. w dniu 27 czerwca 2012 roku o godz. 14.00.<\/p>\n<p>Oferty podlegaj\u0105 ocenie w oparciu o kryteria okre\u015blone w \u201eSpecyfikacji istotnych warunk\u00f3w rokowa\u0144\u201d i rozporz\u0105dzeniu Ministra Gospodarki i Pracy z dnia 15 listopada 2004 r. w sprawie przetarg\u00f3w i rokowa\u0144 oraz kryteri\u00f3w oceny zamierze\u0144 co do przedsi\u0119wzi\u0119\u0107 gospodarczych, kt\u00f3re maj\u0105 by\u0107 podj\u0119te przez przedsi\u0119biorc\u00f3w na terenie \u0141\u00f3dzkiej Specjalnej Strefy Ekonomicznej (Dz. U. z 2004 r., nr 254, poz. 2544).<\/p>\n<p>Rokowania wygra Oferent, kt\u00f3rego oferta otrzyma najwi\u0119ksz\u0105 ilo\u015b\u0107 punkt\u00f3w, nie mniej jednak ni\u017c 50 % wszystkich mo\u017cliwych do uzyskania punkt\u00f3w.<\/p>\n<p>\u0141\u00f3dzka Specjalna Strefa Ekonomiczna Sp\u00f3\u0142ka Akcyjna zastrzega sobie prawo odst\u0105pienia od rokowa\u0144, gdy wyst\u0105pi istotna zmiana okoliczno\u015bci powoduj\u0105ca, \u017ce prowadzenie post\u0119powania nie le\u017cy w interesie publicznym, czego nie mo\u017cna by\u0142o wcze\u015bniej przewidzie\u0107 lub gdy post\u0119powanie obarczone jest wad\u0105 uniemo\u017cliwiaj\u0105c\u0105 wydanie zezwolenia. O uniewa\u017cnieniu post\u0119powania \u0141SSE S.A. powiadomi pisemnie r\u00f3wnocze\u015bnie wszystkich Oferent\u00f3w, podaj\u0105c uzasadnienie faktyczne i prawne.<\/p>\n<p>Tre\u015b\u0107 niniejszego og\u0142oszenia w\u00a0j\u0119zyku angielskim dost\u0119pna jest na\u00a0stronie internetowej \u0141SSE S.A.: <a href=\"https:\/\/sse.lodz.pl\/\">www.sse.lodz.pl<\/a> w zak\u0142adce \u201ePrzetargi\u201d.<\/p>\n","protected":false},"featured_media":0,"template":"","bip_category":[22,21],"class_list":["post-371","bip","type-bip","status-publish","hentry","bip_category-ogloszone","bip_category-przetargi"],"translation":{"provider":"WPGlobus","version":"3.0.2","language":"en","enabled_languages":["pl","en"],"languages":{"pl":{"title":true,"content":true,"excerpt":false},"en":{"title":false,"content":false,"excerpt":false}}},"acf":[],"yoast_head":"<!-- This site is optimized with the Yoast SEO plugin v27.4 - https:\/\/yoast.com\/product\/yoast-seo-wordpress\/ -->\n<title>Rokowania w Podstrefie \u0141\u00f3d\u017a, Kompleks 1 (dawniej Nowy J\u00f3zef\u00f3w- Srebrna) - \u0141\u00f3dzka Specjalna Strefa Ekonomiczna<\/title>\n<meta name=\"robots\" content=\"index, follow, max-snippet:-1, max-image-preview:large, max-video-preview:-1\" \/>\n<link rel=\"canonical\" href=\"https:\/\/sse.lodz.pl\/bip\/rokowania-w-podstrefie-lodz-kompleks-1-dawniej-nowy-jozefow-srebrna\/\" \/>\n<meta property=\"og:locale\" content=\"en_US\" \/>\n<meta property=\"og:type\" content=\"article\" \/>\n<meta property=\"og:title\" content=\"Rokowania w Podstrefie \u0141\u00f3d\u017a, Kompleks 1 (dawniej Nowy J\u00f3zef\u00f3w- Srebrna) - \u0141\u00f3dzka Specjalna Strefa Ekonomiczna\" \/>\n<meta property=\"og:url\" content=\"https:\/\/sse.lodz.pl\/bip\/rokowania-w-podstrefie-lodz-kompleks-1-dawniej-nowy-jozefow-srebrna\/\" \/>\n<meta property=\"og:site_name\" content=\"\u0141\u00f3dzka Specjalna Strefa Ekonomiczna\" \/>\n<meta property=\"article:modified_time\" content=\"2023-03-14T17:26:12+00:00\" \/>\n<meta name=\"twitter:card\" content=\"summary_large_image\" \/>\n<meta name=\"twitter:label1\" content=\"Est. reading time\" \/>\n\t<meta name=\"twitter:data1\" content=\"2 minutes\" \/>\n<script type=\"application\/ld+json\" class=\"yoast-schema-graph\">{\"@context\":\"https:\\\/\\\/schema.org\",\"@graph\":[{\"@type\":\"WebPage\",\"@id\":\"https:\\\/\\\/sse.lodz.pl\\\/bip\\\/rokowania-w-podstrefie-lodz-kompleks-1-dawniej-nowy-jozefow-srebrna\\\/\",\"url\":\"https:\\\/\\\/sse.lodz.pl\\\/bip\\\/rokowania-w-podstrefie-lodz-kompleks-1-dawniej-nowy-jozefow-srebrna\\\/\",\"name\":\"Rokowania w Podstrefie \u0141\u00f3d\u017a, Kompleks 1 (dawniej Nowy J\u00f3zef\u00f3w- Srebrna) - \u0141\u00f3dzka Specjalna Strefa Ekonomiczna\",\"isPartOf\":{\"@id\":\"https:\\\/\\\/sse.lodz.pl\\\/#website\"},\"datePublished\":\"2014-02-26T23:00:00+00:00\",\"dateModified\":\"2023-03-14T17:26:12+00:00\",\"breadcrumb\":{\"@id\":\"https:\\\/\\\/sse.lodz.pl\\\/bip\\\/rokowania-w-podstrefie-lodz-kompleks-1-dawniej-nowy-jozefow-srebrna\\\/#breadcrumb\"},\"inLanguage\":\"en-US\",\"potentialAction\":[{\"@type\":\"ReadAction\",\"target\":[\"https:\\\/\\\/sse.lodz.pl\\\/bip\\\/rokowania-w-podstrefie-lodz-kompleks-1-dawniej-nowy-jozefow-srebrna\\\/\"]}]},{\"@type\":\"BreadcrumbList\",\"@id\":\"https:\\\/\\\/sse.lodz.pl\\\/bip\\\/rokowania-w-podstrefie-lodz-kompleks-1-dawniej-nowy-jozefow-srebrna\\\/#breadcrumb\",\"itemListElement\":[{\"@type\":\"ListItem\",\"position\":1,\"name\":\"Strona g\u0142\u00f3wna\",\"item\":\"https:\\\/\\\/sse.lodz.pl\\\/\"},{\"@type\":\"ListItem\",\"position\":2,\"name\":\"BIP\",\"item\":\"https:\\\/\\\/sse.lodz.pl\\\/bip\\\/\"},{\"@type\":\"ListItem\",\"position\":3,\"name\":\"Rokowania w Podstrefie \u0141\u00f3d\u017a, Kompleks 1 (dawniej Nowy J\u00f3zef\u00f3w- Srebrna)\"}]},{\"@type\":\"WebSite\",\"@id\":\"https:\\\/\\\/sse.lodz.pl\\\/#website\",\"url\":\"https:\\\/\\\/sse.lodz.pl\\\/\",\"name\":\"\u0141\u00f3dzka Specjalna Strefa Ekonomiczna\",\"description\":\"\",\"potentialAction\":[{\"@type\":\"SearchAction\",\"target\":{\"@type\":\"EntryPoint\",\"urlTemplate\":\"https:\\\/\\\/sse.lodz.pl\\\/?s={search_term_string}\"},\"query-input\":{\"@type\":\"PropertyValueSpecification\",\"valueRequired\":true,\"valueName\":\"search_term_string\"}}],\"inLanguage\":\"en-US\"}]}<\/script>\n<!-- \/ Yoast SEO plugin. -->","yoast_head_json":{"title":"Rokowania w Podstrefie \u0141\u00f3d\u017a, Kompleks 1 (dawniej Nowy J\u00f3zef\u00f3w- Srebrna) - \u0141\u00f3dzka Specjalna Strefa Ekonomiczna","robots":{"index":"index","follow":"follow","max-snippet":"max-snippet:-1","max-image-preview":"max-image-preview:large","max-video-preview":"max-video-preview:-1"},"canonical":"https:\/\/sse.lodz.pl\/bip\/rokowania-w-podstrefie-lodz-kompleks-1-dawniej-nowy-jozefow-srebrna\/","og_locale":"en_US","og_type":"article","og_title":"Rokowania w Podstrefie \u0141\u00f3d\u017a, Kompleks 1 (dawniej Nowy J\u00f3zef\u00f3w- Srebrna) - \u0141\u00f3dzka Specjalna Strefa Ekonomiczna","og_url":"https:\/\/sse.lodz.pl\/bip\/rokowania-w-podstrefie-lodz-kompleks-1-dawniej-nowy-jozefow-srebrna\/","og_site_name":"\u0141\u00f3dzka Specjalna Strefa Ekonomiczna","article_modified_time":"2023-03-14T17:26:12+00:00","twitter_card":"summary_large_image","twitter_misc":{"Est. reading time":"2 minutes"},"schema":{"@context":"https:\/\/schema.org","@graph":[{"@type":"WebPage","@id":"https:\/\/sse.lodz.pl\/bip\/rokowania-w-podstrefie-lodz-kompleks-1-dawniej-nowy-jozefow-srebrna\/","url":"https:\/\/sse.lodz.pl\/bip\/rokowania-w-podstrefie-lodz-kompleks-1-dawniej-nowy-jozefow-srebrna\/","name":"Rokowania w Podstrefie \u0141\u00f3d\u017a, Kompleks 1 (dawniej Nowy J\u00f3zef\u00f3w- Srebrna) - \u0141\u00f3dzka Specjalna Strefa Ekonomiczna","isPartOf":{"@id":"https:\/\/sse.lodz.pl\/#website"},"datePublished":"2014-02-26T23:00:00+00:00","dateModified":"2023-03-14T17:26:12+00:00","breadcrumb":{"@id":"https:\/\/sse.lodz.pl\/bip\/rokowania-w-podstrefie-lodz-kompleks-1-dawniej-nowy-jozefow-srebrna\/#breadcrumb"},"inLanguage":"en-US","potentialAction":[{"@type":"ReadAction","target":["https:\/\/sse.lodz.pl\/bip\/rokowania-w-podstrefie-lodz-kompleks-1-dawniej-nowy-jozefow-srebrna\/"]}]},{"@type":"BreadcrumbList","@id":"https:\/\/sse.lodz.pl\/bip\/rokowania-w-podstrefie-lodz-kompleks-1-dawniej-nowy-jozefow-srebrna\/#breadcrumb","itemListElement":[{"@type":"ListItem","position":1,"name":"Strona g\u0142\u00f3wna","item":"https:\/\/sse.lodz.pl\/"},{"@type":"ListItem","position":2,"name":"BIP","item":"https:\/\/sse.lodz.pl\/bip\/"},{"@type":"ListItem","position":3,"name":"Rokowania w Podstrefie \u0141\u00f3d\u017a, Kompleks 1 (dawniej Nowy J\u00f3zef\u00f3w- Srebrna)"}]},{"@type":"WebSite","@id":"https:\/\/sse.lodz.pl\/#website","url":"https:\/\/sse.lodz.pl\/","name":"\u0141\u00f3dzka Specjalna Strefa Ekonomiczna","description":"","potentialAction":[{"@type":"SearchAction","target":{"@type":"EntryPoint","urlTemplate":"https:\/\/sse.lodz.pl\/?s={search_term_string}"},"query-input":{"@type":"PropertyValueSpecification","valueRequired":true,"valueName":"search_term_string"}}],"inLanguage":"en-US"}]}},"_links":{"self":[{"href":"https:\/\/sse.lodz.pl\/en\/wp-json\/wp\/v2\/bip\/371","targetHints":{"allow":["GET"]}}],"collection":[{"href":"https:\/\/sse.lodz.pl\/en\/wp-json\/wp\/v2\/bip"}],"about":[{"href":"https:\/\/sse.lodz.pl\/en\/wp-json\/wp\/v2\/types\/bip"}],"wp:attachment":[{"href":"https:\/\/sse.lodz.pl\/en\/wp-json\/wp\/v2\/media?parent=371"}],"wp:term":[{"taxonomy":"bip_category","embeddable":true,"href":"https:\/\/sse.lodz.pl\/en\/wp-json\/wp\/v2\/bip_category?post=371"}],"curies":[{"name":"wp","href":"https:\/\/api.w.org\/{rel}","templated":true}]}}