{"id":373,"date":"2014-02-27T00:00:00","date_gmt":"2014-02-26T23:00:00","guid":{"rendered":"https:\/\/sse.lodz.pl\/bip\/przetarg-laczny-pisemny-przykona\/"},"modified":"2023-03-14T18:26:13","modified_gmt":"2023-03-14T17:26:13","slug":"przetarg-laczny-pisemny-przykona","status":"publish","type":"bip","link":"https:\/\/sse.lodz.pl\/en\/bip\/przetarg-laczny-pisemny-przykona\/","title":{"rendered":"Przetarg \u0142\u0105czny pisemny &#8211; Przykona"},"content":{"rendered":"<h1 style=\"margin-top: 6pt; text-align: center;\" align=\"center\"><span style=\"font-size: 10pt; font-family: 'Arial','sans-serif'; color: #000000;\">\u0141\u00f3dzka Specjalna Strefa Ekonomiczna S.A.<\/span><\/h1>\n<h1 style=\"margin-top: 6pt; text-align: center;\" align=\"center\"><span style=\"font-size: 10pt; font-family: 'Arial','sans-serif'; color: #000000; font-weight: normal;\">90-349 \u0141\u00f3d\u017a, ul. ks. Tymienieckiego 22\/24<\/span><\/h1>\n<p style=\"text-align: center;\" align=\"center\"><span style=\"color: #000000;\"><span style=\"font-size: 10pt; font-family: 'Arial','sans-serif';\">tel. (0-42) 676 27 53, 676 27 54 , fax. (0-42) 676 27 55<\/span><span style=\"font-size: 10pt; font-family: 'Arial','sans-serif';\"><br \/>\n<\/span><\/span><\/p>\n<p style=\"margin-bottom: 4pt; text-align: left;\"><span style=\"color: #000000;\"><b><span style=\"font-size: 10pt; font-family: 'Arial','sans-serif';\">jako zarz\u0105dzaj\u0105cy \u0141\u00f3dzk\u0105 Specjaln\u0105 Stref\u0105 Ekonomiczn\u0105 og\u0142asza przetarg \u0142\u0105czny pisemny nieograniczony maj\u0105cy na celu wy\u0142onienie przedsi\u0119biorcy, kt\u00f3ry: <\/span><\/b><\/span><\/p>\n<p style=\"margin-bottom: 4pt; text-align: justify;\"><span style=\"color: #000000;\"><b><span style=\"font-size: 10pt; font-family: 'Arial','sans-serif';\">\u00a0<\/span><\/b><\/span><\/p>\n<ul>\n<li style=\"margin-bottom: 4pt; text-align: justify;\"><span style=\"font-size: 10pt; font-family: 'Arial','sans-serif'; color: #000000;\">uzyska zezwolenie na prowadzenie dzia\u0142alno\u015bci gospodarczej na terenie \u0141\u00f3dzkiej Specjalnej Strefy Ekonomicznej w Podstrefie Przykona oraz<\/span><\/li>\n<li style=\"margin-bottom: 4pt; text-align: justify;\"><span style=\"font-size: 10pt; font-family: 'Arial','sans-serif'; color: #000000;\">nab\u0119dzie niezabudowan\u0105 nieruchomo\u015b\u0107 gruntow\u0105, oznaczon\u0105 jako dzia\u0142ka gruntu o nr 637\/1 po\u0142o\u017con\u0105 w Przykonie, Gmina Przykona<b> o powierzchni 0,5008 ha<\/b>, dla kt\u00f3rej S\u0105d Rejonowy w Turku \u2013 Wydzia\u0142 Ksi\u0105g Wieczystych prowadzi Ksi\u0119g\u0119 Wieczyst\u0105 o nr: KW KN1T\/00041929\/6, na kt\u00f3rej b\u0119dzie prowadzona dzia\u0142alno\u015b\u0107 gospodarcza obj\u0119ta zezwoleniem.<\/span><\/li>\n<\/ul>\n<p style=\"margin: 0cm 0cm 4pt 9pt; text-align: justify;\"><span style=\"font-size: 10pt; font-family: 'Arial','sans-serif'; color: #000000;\">Oferowana nieruchomo\u015b\u0107, b\u0119d\u0105ca przedmiotem przetargu, stanowi w\u0142asno\u015b\u0107 Gminy Przykona i jest wolna od wszelkich obci\u0105\u017ce\u0144 i zobowi\u0105za\u0144 na rzecz os\u00f3b trzecich. <\/span><\/p>\n<p style=\"margin: 0cm 0cm 4pt 9pt; text-align: justify;\"><span style=\"font-size: 10pt; font-family: 'Arial','sans-serif'; color: #000000;\">Termin do z\u0142o\u017cenia wniosku przez osoby, kt\u00f3rym przys\u0142uguje pierwsze\u0144stwo w nabyciu nieruchomo\u015bci na podstawie art. 34 ust. 1, pkt 1 i 2 ustawy z dnia 21 sierpnia 1997 r. o gospodarce nieruchomo\u015bciami (Dz. U. z 2010 r. Nr 102, poz. 651 z po\u017an. zm.) min\u0105\u0142 22 lutego 2012 r.<\/span><\/p>\n<p style=\"margin: 0cm 0cm 4pt 9pt; text-align: justify;\"><span style=\"font-size: 10pt; font-family: 'Arial','sans-serif'; color: #000000;\">Nabywca zobowi\u0105\u017ce si\u0119 do obci\u0105\u017cenia przedmiotowej nieruchomo\u015bci bezterminow\u0105, nieodp\u0142atna s\u0142u\u017cebno\u015bci\u0105 przesy\u0142u dotycz\u0105c\u0105 istniej\u0105cej sieci wodoci\u0105gowej oraz dla sieci kanalizacyjnej, kt\u00f3r\u0105 Gmina zamierza wybudowa\u0107 zgodnie z dyspozycj\u0105 art. 305<sup>1<\/sup> Kodeksu cywilnego.<\/span><\/p>\n<p style=\"margin: 0cm 0cm 4pt 9pt; text-align: justify;\"><span style=\"font-size: 10pt; font-family: 'Arial','sans-serif'; color: #000000;\">Zgodnie z miejscowym planem zagospodarowania przestrzennego Gminy Przykona, nieruchomo\u015b\u0107 stanowi teren oznaczony symbolem \u2013 TAG \u2013 jako tereny podstawowe ustala si\u0119 tereny zabudowy zwi\u0105zane z dzia\u0142alno\u015bci\u0105 gospodarcz\u0105 i us\u0142ug o charakterze nieuci\u0105\u017cliwym b\u0105d\u017a o uci\u0105\u017cliwo\u015bci zamykaj\u0105cej si\u0119 w granicach w\u0142asnej lokalizacji. Jako przeznaczenie uzupe\u0142niaj\u0105ce dopuszcza si\u0119 lokalizacje budynku mieszkalnego dla inwestora.<\/span><\/p>\n<p style=\"margin: 0cm 0cm 4pt 9pt; text-align: justify;\"><span style=\"color: #000000;\"><span style=\"font-size: 10pt; font-family: 'Arial','sans-serif';\">Cena wywo\u0142awcza oferowanej nieruchomo\u015bci wynosi: <b>60.000,00 PLN netto <\/b><\/span><span style=\"font-size: 9.5pt; font-family: 'Arial','sans-serif';\">+ podatek VAT w wysoko\u015bci 23%.<\/span><\/span><\/p>\n<p style=\"margin: 0cm 0cm 4pt 9pt; text-align: justify;\"><span style=\"font-size: 10pt; font-family: 'Arial','sans-serif'; color: #000000;\">Wadium wynosi: <b>11.000,00 PLN<\/b>.<\/span><\/p>\n<p style=\"margin: 0cm 0cm 4pt 9pt; text-align: justify;\"><span style=\"font-size: 10pt; font-family: 'Arial','sans-serif'; color: #000000;\">Warunkiem przyst\u0105pienia do przetargu jest:<\/span><\/p>\n<p style=\"margin: 0cm 0cm 4pt 9pt; text-align: justify;\"><span style=\"font-size: 10pt; font-family: 'Arial','sans-serif'; color: #000000;\">1) <b>wykupienie <i>\u201eSpecyfikacji istotnych warunk\u00f3w przetargu\u201d<\/i><\/b> (cena: 20.000 z\u0142 + 23% VAT). Specyfikacj\u0119 istotnych warunk\u00f3w przetargu mo\u017cna naby\u0107 w siedzibie \u0141SSE S.A. codziennie opr\u00f3cz sob\u00f3t i niedziel w godz. od\u00a0 8.00 do 16.00, po dokonaniu zap\u0142aty ceny <b>na konto \u0141SSE S.A.: BRE BANK nr 97 1140 1108 0000 2030 2200 1001<\/b>. Szczeg\u00f3\u0142owe informacje na temat przetargu i tre\u015bci Specyfikacji udzielane s\u0105 w siedzibie \u0141SSE S.A. lub telefonicznie (0-42) 275 50 60, 275 50 72. <\/span><\/p>\n<p style=\"margin: 0cm 0cm 4pt 9pt; text-align: justify;\"><span style=\"font-size: 10pt; font-family: 'Arial','sans-serif'; color: #000000;\">2) <b>wniesienie<\/b> nie p\u00f3\u017aniej ni\u017c <b>do dnia 22 czerwca 2012 roku<\/b> <b>wadium<\/b> w pieni\u0105dzu (PLN) w wy\u017cej okre\u015blonej wysoko\u015bci <b>na konto Urz\u0119du Gminy Przykona w Banku Sp\u00f3\u0142dzielczym Konin Oddzia\u0142 Turek Filia Przykona na numer rachunku 75 8530 0000 1200 4964 2000 0002<\/b>. <\/span><\/p>\n<p style=\"margin: 0cm 0cm 4pt 9pt; text-align: justify;\"><span style=\"font-size: 10pt; font-family: 'Arial','sans-serif'; color: #000000;\">Wadium wp\u0142acone przez uczestnika, kt\u00f3ry przetarg wygra, zaliczone zostanie na poczet ceny nabycia nieruchomo\u015bci. Wadium ulega przepadkowi w razie uchylenia si\u0119 uczestnika, kt\u00f3ry przetarg wygra, od zawarcia umowy nabycia nieruchomo\u015bci od Gminy Przykona.<\/span><\/p>\n<p style=\"margin: 0cm 0cm 4pt 9pt; text-align: justify;\"><span style=\"color: #000000;\"><b><span style=\"font-size: 10pt; font-family: 'Arial','sans-serif';\">Oferty nale\u017cy sk\u0142ada\u0107 w siedzibie \u0141SSE S.A do dnia 22 czerwca 2012 roku do godz. 16.00. Ich otwarcie nast\u0105pi w dniu 27 czerwca 2012 roku w siedzibie \u0141SSE S.A. o godz. 12.00.<\/span><\/b><\/span><\/p>\n<p style=\"margin: 0cm 0cm 4pt 9pt; text-align: justify;\"><span style=\"font-size: 10pt; font-family: 'Arial','sans-serif'; color: #000000;\">Oferty podlegaj\u0105 ocenie w oparciu o kryteria okre\u015blone w \u201eSpecyfikacji istotnych warunk\u00f3w przetargu\u201d i rozporz\u0105dzeniu Ministra Gospodarki i Pracy z dnia 15 listopada 2004 r. w sprawie przetarg\u00f3w i rokowa\u0144 oraz kryteri\u00f3w oceny zamierze\u0144 co do przedsi\u0119wzi\u0119\u0107 gospodarczych, kt\u00f3re maj\u0105 by\u0107 podj\u0119te przez przedsi\u0119biorc\u00f3w na terenie \u0141\u00f3dzkiej Specjalnej Strefy Ekonomicznej (Dz. U. Nr 254, poz. 2544).<\/span><\/p>\n<p style=\"margin: 0cm 0cm 4pt 9pt; text-align: justify;\"><span style=\"color: #000000;\"><b><span style=\"font-size: 10pt; font-family: 'Arial','sans-serif';\">Przetarg wygra Oferent, kt\u00f3rego oferta otrzyma najwi\u0119ksz\u0105 ilo\u015b\u0107 punkt\u00f3w, nie mniej jednak ni\u017c 50 % wszystkich mo\u017cliwych do uzyskania punkt\u00f3w oraz zaoferuje cen\u0119 wy\u017csz\u0105 ni\u017c cena wywo\u0142awcza.<\/span><\/b><\/span><\/p>\n<p style=\"margin: 0cm 0cm 4pt 9pt; text-align: justify;\"><span style=\"font-size: 10pt; font-family: 'Arial','sans-serif'; color: #000000;\">\u0141\u00f3dzka Specjalna Strefa Ekonomiczna S.A. oraz Gmina Przykona zastrzegaj\u0105 sobie prawo odst\u0105pienia od przetargu, gdy wyst\u0105pi istotna zmiana okoliczno\u015bci powoduj\u0105ca, \u017ce prowadzenie post\u0119powania nie le\u017cy w interesie publicznym, czego nie mo\u017cna by\u0142o wcze\u015bniej przewidzie\u0107 lub gdy post\u0119powanie obarczone jest wad\u0105 uniemo\u017cliwiaj\u0105c\u0105 wydanie zezwolenia. O uniewa\u017cnieniu post\u0119powania \u0141SSE S.A. powiadomi pisemnie r\u00f3wnocze\u015bnie wszystkich oferent\u00f3w, podaj\u0105c uzasadnienie faktyczne i prawne. <\/span><\/p>\n<p style=\"margin: 0cm 0cm 4pt 9pt; text-align: justify;\"><span style=\"font-size: 10pt; font-family: 'Arial','sans-serif'; color: #000000;\">Tre\u015b\u0107 niniejszego og\u0142oszenia w j\u0119zyku angielskim dost\u0119pna jest na stronie internetowej \u0141SSE S.A.: <span style=\"text-decoration: underline;\"><a href=\"https:\/\/sse.lodz.pl\/przetargi\"><span style=\"color: #000000; text-decoration: underline;\">www.sse.lodz.pl\/przetargi<\/span><\/a><\/span> .<\/span><\/p>\n<p style=\"margin: 0cm 0cm 4pt 9pt; text-align: justify;\"><span style=\"font-size: 10pt; font-family: 'Arial','sans-serif'; color: #000000;\">The content of this advertisement in English is available on Lodz SEZ Joint Stock Co. website: <a href=\"https:\/\/sse.lodz.pl\/\"><span style=\"color: #000000;\">www.sse.lodz.pl<\/span><\/a> \u2013 in section tenders.<\/span><\/p>\n","protected":false},"featured_media":0,"template":"","bip_category":[22,21],"class_list":["post-373","bip","type-bip","status-publish","hentry","bip_category-ogloszone","bip_category-przetargi"],"translation":{"provider":"WPGlobus","version":"3.0.2","language":"en","enabled_languages":["pl","en"],"languages":{"pl":{"title":true,"content":true,"excerpt":false},"en":{"title":false,"content":false,"excerpt":false}}},"acf":[],"yoast_head":"<!-- This site is optimized with the Yoast SEO plugin v27.4 - https:\/\/yoast.com\/product\/yoast-seo-wordpress\/ -->\n<title>Przetarg \u0142\u0105czny pisemny - Przykona - \u0141\u00f3dzka Specjalna Strefa Ekonomiczna<\/title>\n<meta name=\"robots\" content=\"index, follow, max-snippet:-1, max-image-preview:large, max-video-preview:-1\" \/>\n<link rel=\"canonical\" href=\"https:\/\/sse.lodz.pl\/bip\/przetarg-laczny-pisemny-przykona\/\" \/>\n<meta property=\"og:locale\" content=\"en_US\" \/>\n<meta property=\"og:type\" content=\"article\" \/>\n<meta property=\"og:title\" content=\"Przetarg \u0142\u0105czny pisemny - Przykona - \u0141\u00f3dzka Specjalna Strefa Ekonomiczna\" \/>\n<meta property=\"og:url\" content=\"https:\/\/sse.lodz.pl\/bip\/przetarg-laczny-pisemny-przykona\/\" \/>\n<meta property=\"og:site_name\" content=\"\u0141\u00f3dzka Specjalna Strefa Ekonomiczna\" \/>\n<meta property=\"article:modified_time\" content=\"2023-03-14T17:26:13+00:00\" \/>\n<meta name=\"twitter:card\" content=\"summary_large_image\" \/>\n<meta name=\"twitter:label1\" content=\"Est. reading time\" \/>\n\t<meta name=\"twitter:data1\" content=\"4 minutes\" \/>\n<script type=\"application\/ld+json\" class=\"yoast-schema-graph\">{\"@context\":\"https:\\\/\\\/schema.org\",\"@graph\":[{\"@type\":\"WebPage\",\"@id\":\"https:\\\/\\\/sse.lodz.pl\\\/bip\\\/przetarg-laczny-pisemny-przykona\\\/\",\"url\":\"https:\\\/\\\/sse.lodz.pl\\\/bip\\\/przetarg-laczny-pisemny-przykona\\\/\",\"name\":\"Przetarg \u0142\u0105czny pisemny - Przykona - \u0141\u00f3dzka Specjalna Strefa Ekonomiczna\",\"isPartOf\":{\"@id\":\"https:\\\/\\\/sse.lodz.pl\\\/#website\"},\"datePublished\":\"2014-02-26T23:00:00+00:00\",\"dateModified\":\"2023-03-14T17:26:13+00:00\",\"breadcrumb\":{\"@id\":\"https:\\\/\\\/sse.lodz.pl\\\/bip\\\/przetarg-laczny-pisemny-przykona\\\/#breadcrumb\"},\"inLanguage\":\"en-US\",\"potentialAction\":[{\"@type\":\"ReadAction\",\"target\":[\"https:\\\/\\\/sse.lodz.pl\\\/bip\\\/przetarg-laczny-pisemny-przykona\\\/\"]}]},{\"@type\":\"BreadcrumbList\",\"@id\":\"https:\\\/\\\/sse.lodz.pl\\\/bip\\\/przetarg-laczny-pisemny-przykona\\\/#breadcrumb\",\"itemListElement\":[{\"@type\":\"ListItem\",\"position\":1,\"name\":\"Strona g\u0142\u00f3wna\",\"item\":\"https:\\\/\\\/sse.lodz.pl\\\/\"},{\"@type\":\"ListItem\",\"position\":2,\"name\":\"BIP\",\"item\":\"https:\\\/\\\/sse.lodz.pl\\\/bip\\\/\"},{\"@type\":\"ListItem\",\"position\":3,\"name\":\"Przetarg \u0142\u0105czny pisemny &#8211; Przykona\"}]},{\"@type\":\"WebSite\",\"@id\":\"https:\\\/\\\/sse.lodz.pl\\\/#website\",\"url\":\"https:\\\/\\\/sse.lodz.pl\\\/\",\"name\":\"\u0141\u00f3dzka Specjalna Strefa Ekonomiczna\",\"description\":\"\",\"potentialAction\":[{\"@type\":\"SearchAction\",\"target\":{\"@type\":\"EntryPoint\",\"urlTemplate\":\"https:\\\/\\\/sse.lodz.pl\\\/?s={search_term_string}\"},\"query-input\":{\"@type\":\"PropertyValueSpecification\",\"valueRequired\":true,\"valueName\":\"search_term_string\"}}],\"inLanguage\":\"en-US\"}]}<\/script>\n<!-- \/ Yoast SEO plugin. -->","yoast_head_json":{"title":"Przetarg \u0142\u0105czny pisemny - Przykona - \u0141\u00f3dzka Specjalna Strefa Ekonomiczna","robots":{"index":"index","follow":"follow","max-snippet":"max-snippet:-1","max-image-preview":"max-image-preview:large","max-video-preview":"max-video-preview:-1"},"canonical":"https:\/\/sse.lodz.pl\/bip\/przetarg-laczny-pisemny-przykona\/","og_locale":"en_US","og_type":"article","og_title":"Przetarg \u0142\u0105czny pisemny - Przykona - \u0141\u00f3dzka Specjalna Strefa Ekonomiczna","og_url":"https:\/\/sse.lodz.pl\/bip\/przetarg-laczny-pisemny-przykona\/","og_site_name":"\u0141\u00f3dzka Specjalna Strefa Ekonomiczna","article_modified_time":"2023-03-14T17:26:13+00:00","twitter_card":"summary_large_image","twitter_misc":{"Est. reading time":"4 minutes"},"schema":{"@context":"https:\/\/schema.org","@graph":[{"@type":"WebPage","@id":"https:\/\/sse.lodz.pl\/bip\/przetarg-laczny-pisemny-przykona\/","url":"https:\/\/sse.lodz.pl\/bip\/przetarg-laczny-pisemny-przykona\/","name":"Przetarg \u0142\u0105czny pisemny - Przykona - \u0141\u00f3dzka Specjalna Strefa Ekonomiczna","isPartOf":{"@id":"https:\/\/sse.lodz.pl\/#website"},"datePublished":"2014-02-26T23:00:00+00:00","dateModified":"2023-03-14T17:26:13+00:00","breadcrumb":{"@id":"https:\/\/sse.lodz.pl\/bip\/przetarg-laczny-pisemny-przykona\/#breadcrumb"},"inLanguage":"en-US","potentialAction":[{"@type":"ReadAction","target":["https:\/\/sse.lodz.pl\/bip\/przetarg-laczny-pisemny-przykona\/"]}]},{"@type":"BreadcrumbList","@id":"https:\/\/sse.lodz.pl\/bip\/przetarg-laczny-pisemny-przykona\/#breadcrumb","itemListElement":[{"@type":"ListItem","position":1,"name":"Strona g\u0142\u00f3wna","item":"https:\/\/sse.lodz.pl\/"},{"@type":"ListItem","position":2,"name":"BIP","item":"https:\/\/sse.lodz.pl\/bip\/"},{"@type":"ListItem","position":3,"name":"Przetarg \u0142\u0105czny pisemny &#8211; Przykona"}]},{"@type":"WebSite","@id":"https:\/\/sse.lodz.pl\/#website","url":"https:\/\/sse.lodz.pl\/","name":"\u0141\u00f3dzka Specjalna Strefa Ekonomiczna","description":"","potentialAction":[{"@type":"SearchAction","target":{"@type":"EntryPoint","urlTemplate":"https:\/\/sse.lodz.pl\/?s={search_term_string}"},"query-input":{"@type":"PropertyValueSpecification","valueRequired":true,"valueName":"search_term_string"}}],"inLanguage":"en-US"}]}},"_links":{"self":[{"href":"https:\/\/sse.lodz.pl\/en\/wp-json\/wp\/v2\/bip\/373","targetHints":{"allow":["GET"]}}],"collection":[{"href":"https:\/\/sse.lodz.pl\/en\/wp-json\/wp\/v2\/bip"}],"about":[{"href":"https:\/\/sse.lodz.pl\/en\/wp-json\/wp\/v2\/types\/bip"}],"wp:attachment":[{"href":"https:\/\/sse.lodz.pl\/en\/wp-json\/wp\/v2\/media?parent=373"}],"wp:term":[{"taxonomy":"bip_category","embeddable":true,"href":"https:\/\/sse.lodz.pl\/en\/wp-json\/wp\/v2\/bip_category?post=373"}],"curies":[{"name":"wp","href":"https:\/\/api.w.org\/{rel}","templated":true}]}}