{"id":574,"date":"2014-06-20T00:00:00","date_gmt":"2014-06-19T22:00:00","guid":{"rendered":"https:\/\/sse.lodz.pl\/bip\/informacja-o-wyniku-przetargu-lacznego-na-wylonienie-przedsiebiorcy-ktory-otrzyma-zezwolenie-na-dzialalnosc-w-lsse-podstrefa-koluszki-kompleks-1\/"},"modified":"2023-03-14T18:26:32","modified_gmt":"2023-03-14T17:26:32","slug":"informacja-o-wyniku-przetargu-lacznego-na-wylonienie-przedsiebiorcy-ktory-otrzyma-zezwolenie-na-dzialalnosc-w-lsse-podstrefa-koluszki-kompleks-1","status":"publish","type":"bip","link":"https:\/\/sse.lodz.pl\/en\/bip\/informacja-o-wyniku-przetargu-lacznego-na-wylonienie-przedsiebiorcy-ktory-otrzyma-zezwolenie-na-dzialalnosc-w-lsse-podstrefa-koluszki-kompleks-1\/","title":{"rendered":"Informacja o wyniku przetargu \u0142\u0105cznego na wy\u0142onienie przedsi\u0119biorcy, kt\u00f3ry otrzyma zezwolenie na dzia\u0142alno\u015b\u0107 w \u0141SSE, Podstrefa Koluszki, Kompleks 1"},"content":{"rendered":"<p style=\"text-align: justify;\">W dniu 16 czerwca 2014 roku rozstrzygni\u0119ty zosta\u0142 przetarg \u0142\u0105czny maj\u0105cy na celu wy\u0142onienie przedsi\u0119biorcy, kt\u00f3ry: uzyska zezwolenie na prowadzenie dzia\u0142alno\u015bci gospodarczej na terenie \u0141\u00f3dzkiej Specjalnej Strefy Ekonomicznej w Podstrefie Koluszki, Kompleks 1 oraz nab\u0119dzie niezabudowan\u0105 nieruchomo\u015b\u0107 gruntow\u0105 po\u0142o\u017con\u0105 na terenie \u0141\u00f3dzkiej Specjalnej Strefy Ekonomicznej w Koluszkach, przy ul. Nasiennej, oznaczon\u0105 jako dzia\u0142ka gruntu nr 152\/18, obr\u0119b geodezyjny 1, o pow. 1,2269 ha, dla kt\u00f3rej prowadzona jest ksi\u0119ga wieczysta nr LD1B\/00030338\/0 oraz jednocze\u015bnie nab\u0119dzie niezabudowan\u0105 nieruchomo\u015b\u0107 gruntow\u0105 po\u0142o\u017con\u0105 na terenie \u0141\u00f3dzkiej Specjalnej Strefy Ekonomicznej w Koluszkach, przy ul. Nasiennej, oznaczon\u0105 jako dzia\u0142ka gruntu\u00a0nr 152\/13, obr\u0119b geodezyjny 1, o pow. 5,1065 ha, dla kt\u00f3rej prowadzona jest ksi\u0119ga wieczysta\u00a0nr LD1B\/00032900\/5, na kt\u00f3rych prowadzona b\u0119dzie dzia\u0142alno\u015b\u0107 gospodarcza obj\u0119ta zezwoleniem.<\/p>\n<p style=\"text-align: justify;\">Ofert\u0119 do przetargu z\u0142o\u017cy\u0142a <strong>Sp\u00f3\u0142ka SuperDrob Zak\u0142ady Drobiarsko-Mi\u0119sne S.A.<\/strong> z siedzib\u0105 w Karczewie. Komisja rozstrzygn\u0119\u0142a przetarg pozytywnie i uzna\u0142a, \u017ce Przedsi\u0119biorca ten mo\u017ce uzyska\u0107 zezwolenie na dzia\u0142alno\u015b\u0107 w \u0141SSE.<\/p>\n<p style=\"text-align: justify;\"><strong>INWESTOR:\u00a0<\/strong><\/p>\n<p style=\"text-align: justify;\"><strong>SuperDrob Zak\u0142ady Drobiarsko-Mi\u0119sne S.A.<\/strong> jest du\u017c\u0105 nowoczesn\u0105 firm\u0105 z bran\u017cy drobiarsko-mi\u0119snej dzia\u0142aj\u0105cej na polskim rynku od 1993 r. Przedsi\u0119biorstwo posiada dwa zak\u0142ady produkcyjne \u2013w Karczewie i \u0141odzi, specjalizuj\u0105ce si\u0119 w uboju, dzieleniu oraz produkcji element\u00f3w i surowych element\u00f3w wyrob\u00f3w z mi\u0119sa drobiowego, a tak\u017ce w przetw\u00f3rstwie mi\u0119s drobiowych, wieprzowych\u00a0i wo\u0142owych oraz w przetw\u00f3rstwie typu Convenience Food.\u00a0<\/p>\n<p style=\"text-align: justify;\"><strong>INWESTYCJA:<\/strong><\/p>\n<p style=\"text-align: justify;\">Na terenie Strefy Sp\u00f3\u0142ka wybuduje kolejny nowoczesny zak\u0142ad przetw\u00f3rstwa i konserwowania mi\u0119sa z drobiu wraz z magazynami i rampami ekspedycyjnymi. W zwi\u0105zku z now\u0105 inwestycj\u0105 Sp\u00f3\u0142ka zamierza ponie\u015b\u0107 na terenie strefy &#8211; po dniu uzyskania zezwolenia &#8211; kwalifikowane wydatki inwestycyjne w wysoko\u015bci <strong>co najmniej 140.000.000,00 PLN w terminie do dnia 31 grudnia 2018 roku<\/strong> oraz zatrudni\u0107 na terenie Strefy po dniu uzyskania zezwolenia <strong>co najmniej 650 pracownik\u00f3w\u00a0w terminie do dnia 31 grudnia 2018 roku<\/strong> i utrzyma\u0107 zatrudnienie na tym poziomie do dnia 31 grudnia 2023 roku.<\/p>\n<p style=\"text-align: justify;\">\u00a0<\/p>\n","protected":false},"featured_media":0,"template":"","bip_category":[21,23],"class_list":["post-574","bip","type-bip","status-publish","hentry","bip_category-przetargi","bip_category-rozstrzygniete"],"translation":{"provider":"WPGlobus","version":"3.0.2","language":"en","enabled_languages":["pl","en"],"languages":{"pl":{"title":true,"content":true,"excerpt":false},"en":{"title":false,"content":false,"excerpt":false}}},"acf":[],"yoast_head":"<!-- This site is optimized with the Yoast SEO plugin v27.4 - https:\/\/yoast.com\/product\/yoast-seo-wordpress\/ -->\n<title>Informacja o wyniku przetargu \u0142\u0105cznego na wy\u0142onienie przedsi\u0119biorcy, kt\u00f3ry otrzyma zezwolenie na dzia\u0142alno\u015b\u0107 w \u0141SSE, Podstrefa Koluszki, Kompleks 1 - \u0141\u00f3dzka Specjalna Strefa Ekonomiczna<\/title>\n<meta name=\"robots\" content=\"index, follow, max-snippet:-1, max-image-preview:large, max-video-preview:-1\" \/>\n<link rel=\"canonical\" href=\"https:\/\/sse.lodz.pl\/bip\/informacja-o-wyniku-przetargu-lacznego-na-wylonienie-przedsiebiorcy-ktory-otrzyma-zezwolenie-na-dzialalnosc-w-lsse-podstrefa-koluszki-kompleks-1\/\" \/>\n<meta property=\"og:locale\" content=\"en_US\" \/>\n<meta property=\"og:type\" content=\"article\" \/>\n<meta property=\"og:title\" content=\"Informacja o wyniku przetargu \u0142\u0105cznego na wy\u0142onienie przedsi\u0119biorcy, kt\u00f3ry otrzyma zezwolenie na dzia\u0142alno\u015b\u0107 w \u0141SSE, Podstrefa Koluszki, Kompleks 1 - \u0141\u00f3dzka Specjalna Strefa Ekonomiczna\" \/>\n<meta property=\"og:url\" content=\"https:\/\/sse.lodz.pl\/bip\/informacja-o-wyniku-przetargu-lacznego-na-wylonienie-przedsiebiorcy-ktory-otrzyma-zezwolenie-na-dzialalnosc-w-lsse-podstrefa-koluszki-kompleks-1\/\" \/>\n<meta property=\"og:site_name\" content=\"\u0141\u00f3dzka Specjalna Strefa Ekonomiczna\" \/>\n<meta property=\"article:modified_time\" content=\"2023-03-14T17:26:32+00:00\" \/>\n<meta name=\"twitter:card\" content=\"summary_large_image\" \/>\n<meta name=\"twitter:label1\" content=\"Est. reading time\" \/>\n\t<meta name=\"twitter:data1\" content=\"2 minutes\" \/>\n<script type=\"application\/ld+json\" class=\"yoast-schema-graph\">{\"@context\":\"https:\\\/\\\/schema.org\",\"@graph\":[{\"@type\":\"WebPage\",\"@id\":\"https:\\\/\\\/sse.lodz.pl\\\/bip\\\/informacja-o-wyniku-przetargu-lacznego-na-wylonienie-przedsiebiorcy-ktory-otrzyma-zezwolenie-na-dzialalnosc-w-lsse-podstrefa-koluszki-kompleks-1\\\/\",\"url\":\"https:\\\/\\\/sse.lodz.pl\\\/bip\\\/informacja-o-wyniku-przetargu-lacznego-na-wylonienie-przedsiebiorcy-ktory-otrzyma-zezwolenie-na-dzialalnosc-w-lsse-podstrefa-koluszki-kompleks-1\\\/\",\"name\":\"Informacja o wyniku przetargu \u0142\u0105cznego na wy\u0142onienie przedsi\u0119biorcy, kt\u00f3ry otrzyma zezwolenie na dzia\u0142alno\u015b\u0107 w \u0141SSE, Podstrefa Koluszki, Kompleks 1 - \u0141\u00f3dzka Specjalna Strefa Ekonomiczna\",\"isPartOf\":{\"@id\":\"https:\\\/\\\/sse.lodz.pl\\\/#website\"},\"datePublished\":\"2014-06-19T22:00:00+00:00\",\"dateModified\":\"2023-03-14T17:26:32+00:00\",\"breadcrumb\":{\"@id\":\"https:\\\/\\\/sse.lodz.pl\\\/bip\\\/informacja-o-wyniku-przetargu-lacznego-na-wylonienie-przedsiebiorcy-ktory-otrzyma-zezwolenie-na-dzialalnosc-w-lsse-podstrefa-koluszki-kompleks-1\\\/#breadcrumb\"},\"inLanguage\":\"en-US\",\"potentialAction\":[{\"@type\":\"ReadAction\",\"target\":[\"https:\\\/\\\/sse.lodz.pl\\\/bip\\\/informacja-o-wyniku-przetargu-lacznego-na-wylonienie-przedsiebiorcy-ktory-otrzyma-zezwolenie-na-dzialalnosc-w-lsse-podstrefa-koluszki-kompleks-1\\\/\"]}]},{\"@type\":\"BreadcrumbList\",\"@id\":\"https:\\\/\\\/sse.lodz.pl\\\/bip\\\/informacja-o-wyniku-przetargu-lacznego-na-wylonienie-przedsiebiorcy-ktory-otrzyma-zezwolenie-na-dzialalnosc-w-lsse-podstrefa-koluszki-kompleks-1\\\/#breadcrumb\",\"itemListElement\":[{\"@type\":\"ListItem\",\"position\":1,\"name\":\"Strona g\u0142\u00f3wna\",\"item\":\"https:\\\/\\\/sse.lodz.pl\\\/\"},{\"@type\":\"ListItem\",\"position\":2,\"name\":\"BIP\",\"item\":\"https:\\\/\\\/sse.lodz.pl\\\/bip\\\/\"},{\"@type\":\"ListItem\",\"position\":3,\"name\":\"Informacja o wyniku przetargu \u0142\u0105cznego na wy\u0142onienie przedsi\u0119biorcy, kt\u00f3ry otrzyma zezwolenie na dzia\u0142alno\u015b\u0107 w \u0141SSE, Podstrefa Koluszki, Kompleks 1\"}]},{\"@type\":\"WebSite\",\"@id\":\"https:\\\/\\\/sse.lodz.pl\\\/#website\",\"url\":\"https:\\\/\\\/sse.lodz.pl\\\/\",\"name\":\"\u0141\u00f3dzka Specjalna Strefa Ekonomiczna\",\"description\":\"\",\"potentialAction\":[{\"@type\":\"SearchAction\",\"target\":{\"@type\":\"EntryPoint\",\"urlTemplate\":\"https:\\\/\\\/sse.lodz.pl\\\/?s={search_term_string}\"},\"query-input\":{\"@type\":\"PropertyValueSpecification\",\"valueRequired\":true,\"valueName\":\"search_term_string\"}}],\"inLanguage\":\"en-US\"}]}<\/script>\n<!-- \/ Yoast SEO plugin. -->","yoast_head_json":{"title":"Informacja o wyniku przetargu \u0142\u0105cznego na wy\u0142onienie przedsi\u0119biorcy, kt\u00f3ry otrzyma zezwolenie na dzia\u0142alno\u015b\u0107 w \u0141SSE, Podstrefa Koluszki, Kompleks 1 - \u0141\u00f3dzka Specjalna Strefa Ekonomiczna","robots":{"index":"index","follow":"follow","max-snippet":"max-snippet:-1","max-image-preview":"max-image-preview:large","max-video-preview":"max-video-preview:-1"},"canonical":"https:\/\/sse.lodz.pl\/bip\/informacja-o-wyniku-przetargu-lacznego-na-wylonienie-przedsiebiorcy-ktory-otrzyma-zezwolenie-na-dzialalnosc-w-lsse-podstrefa-koluszki-kompleks-1\/","og_locale":"en_US","og_type":"article","og_title":"Informacja o wyniku przetargu \u0142\u0105cznego na wy\u0142onienie przedsi\u0119biorcy, kt\u00f3ry otrzyma zezwolenie na dzia\u0142alno\u015b\u0107 w \u0141SSE, Podstrefa Koluszki, Kompleks 1 - \u0141\u00f3dzka Specjalna Strefa Ekonomiczna","og_url":"https:\/\/sse.lodz.pl\/bip\/informacja-o-wyniku-przetargu-lacznego-na-wylonienie-przedsiebiorcy-ktory-otrzyma-zezwolenie-na-dzialalnosc-w-lsse-podstrefa-koluszki-kompleks-1\/","og_site_name":"\u0141\u00f3dzka Specjalna Strefa Ekonomiczna","article_modified_time":"2023-03-14T17:26:32+00:00","twitter_card":"summary_large_image","twitter_misc":{"Est. reading time":"2 minutes"},"schema":{"@context":"https:\/\/schema.org","@graph":[{"@type":"WebPage","@id":"https:\/\/sse.lodz.pl\/bip\/informacja-o-wyniku-przetargu-lacznego-na-wylonienie-przedsiebiorcy-ktory-otrzyma-zezwolenie-na-dzialalnosc-w-lsse-podstrefa-koluszki-kompleks-1\/","url":"https:\/\/sse.lodz.pl\/bip\/informacja-o-wyniku-przetargu-lacznego-na-wylonienie-przedsiebiorcy-ktory-otrzyma-zezwolenie-na-dzialalnosc-w-lsse-podstrefa-koluszki-kompleks-1\/","name":"Informacja o wyniku przetargu \u0142\u0105cznego na wy\u0142onienie przedsi\u0119biorcy, kt\u00f3ry otrzyma zezwolenie na dzia\u0142alno\u015b\u0107 w \u0141SSE, Podstrefa Koluszki, Kompleks 1 - \u0141\u00f3dzka Specjalna Strefa Ekonomiczna","isPartOf":{"@id":"https:\/\/sse.lodz.pl\/#website"},"datePublished":"2014-06-19T22:00:00+00:00","dateModified":"2023-03-14T17:26:32+00:00","breadcrumb":{"@id":"https:\/\/sse.lodz.pl\/bip\/informacja-o-wyniku-przetargu-lacznego-na-wylonienie-przedsiebiorcy-ktory-otrzyma-zezwolenie-na-dzialalnosc-w-lsse-podstrefa-koluszki-kompleks-1\/#breadcrumb"},"inLanguage":"en-US","potentialAction":[{"@type":"ReadAction","target":["https:\/\/sse.lodz.pl\/bip\/informacja-o-wyniku-przetargu-lacznego-na-wylonienie-przedsiebiorcy-ktory-otrzyma-zezwolenie-na-dzialalnosc-w-lsse-podstrefa-koluszki-kompleks-1\/"]}]},{"@type":"BreadcrumbList","@id":"https:\/\/sse.lodz.pl\/bip\/informacja-o-wyniku-przetargu-lacznego-na-wylonienie-przedsiebiorcy-ktory-otrzyma-zezwolenie-na-dzialalnosc-w-lsse-podstrefa-koluszki-kompleks-1\/#breadcrumb","itemListElement":[{"@type":"ListItem","position":1,"name":"Strona g\u0142\u00f3wna","item":"https:\/\/sse.lodz.pl\/"},{"@type":"ListItem","position":2,"name":"BIP","item":"https:\/\/sse.lodz.pl\/bip\/"},{"@type":"ListItem","position":3,"name":"Informacja o wyniku przetargu \u0142\u0105cznego na wy\u0142onienie przedsi\u0119biorcy, kt\u00f3ry otrzyma zezwolenie na dzia\u0142alno\u015b\u0107 w \u0141SSE, Podstrefa Koluszki, Kompleks 1"}]},{"@type":"WebSite","@id":"https:\/\/sse.lodz.pl\/#website","url":"https:\/\/sse.lodz.pl\/","name":"\u0141\u00f3dzka Specjalna Strefa Ekonomiczna","description":"","potentialAction":[{"@type":"SearchAction","target":{"@type":"EntryPoint","urlTemplate":"https:\/\/sse.lodz.pl\/?s={search_term_string}"},"query-input":{"@type":"PropertyValueSpecification","valueRequired":true,"valueName":"search_term_string"}}],"inLanguage":"en-US"}]}},"_links":{"self":[{"href":"https:\/\/sse.lodz.pl\/en\/wp-json\/wp\/v2\/bip\/574","targetHints":{"allow":["GET"]}}],"collection":[{"href":"https:\/\/sse.lodz.pl\/en\/wp-json\/wp\/v2\/bip"}],"about":[{"href":"https:\/\/sse.lodz.pl\/en\/wp-json\/wp\/v2\/types\/bip"}],"wp:attachment":[{"href":"https:\/\/sse.lodz.pl\/en\/wp-json\/wp\/v2\/media?parent=574"}],"wp:term":[{"taxonomy":"bip_category","embeddable":true,"href":"https:\/\/sse.lodz.pl\/en\/wp-json\/wp\/v2\/bip_category?post=574"}],"curies":[{"name":"wp","href":"https:\/\/api.w.org\/{rel}","templated":true}]}}