{"id":582,"date":"2014-06-27T00:00:00","date_gmt":"2014-06-26T22:00:00","guid":{"rendered":"https:\/\/sse.lodz.pl\/bip\/informacja-o-wynikach-rokowan-majacych-na-celu-wylonienie-przedsiebiorcy-ktory-otrzyma-zezwolenie-na-dzialalnosc-w-lsse-podstrefa-lodz-kompleks-5-obszar-2\/"},"modified":"2023-03-14T18:26:32","modified_gmt":"2023-03-14T17:26:32","slug":"informacja-o-wynikach-rokowan-majacych-na-celu-wylonienie-przedsiebiorcy-ktory-otrzyma-zezwolenie-na-dzialalnosc-w-lsse-podstrefa-lodz-kompleks-5-obszar-2","status":"publish","type":"bip","link":"https:\/\/sse.lodz.pl\/en\/bip\/informacja-o-wynikach-rokowan-majacych-na-celu-wylonienie-przedsiebiorcy-ktory-otrzyma-zezwolenie-na-dzialalnosc-w-lsse-podstrefa-lodz-kompleks-5-obszar-2\/","title":{"rendered":"INFORMACJA  o wynikach rokowa\u0144 maj\u0105cych na celu wy\u0142onienie przedsi\u0119biorcy, kt\u00f3ry otrzyma zezwolenie na dzia\u0142alno\u015b\u0107 w \u0141SSE Podstrefa \u0141\u00f3d\u017a, Kompleks 5, Obszar 2"},"content":{"rendered":"<p style=\"text-align: justify;\"><span style=\"line-height: 1.3em;\">W dniu 17 czerwca 2014 roku zosta\u0142y zako\u0144czone rokowania maj\u0105ce na celu wy\u0142onienie przedsi\u0119biorcy, kt\u00f3ry uzyska zezwolenie na prowadzenie dzia\u0142alno\u015bci gospodarczej na terenie \u0141\u00f3dzkiej Specjalnej Strefy Ekonomicznej w Podstrefie \u0141\u00f3d\u017a, Kompleks 5, Obszar 2.<\/span><\/p>\n<p style=\"text-align: justify;\">Ofert\u0119 do rokowa\u0144 z\u0142o\u017cy\u0142a Sp\u00f3\u0142ka <strong>Drahtzug Stein \u0141\u00f3d\u017a Sp. z o.o.<\/strong> z siedzib\u0105 w \u0141odzi. Komisja rozstrzygn\u0119\u0142a rokowania pozytywnie i uzna\u0142a, \u017ce Przedsi\u0119biorca ten mo\u017ce uzyska\u0107 zezwolenie na dzia\u0142alno\u015b\u0107 w \u0141SSE.<\/p>\n<p style=\"text-align: justify;\"><strong>INWESTOR:\u00a0<\/strong><\/p>\n<p style=\"text-align: justify;\">Jest to ju\u017c trzecia inwestycja Sp\u00f3\u0142ki Drahtzug Stein \u0141\u00f3d\u017a w \u0141SSE.<\/p>\n<p style=\"text-align: justify;\">Sp\u00f3\u0142ka Drahtzug Stein \u0141\u00f3d\u017a Sp. z o.o. rozpocz\u0119\u0142a dzia\u0142alno\u015b\u0107 w 2005 roku. Nale\u017cy ona do niemieckiej Grupy Drahtzug Stein Holding. Sp\u00f3\u0142ka zajmuje si\u0119 produkcj\u0105 element\u00f3w wyposa\u017cenia sprz\u0119tu AGD np. koszy do zmywarek, ruszt\u00f3w do piekarnik\u00f3w, p\u00f3\u0142ek do lod\u00f3wek i zamra\u017carek czy element\u00f3w b\u0119bn\u00f3w do pralek. \u00a0<\/p>\n<p style=\"text-align: justify;\"><strong>INWESTYCJA:<\/strong><\/p>\n<p style=\"text-align: justify;\">Planowane przedsi\u0119wzi\u0119cie polega na rozwini\u0119ciu dotychczasowej produkcji poprzez rozbudow\u0119 i doposa\u017cenie parku maszynowego oraz zak\u0142adu produkcyjnego Sp\u00f3\u0142ki a tak\u017ce rozbudow\u0119 budynku magazynowego. W ramach inwestycji zostanie uruchomiona druga linia do produkcji kosza dolnego do zmywarek. \u00a0 \u00a0\u00a0<\/p>\n<p style=\"text-align: justify;\">W zwi\u0105zku z now\u0105 inwestycj\u0105 Sp\u00f3\u0142ka zamierza ponie\u015b\u0107 na terenie strefy &#8211; po dniu uzyskania zezwolenia &#8211; kwalifikowane wydatki inwestycyjne w wysoko\u015bci co najmniej 828.400,00 PLN\u00a0w terminie do dnia 31 grudnia 2016 roku oraz zwi\u0119kszy\u0107 dotychczasowe zatrudnienie na terenie Strefy kszta\u0142tuj\u0105ce si\u0119 na poziomie 378 os\u00f3b, poprzez zatrudnienie przy prowadzeniu dzia\u0142alno\u015bci na terenie Strefy, po dniu uzyskania zezwolenia, co najmniej 14 nowych pracownik\u00f3w w terminie do dnia 31 grudnia 2016 r. oraz utrzyma\u0107 zatrudnienia na poziomie \u0142\u0105cznie co najmniej 392 pracownik\u00f3w przez okres co najmniej 5 lata.<\/p>\n<p style=\"text-align: justify;\">\u00a0<\/p>\n","protected":false},"featured_media":0,"template":"","bip_category":[21,23],"class_list":["post-582","bip","type-bip","status-publish","hentry","bip_category-przetargi","bip_category-rozstrzygniete"],"translation":{"provider":"WPGlobus","version":"3.0.2","language":"en","enabled_languages":["pl","en"],"languages":{"pl":{"title":true,"content":true,"excerpt":false},"en":{"title":false,"content":false,"excerpt":false}}},"acf":[],"yoast_head":"<!-- This site is optimized with the Yoast SEO plugin v27.4 - https:\/\/yoast.com\/product\/yoast-seo-wordpress\/ -->\n<title>INFORMACJA o wynikach rokowa\u0144 maj\u0105cych na celu wy\u0142onienie przedsi\u0119biorcy, kt\u00f3ry otrzyma zezwolenie na dzia\u0142alno\u015b\u0107 w \u0141SSE Podstrefa \u0141\u00f3d\u017a, Kompleks 5, Obszar 2 - \u0141\u00f3dzka Specjalna Strefa Ekonomiczna<\/title>\n<meta name=\"robots\" content=\"index, follow, max-snippet:-1, max-image-preview:large, max-video-preview:-1\" \/>\n<link rel=\"canonical\" href=\"https:\/\/sse.lodz.pl\/bip\/informacja-o-wynikach-rokowan-majacych-na-celu-wylonienie-przedsiebiorcy-ktory-otrzyma-zezwolenie-na-dzialalnosc-w-lsse-podstrefa-lodz-kompleks-5-obszar-2\/\" \/>\n<meta property=\"og:locale\" content=\"en_US\" \/>\n<meta property=\"og:type\" content=\"article\" \/>\n<meta property=\"og:title\" content=\"INFORMACJA o wynikach rokowa\u0144 maj\u0105cych na celu wy\u0142onienie przedsi\u0119biorcy, kt\u00f3ry otrzyma zezwolenie na dzia\u0142alno\u015b\u0107 w \u0141SSE Podstrefa \u0141\u00f3d\u017a, Kompleks 5, Obszar 2 - \u0141\u00f3dzka Specjalna Strefa Ekonomiczna\" \/>\n<meta property=\"og:url\" content=\"https:\/\/sse.lodz.pl\/bip\/informacja-o-wynikach-rokowan-majacych-na-celu-wylonienie-przedsiebiorcy-ktory-otrzyma-zezwolenie-na-dzialalnosc-w-lsse-podstrefa-lodz-kompleks-5-obszar-2\/\" \/>\n<meta property=\"og:site_name\" content=\"\u0141\u00f3dzka Specjalna Strefa Ekonomiczna\" \/>\n<meta property=\"article:modified_time\" content=\"2023-03-14T17:26:32+00:00\" \/>\n<meta name=\"twitter:card\" content=\"summary_large_image\" \/>\n<meta name=\"twitter:label1\" content=\"Est. reading time\" \/>\n\t<meta name=\"twitter:data1\" content=\"1 minute\" \/>\n<script type=\"application\/ld+json\" class=\"yoast-schema-graph\">{\"@context\":\"https:\\\/\\\/schema.org\",\"@graph\":[{\"@type\":\"WebPage\",\"@id\":\"https:\\\/\\\/sse.lodz.pl\\\/bip\\\/informacja-o-wynikach-rokowan-majacych-na-celu-wylonienie-przedsiebiorcy-ktory-otrzyma-zezwolenie-na-dzialalnosc-w-lsse-podstrefa-lodz-kompleks-5-obszar-2\\\/\",\"url\":\"https:\\\/\\\/sse.lodz.pl\\\/bip\\\/informacja-o-wynikach-rokowan-majacych-na-celu-wylonienie-przedsiebiorcy-ktory-otrzyma-zezwolenie-na-dzialalnosc-w-lsse-podstrefa-lodz-kompleks-5-obszar-2\\\/\",\"name\":\"INFORMACJA o wynikach rokowa\u0144 maj\u0105cych na celu wy\u0142onienie przedsi\u0119biorcy, kt\u00f3ry otrzyma zezwolenie na dzia\u0142alno\u015b\u0107 w \u0141SSE Podstrefa \u0141\u00f3d\u017a, Kompleks 5, Obszar 2 - \u0141\u00f3dzka Specjalna Strefa Ekonomiczna\",\"isPartOf\":{\"@id\":\"https:\\\/\\\/sse.lodz.pl\\\/#website\"},\"datePublished\":\"2014-06-26T22:00:00+00:00\",\"dateModified\":\"2023-03-14T17:26:32+00:00\",\"breadcrumb\":{\"@id\":\"https:\\\/\\\/sse.lodz.pl\\\/bip\\\/informacja-o-wynikach-rokowan-majacych-na-celu-wylonienie-przedsiebiorcy-ktory-otrzyma-zezwolenie-na-dzialalnosc-w-lsse-podstrefa-lodz-kompleks-5-obszar-2\\\/#breadcrumb\"},\"inLanguage\":\"en-US\",\"potentialAction\":[{\"@type\":\"ReadAction\",\"target\":[\"https:\\\/\\\/sse.lodz.pl\\\/bip\\\/informacja-o-wynikach-rokowan-majacych-na-celu-wylonienie-przedsiebiorcy-ktory-otrzyma-zezwolenie-na-dzialalnosc-w-lsse-podstrefa-lodz-kompleks-5-obszar-2\\\/\"]}]},{\"@type\":\"BreadcrumbList\",\"@id\":\"https:\\\/\\\/sse.lodz.pl\\\/bip\\\/informacja-o-wynikach-rokowan-majacych-na-celu-wylonienie-przedsiebiorcy-ktory-otrzyma-zezwolenie-na-dzialalnosc-w-lsse-podstrefa-lodz-kompleks-5-obszar-2\\\/#breadcrumb\",\"itemListElement\":[{\"@type\":\"ListItem\",\"position\":1,\"name\":\"Strona g\u0142\u00f3wna\",\"item\":\"https:\\\/\\\/sse.lodz.pl\\\/\"},{\"@type\":\"ListItem\",\"position\":2,\"name\":\"BIP\",\"item\":\"https:\\\/\\\/sse.lodz.pl\\\/bip\\\/\"},{\"@type\":\"ListItem\",\"position\":3,\"name\":\"INFORMACJA o wynikach rokowa\u0144 maj\u0105cych na celu wy\u0142onienie przedsi\u0119biorcy, kt\u00f3ry otrzyma zezwolenie na dzia\u0142alno\u015b\u0107 w \u0141SSE Podstrefa \u0141\u00f3d\u017a, Kompleks 5, Obszar 2\"}]},{\"@type\":\"WebSite\",\"@id\":\"https:\\\/\\\/sse.lodz.pl\\\/#website\",\"url\":\"https:\\\/\\\/sse.lodz.pl\\\/\",\"name\":\"\u0141\u00f3dzka Specjalna Strefa Ekonomiczna\",\"description\":\"\",\"potentialAction\":[{\"@type\":\"SearchAction\",\"target\":{\"@type\":\"EntryPoint\",\"urlTemplate\":\"https:\\\/\\\/sse.lodz.pl\\\/?s={search_term_string}\"},\"query-input\":{\"@type\":\"PropertyValueSpecification\",\"valueRequired\":true,\"valueName\":\"search_term_string\"}}],\"inLanguage\":\"en-US\"}]}<\/script>\n<!-- \/ Yoast SEO plugin. -->","yoast_head_json":{"title":"INFORMACJA o wynikach rokowa\u0144 maj\u0105cych na celu wy\u0142onienie przedsi\u0119biorcy, kt\u00f3ry otrzyma zezwolenie na dzia\u0142alno\u015b\u0107 w \u0141SSE Podstrefa \u0141\u00f3d\u017a, Kompleks 5, Obszar 2 - \u0141\u00f3dzka Specjalna Strefa Ekonomiczna","robots":{"index":"index","follow":"follow","max-snippet":"max-snippet:-1","max-image-preview":"max-image-preview:large","max-video-preview":"max-video-preview:-1"},"canonical":"https:\/\/sse.lodz.pl\/bip\/informacja-o-wynikach-rokowan-majacych-na-celu-wylonienie-przedsiebiorcy-ktory-otrzyma-zezwolenie-na-dzialalnosc-w-lsse-podstrefa-lodz-kompleks-5-obszar-2\/","og_locale":"en_US","og_type":"article","og_title":"INFORMACJA o wynikach rokowa\u0144 maj\u0105cych na celu wy\u0142onienie przedsi\u0119biorcy, kt\u00f3ry otrzyma zezwolenie na dzia\u0142alno\u015b\u0107 w \u0141SSE Podstrefa \u0141\u00f3d\u017a, Kompleks 5, Obszar 2 - \u0141\u00f3dzka Specjalna Strefa Ekonomiczna","og_url":"https:\/\/sse.lodz.pl\/bip\/informacja-o-wynikach-rokowan-majacych-na-celu-wylonienie-przedsiebiorcy-ktory-otrzyma-zezwolenie-na-dzialalnosc-w-lsse-podstrefa-lodz-kompleks-5-obszar-2\/","og_site_name":"\u0141\u00f3dzka Specjalna Strefa Ekonomiczna","article_modified_time":"2023-03-14T17:26:32+00:00","twitter_card":"summary_large_image","twitter_misc":{"Est. reading time":"1 minute"},"schema":{"@context":"https:\/\/schema.org","@graph":[{"@type":"WebPage","@id":"https:\/\/sse.lodz.pl\/bip\/informacja-o-wynikach-rokowan-majacych-na-celu-wylonienie-przedsiebiorcy-ktory-otrzyma-zezwolenie-na-dzialalnosc-w-lsse-podstrefa-lodz-kompleks-5-obszar-2\/","url":"https:\/\/sse.lodz.pl\/bip\/informacja-o-wynikach-rokowan-majacych-na-celu-wylonienie-przedsiebiorcy-ktory-otrzyma-zezwolenie-na-dzialalnosc-w-lsse-podstrefa-lodz-kompleks-5-obszar-2\/","name":"INFORMACJA o wynikach rokowa\u0144 maj\u0105cych na celu wy\u0142onienie przedsi\u0119biorcy, kt\u00f3ry otrzyma zezwolenie na dzia\u0142alno\u015b\u0107 w \u0141SSE Podstrefa \u0141\u00f3d\u017a, Kompleks 5, Obszar 2 - \u0141\u00f3dzka Specjalna Strefa Ekonomiczna","isPartOf":{"@id":"https:\/\/sse.lodz.pl\/#website"},"datePublished":"2014-06-26T22:00:00+00:00","dateModified":"2023-03-14T17:26:32+00:00","breadcrumb":{"@id":"https:\/\/sse.lodz.pl\/bip\/informacja-o-wynikach-rokowan-majacych-na-celu-wylonienie-przedsiebiorcy-ktory-otrzyma-zezwolenie-na-dzialalnosc-w-lsse-podstrefa-lodz-kompleks-5-obszar-2\/#breadcrumb"},"inLanguage":"en-US","potentialAction":[{"@type":"ReadAction","target":["https:\/\/sse.lodz.pl\/bip\/informacja-o-wynikach-rokowan-majacych-na-celu-wylonienie-przedsiebiorcy-ktory-otrzyma-zezwolenie-na-dzialalnosc-w-lsse-podstrefa-lodz-kompleks-5-obszar-2\/"]}]},{"@type":"BreadcrumbList","@id":"https:\/\/sse.lodz.pl\/bip\/informacja-o-wynikach-rokowan-majacych-na-celu-wylonienie-przedsiebiorcy-ktory-otrzyma-zezwolenie-na-dzialalnosc-w-lsse-podstrefa-lodz-kompleks-5-obszar-2\/#breadcrumb","itemListElement":[{"@type":"ListItem","position":1,"name":"Strona g\u0142\u00f3wna","item":"https:\/\/sse.lodz.pl\/"},{"@type":"ListItem","position":2,"name":"BIP","item":"https:\/\/sse.lodz.pl\/bip\/"},{"@type":"ListItem","position":3,"name":"INFORMACJA o wynikach rokowa\u0144 maj\u0105cych na celu wy\u0142onienie przedsi\u0119biorcy, kt\u00f3ry otrzyma zezwolenie na dzia\u0142alno\u015b\u0107 w \u0141SSE Podstrefa \u0141\u00f3d\u017a, Kompleks 5, Obszar 2"}]},{"@type":"WebSite","@id":"https:\/\/sse.lodz.pl\/#website","url":"https:\/\/sse.lodz.pl\/","name":"\u0141\u00f3dzka Specjalna Strefa Ekonomiczna","description":"","potentialAction":[{"@type":"SearchAction","target":{"@type":"EntryPoint","urlTemplate":"https:\/\/sse.lodz.pl\/?s={search_term_string}"},"query-input":{"@type":"PropertyValueSpecification","valueRequired":true,"valueName":"search_term_string"}}],"inLanguage":"en-US"}]}},"_links":{"self":[{"href":"https:\/\/sse.lodz.pl\/en\/wp-json\/wp\/v2\/bip\/582","targetHints":{"allow":["GET"]}}],"collection":[{"href":"https:\/\/sse.lodz.pl\/en\/wp-json\/wp\/v2\/bip"}],"about":[{"href":"https:\/\/sse.lodz.pl\/en\/wp-json\/wp\/v2\/types\/bip"}],"wp:attachment":[{"href":"https:\/\/sse.lodz.pl\/en\/wp-json\/wp\/v2\/media?parent=582"}],"wp:term":[{"taxonomy":"bip_category","embeddable":true,"href":"https:\/\/sse.lodz.pl\/en\/wp-json\/wp\/v2\/bip_category?post=582"}],"curies":[{"name":"wp","href":"https:\/\/api.w.org\/{rel}","templated":true}]}}