{"id":584,"date":"2014-07-01T00:00:00","date_gmt":"2014-06-30T22:00:00","guid":{"rendered":"https:\/\/sse.lodz.pl\/bip\/informacja-o-wynikach-rokowan-majacych-na-celu-wylonienie-przedsiebiorcy-ktory-otrzyma-zezwolenie-na-dzialalnosc-w-lsse-podstrefa-leczyca-kompleks-1\/"},"modified":"2023-03-14T18:26:33","modified_gmt":"2023-03-14T17:26:33","slug":"informacja-o-wynikach-rokowan-majacych-na-celu-wylonienie-przedsiebiorcy-ktory-otrzyma-zezwolenie-na-dzialalnosc-w-lsse-podstrefa-leczyca-kompleks-1","status":"publish","type":"bip","link":"https:\/\/sse.lodz.pl\/en\/bip\/informacja-o-wynikach-rokowan-majacych-na-celu-wylonienie-przedsiebiorcy-ktory-otrzyma-zezwolenie-na-dzialalnosc-w-lsse-podstrefa-leczyca-kompleks-1\/","title":{"rendered":"INFORMACJA o wynikach rokowa\u0144 maj\u0105cych na celu wy\u0142onienie przedsi\u0119biorcy, kt\u00f3ry otrzyma zezwolenie na dzia\u0142alno\u015b\u0107 w \u0141SSE Podstrefa \u0141\u0119czyca, Kompleks 1"},"content":{"rendered":"<p style=\"text-align: justify;\"><span style=\"line-height: 1.3em;\">W dniu 13 czerwca 2014 roku zosta\u0142y zako\u0144czone rokowania maj\u0105ce na celu wy\u0142onienie przedsi\u0119biorcy, kt\u00f3ry uzyska zezwolenie na prowadzenie dzia\u0142alno\u015bci gospodarczej na terenie \u0141\u00f3dzkiej Specjalnej Strefy Ekonomicznej w Podstrefie \u0141\u0119czyca, Kompleks 1.<\/span><\/p>\n<p style=\"text-align: justify;\">Trzy odr\u0119bne oferty do rokowa\u0144 z\u0142o\u017cy\u0142a Sp\u00f3\u0142ka HTL-STREFA S.A. z siedzib\u0105 w Ozorkowie. Komisja rozstrzygn\u0119\u0142a rokowania pozytywnie i uzna\u0142a, \u017ce Przedsi\u0119biorca ten mo\u017ce uzyska\u0107 3 odr\u0119bne zezwolenia na dzia\u0142alno\u015b\u0107 w \u0141SSE.<\/p>\n<p style=\"text-align: justify;\"><strong>INWESTOR:\u00a0<\/strong><\/p>\n<p style=\"text-align: justify;\">\u0141\u0105cznie Sp\u00f3\u0142ka \u00a0<strong>HTL-Strefa S.A.<\/strong> \u00a0posiada siedem zezwole\u0144 na prowadzenie dzia\u0142alno\u015bci gospodarczej \u00a0na terenie \u0141SSE.<\/p>\n<p style=\"text-align: justify;\">Firma HTL-Strefa Sp\u00f3\u0142ka Akcyjna jest producentem jednorazowych nak\u0142uwaczy bezpiecznych\u00a0do pobierania krwi do u\u017cytku w zamkni\u0119tej s\u0142u\u017cbie zdrowia, nak\u0142uwaczy personalnych do domowego u\u017cytku np. przez cukrzyk\u00f3w, stosowanych do nak\u0142uwania palca oraz igie\u0142 insulinowych wykorzystywanych w leczeniu cukrzycy. Sp\u00f3\u0142ka osi\u0105gn\u0119\u0142a pozycj\u0119 lidera na \u015bwiatowym rynku jednorazowych nak\u0142uwaczy bezpiecznych oraz wiod\u0105c\u0105 pozycj\u0119 na rynku nak\u0142uwaczy personalnych. W swojej dzia\u0142alno\u015bci koncentruje si\u0119 g\u0142\u00f3wnie na zaopatrzeniu w powy\u017csze wyroby \u015bwiatowych lider\u00f3w na rynku diagnostycznym, jak r\u00f3wnie\u017c sprzedaje je pod w\u0142asnymi markami na wszystkich kontynentach przy wsp\u00f3\u0142pracy z lokalnymi dystrybutorami. \u00a0<\/p>\n<p style=\"text-align: justify;\"><strong>INWESTYCJA:<\/strong><\/p>\n<p style=\"text-align: justify;\"><strong>Pierwszy projekt inwestycyjny<\/strong> polega na zwi\u0119kszeniu mocy produkcyjnych poprzez budow\u0119 magazynu logistycznego do przechowywania komponent\u00f3w wykorzystywanych do bie\u017c\u0105cej produkcji oraz do sk\u0142adowania surowc\u00f3w i wyrob\u00f3w gotowych.\u00a0<\/p>\n<p style=\"text-align: justify;\">W zwi\u0105zku z now\u0105 inwestycj\u0105 Sp\u00f3\u0142ka zamierza ponie\u015b\u0107 na terenie strefy &#8211; po dniu uzyskania zezwolenia &#8211; kwalifikowane wydatki inwestycyjne w wysoko\u015bci co najmniej 4.000.000,00 EUR\u00a0w terminie do dnia 31 grudnia 2017 roku oraz zwi\u0119kszy\u0107 dotychczasowe zatrudnienie na terenie Strefy kszta\u0142tuj\u0105ce si\u0119 na poziomie 777 os\u00f3b, poprzez zatrudnienie przy prowadzeniu dzia\u0142alno\u015bci na terenie Strefy, po dniu uzyskania zezwolenia, co najmniej 10 nowych pracownik\u00f3w w terminie do dnia 31 grudnia 2016 r. oraz utrzyma\u0107 zatrudnienia na poziomie \u0142\u0105cznie co najmniej 787 pracownik\u00f3w przez okres co najmniej 5 lat.<\/p>\n<p style=\"text-align: justify;\"><strong>Drugi projekt inwestycyjny<\/strong> wpisuje si\u0119 w plany biznesowe HTL-STREFA ukierunkowane na rozszerzanie oferty produkt\u00f3w oraz rynk\u00f3w ich zbytu. Sp\u00f3\u0142ka planuje dywersyfikacj\u0119 dzia\u0142alno\u015bci poprzez budow\u0119 linii produkuj\u0105cej urz\u0105dzenia nak\u0142uwaj\u0105ce.<\/p>\n<p style=\"text-align: justify;\">W zwi\u0105zku z now\u0105 inwestycj\u0105 Sp\u00f3\u0142ka zamierza ponie\u015b\u0107 na terenie strefy &#8211; po dniu uzyskania zezwolenia &#8211; kwalifikowane wydatki inwestycyjne w wysoko\u015bci co najmniej 1.470.000,00 EUR\u00a0w terminie do dnia 31 grudnia 2015 roku oraz zwi\u0119kszy\u0107 dotychczasowe zatrudnienie na terenie Strefy kszta\u0142tuj\u0105ce si\u0119 na poziomie 787 os\u00f3b, poprzez zatrudnienie przy prowadzeniu dzia\u0142alno\u015bci na terenie Strefy, po dniu uzyskania zezwolenia, co najmniej 15 nowych pracownik\u00f3w w terminie do dnia 31 grudnia 2016 r. oraz utrzyma\u0107 zatrudnienia na poziomie \u0142\u0105cznie co najmniej 802 pracownik\u00f3w przez okres co najmniej 5 lata.<\/p>\n<p style=\"text-align: justify;\"><strong>Trzeci projekt inwestycyjny<\/strong> przewiduje wdro\u017cenie produkcji zupe\u0142nie nowego wyrobu, dla kt\u00f3rej niezb\u0119dne b\u0119dzie powstanie nowej linii wytwarzania, przeznaczonej wy\u0142\u0105cznie \u00a0do produkcji kaset\u00a0z lancetami personalnymi .<\/p>\n<p style=\"text-align: justify;\">W zwi\u0105zku z now\u0105 inwestycj\u0105 Sp\u00f3\u0142ka zamierza ponie\u015b\u0107 na terenie strefy &#8211; po dniu uzyskania zezwolenia &#8211; kwalifikowane wydatki inwestycyjne w wysoko\u015bci co najmniej 1.029.000,00 EUR\u00a0w terminie do dnia 31 grudnia 2016 roku oraz zwi\u0119kszy\u0107 dotychczasowe zatrudnienie na terenie Strefy kszta\u0142tuj\u0105ce si\u0119 na poziomie 777 os\u00f3b, a po 31 grudnia 2016 roku na poziomie 802 pracownik\u00f3w, poprzez zatrudnienie przy prowadzeniu dzia\u0142alno\u015bci na terenie Strefy, po dniu uzyskania zezwolenia, co najmniej 7 nowych pracownik\u00f3w w terminie do dnia 31 grudnia 2015 r. oraz utrzyma\u0107 zatrudnienia na poziomie \u0142\u0105cznie co najmniej 784 pracownik\u00f3w do 31 grudnia 2016 r. i 809 pracownik\u00f3w \u00a0przez okres co najmniej 5 lat.<\/p>\n","protected":false},"featured_media":0,"template":"","bip_category":[21,23],"class_list":["post-584","bip","type-bip","status-publish","hentry","bip_category-przetargi","bip_category-rozstrzygniete"],"translation":{"provider":"WPGlobus","version":"3.0.2","language":"en","enabled_languages":["pl","en"],"languages":{"pl":{"title":true,"content":true,"excerpt":false},"en":{"title":false,"content":false,"excerpt":false}}},"acf":[],"yoast_head":"<!-- This site is optimized with the Yoast SEO plugin v27.4 - https:\/\/yoast.com\/product\/yoast-seo-wordpress\/ -->\n<title>INFORMACJA o wynikach rokowa\u0144 maj\u0105cych na celu wy\u0142onienie przedsi\u0119biorcy, kt\u00f3ry otrzyma zezwolenie na dzia\u0142alno\u015b\u0107 w \u0141SSE Podstrefa \u0141\u0119czyca, Kompleks 1 - \u0141\u00f3dzka Specjalna Strefa Ekonomiczna<\/title>\n<meta name=\"robots\" content=\"index, follow, max-snippet:-1, max-image-preview:large, max-video-preview:-1\" \/>\n<link rel=\"canonical\" href=\"https:\/\/sse.lodz.pl\/bip\/informacja-o-wynikach-rokowan-majacych-na-celu-wylonienie-przedsiebiorcy-ktory-otrzyma-zezwolenie-na-dzialalnosc-w-lsse-podstrefa-leczyca-kompleks-1\/\" \/>\n<meta property=\"og:locale\" content=\"en_US\" \/>\n<meta property=\"og:type\" content=\"article\" \/>\n<meta property=\"og:title\" content=\"INFORMACJA o wynikach rokowa\u0144 maj\u0105cych na celu wy\u0142onienie przedsi\u0119biorcy, kt\u00f3ry otrzyma zezwolenie na dzia\u0142alno\u015b\u0107 w \u0141SSE Podstrefa \u0141\u0119czyca, Kompleks 1 - \u0141\u00f3dzka Specjalna Strefa Ekonomiczna\" \/>\n<meta property=\"og:url\" content=\"https:\/\/sse.lodz.pl\/bip\/informacja-o-wynikach-rokowan-majacych-na-celu-wylonienie-przedsiebiorcy-ktory-otrzyma-zezwolenie-na-dzialalnosc-w-lsse-podstrefa-leczyca-kompleks-1\/\" \/>\n<meta property=\"og:site_name\" content=\"\u0141\u00f3dzka Specjalna Strefa Ekonomiczna\" \/>\n<meta property=\"article:modified_time\" content=\"2023-03-14T17:26:33+00:00\" \/>\n<meta name=\"twitter:card\" content=\"summary_large_image\" \/>\n<meta name=\"twitter:label1\" content=\"Est. reading time\" \/>\n\t<meta name=\"twitter:data1\" content=\"3 minutes\" \/>\n<script type=\"application\/ld+json\" class=\"yoast-schema-graph\">{\"@context\":\"https:\\\/\\\/schema.org\",\"@graph\":[{\"@type\":\"WebPage\",\"@id\":\"https:\\\/\\\/sse.lodz.pl\\\/bip\\\/informacja-o-wynikach-rokowan-majacych-na-celu-wylonienie-przedsiebiorcy-ktory-otrzyma-zezwolenie-na-dzialalnosc-w-lsse-podstrefa-leczyca-kompleks-1\\\/\",\"url\":\"https:\\\/\\\/sse.lodz.pl\\\/bip\\\/informacja-o-wynikach-rokowan-majacych-na-celu-wylonienie-przedsiebiorcy-ktory-otrzyma-zezwolenie-na-dzialalnosc-w-lsse-podstrefa-leczyca-kompleks-1\\\/\",\"name\":\"INFORMACJA o wynikach rokowa\u0144 maj\u0105cych na celu wy\u0142onienie przedsi\u0119biorcy, kt\u00f3ry otrzyma zezwolenie na dzia\u0142alno\u015b\u0107 w \u0141SSE Podstrefa \u0141\u0119czyca, Kompleks 1 - \u0141\u00f3dzka Specjalna Strefa Ekonomiczna\",\"isPartOf\":{\"@id\":\"https:\\\/\\\/sse.lodz.pl\\\/#website\"},\"datePublished\":\"2014-06-30T22:00:00+00:00\",\"dateModified\":\"2023-03-14T17:26:33+00:00\",\"breadcrumb\":{\"@id\":\"https:\\\/\\\/sse.lodz.pl\\\/bip\\\/informacja-o-wynikach-rokowan-majacych-na-celu-wylonienie-przedsiebiorcy-ktory-otrzyma-zezwolenie-na-dzialalnosc-w-lsse-podstrefa-leczyca-kompleks-1\\\/#breadcrumb\"},\"inLanguage\":\"en-US\",\"potentialAction\":[{\"@type\":\"ReadAction\",\"target\":[\"https:\\\/\\\/sse.lodz.pl\\\/bip\\\/informacja-o-wynikach-rokowan-majacych-na-celu-wylonienie-przedsiebiorcy-ktory-otrzyma-zezwolenie-na-dzialalnosc-w-lsse-podstrefa-leczyca-kompleks-1\\\/\"]}]},{\"@type\":\"BreadcrumbList\",\"@id\":\"https:\\\/\\\/sse.lodz.pl\\\/bip\\\/informacja-o-wynikach-rokowan-majacych-na-celu-wylonienie-przedsiebiorcy-ktory-otrzyma-zezwolenie-na-dzialalnosc-w-lsse-podstrefa-leczyca-kompleks-1\\\/#breadcrumb\",\"itemListElement\":[{\"@type\":\"ListItem\",\"position\":1,\"name\":\"Strona g\u0142\u00f3wna\",\"item\":\"https:\\\/\\\/sse.lodz.pl\\\/\"},{\"@type\":\"ListItem\",\"position\":2,\"name\":\"BIP\",\"item\":\"https:\\\/\\\/sse.lodz.pl\\\/bip\\\/\"},{\"@type\":\"ListItem\",\"position\":3,\"name\":\"INFORMACJA o wynikach rokowa\u0144 maj\u0105cych na celu wy\u0142onienie przedsi\u0119biorcy, kt\u00f3ry otrzyma zezwolenie na dzia\u0142alno\u015b\u0107 w \u0141SSE Podstrefa \u0141\u0119czyca, Kompleks 1\"}]},{\"@type\":\"WebSite\",\"@id\":\"https:\\\/\\\/sse.lodz.pl\\\/#website\",\"url\":\"https:\\\/\\\/sse.lodz.pl\\\/\",\"name\":\"\u0141\u00f3dzka Specjalna Strefa Ekonomiczna\",\"description\":\"\",\"potentialAction\":[{\"@type\":\"SearchAction\",\"target\":{\"@type\":\"EntryPoint\",\"urlTemplate\":\"https:\\\/\\\/sse.lodz.pl\\\/?s={search_term_string}\"},\"query-input\":{\"@type\":\"PropertyValueSpecification\",\"valueRequired\":true,\"valueName\":\"search_term_string\"}}],\"inLanguage\":\"en-US\"}]}<\/script>\n<!-- \/ Yoast SEO plugin. -->","yoast_head_json":{"title":"INFORMACJA o wynikach rokowa\u0144 maj\u0105cych na celu wy\u0142onienie przedsi\u0119biorcy, kt\u00f3ry otrzyma zezwolenie na dzia\u0142alno\u015b\u0107 w \u0141SSE Podstrefa \u0141\u0119czyca, Kompleks 1 - \u0141\u00f3dzka Specjalna Strefa Ekonomiczna","robots":{"index":"index","follow":"follow","max-snippet":"max-snippet:-1","max-image-preview":"max-image-preview:large","max-video-preview":"max-video-preview:-1"},"canonical":"https:\/\/sse.lodz.pl\/bip\/informacja-o-wynikach-rokowan-majacych-na-celu-wylonienie-przedsiebiorcy-ktory-otrzyma-zezwolenie-na-dzialalnosc-w-lsse-podstrefa-leczyca-kompleks-1\/","og_locale":"en_US","og_type":"article","og_title":"INFORMACJA o wynikach rokowa\u0144 maj\u0105cych na celu wy\u0142onienie przedsi\u0119biorcy, kt\u00f3ry otrzyma zezwolenie na dzia\u0142alno\u015b\u0107 w \u0141SSE Podstrefa \u0141\u0119czyca, Kompleks 1 - \u0141\u00f3dzka Specjalna Strefa Ekonomiczna","og_url":"https:\/\/sse.lodz.pl\/bip\/informacja-o-wynikach-rokowan-majacych-na-celu-wylonienie-przedsiebiorcy-ktory-otrzyma-zezwolenie-na-dzialalnosc-w-lsse-podstrefa-leczyca-kompleks-1\/","og_site_name":"\u0141\u00f3dzka Specjalna Strefa Ekonomiczna","article_modified_time":"2023-03-14T17:26:33+00:00","twitter_card":"summary_large_image","twitter_misc":{"Est. reading time":"3 minutes"},"schema":{"@context":"https:\/\/schema.org","@graph":[{"@type":"WebPage","@id":"https:\/\/sse.lodz.pl\/bip\/informacja-o-wynikach-rokowan-majacych-na-celu-wylonienie-przedsiebiorcy-ktory-otrzyma-zezwolenie-na-dzialalnosc-w-lsse-podstrefa-leczyca-kompleks-1\/","url":"https:\/\/sse.lodz.pl\/bip\/informacja-o-wynikach-rokowan-majacych-na-celu-wylonienie-przedsiebiorcy-ktory-otrzyma-zezwolenie-na-dzialalnosc-w-lsse-podstrefa-leczyca-kompleks-1\/","name":"INFORMACJA o wynikach rokowa\u0144 maj\u0105cych na celu wy\u0142onienie przedsi\u0119biorcy, kt\u00f3ry otrzyma zezwolenie na dzia\u0142alno\u015b\u0107 w \u0141SSE Podstrefa \u0141\u0119czyca, Kompleks 1 - \u0141\u00f3dzka Specjalna Strefa Ekonomiczna","isPartOf":{"@id":"https:\/\/sse.lodz.pl\/#website"},"datePublished":"2014-06-30T22:00:00+00:00","dateModified":"2023-03-14T17:26:33+00:00","breadcrumb":{"@id":"https:\/\/sse.lodz.pl\/bip\/informacja-o-wynikach-rokowan-majacych-na-celu-wylonienie-przedsiebiorcy-ktory-otrzyma-zezwolenie-na-dzialalnosc-w-lsse-podstrefa-leczyca-kompleks-1\/#breadcrumb"},"inLanguage":"en-US","potentialAction":[{"@type":"ReadAction","target":["https:\/\/sse.lodz.pl\/bip\/informacja-o-wynikach-rokowan-majacych-na-celu-wylonienie-przedsiebiorcy-ktory-otrzyma-zezwolenie-na-dzialalnosc-w-lsse-podstrefa-leczyca-kompleks-1\/"]}]},{"@type":"BreadcrumbList","@id":"https:\/\/sse.lodz.pl\/bip\/informacja-o-wynikach-rokowan-majacych-na-celu-wylonienie-przedsiebiorcy-ktory-otrzyma-zezwolenie-na-dzialalnosc-w-lsse-podstrefa-leczyca-kompleks-1\/#breadcrumb","itemListElement":[{"@type":"ListItem","position":1,"name":"Strona g\u0142\u00f3wna","item":"https:\/\/sse.lodz.pl\/"},{"@type":"ListItem","position":2,"name":"BIP","item":"https:\/\/sse.lodz.pl\/bip\/"},{"@type":"ListItem","position":3,"name":"INFORMACJA o wynikach rokowa\u0144 maj\u0105cych na celu wy\u0142onienie przedsi\u0119biorcy, kt\u00f3ry otrzyma zezwolenie na dzia\u0142alno\u015b\u0107 w \u0141SSE Podstrefa \u0141\u0119czyca, Kompleks 1"}]},{"@type":"WebSite","@id":"https:\/\/sse.lodz.pl\/#website","url":"https:\/\/sse.lodz.pl\/","name":"\u0141\u00f3dzka Specjalna Strefa Ekonomiczna","description":"","potentialAction":[{"@type":"SearchAction","target":{"@type":"EntryPoint","urlTemplate":"https:\/\/sse.lodz.pl\/?s={search_term_string}"},"query-input":{"@type":"PropertyValueSpecification","valueRequired":true,"valueName":"search_term_string"}}],"inLanguage":"en-US"}]}},"_links":{"self":[{"href":"https:\/\/sse.lodz.pl\/en\/wp-json\/wp\/v2\/bip\/584","targetHints":{"allow":["GET"]}}],"collection":[{"href":"https:\/\/sse.lodz.pl\/en\/wp-json\/wp\/v2\/bip"}],"about":[{"href":"https:\/\/sse.lodz.pl\/en\/wp-json\/wp\/v2\/types\/bip"}],"wp:attachment":[{"href":"https:\/\/sse.lodz.pl\/en\/wp-json\/wp\/v2\/media?parent=584"}],"wp:term":[{"taxonomy":"bip_category","embeddable":true,"href":"https:\/\/sse.lodz.pl\/en\/wp-json\/wp\/v2\/bip_category?post=584"}],"curies":[{"name":"wp","href":"https:\/\/api.w.org\/{rel}","templated":true}]}}