{"id":974,"date":"2022-04-29T00:00:00","date_gmt":"2022-04-28T22:00:00","guid":{"rendered":"https:\/\/sse.lodz.pl\/bip\/informacja-o-wylonieniu-wykonawcy-w-trybie-przetargu-nieograniczonego-na-przygotowanie-oprawy-wydarzenia-pn-iv-kongres-agd-w-lodzi-w-dniach-26-27-maja-2022r-w-tym-naglosnienia-oswietlenia-oraz-ob\/"},"modified":"2023-03-14T18:50:20","modified_gmt":"2023-03-14T17:50:20","slug":"informacja-o-wylonieniu-wykonawcy-w-trybie-przetargu-nieograniczonego-na-przygotowanie-oprawy-wydarzenia-pn-iv-kongres-agd-w-lodzi-w-dniach-26-27-maja-2022r-w-tym-naglosnienia-oswietlenia-oraz-ob","status":"publish","type":"bip","link":"https:\/\/sse.lodz.pl\/en\/bip\/informacja-o-wylonieniu-wykonawcy-w-trybie-przetargu-nieograniczonego-na-przygotowanie-oprawy-wydarzenia-pn-iv-kongres-agd-w-lodzi-w-dniach-26-27-maja-2022r-w-tym-naglosnienia-oswietlenia-oraz-ob\/","title":{"rendered":"Informacja o wy\u0142onieniu wykonawcy w trybie przetargu nieograniczonego na przygotowanie oprawy wydarzenia pn. IV Kongres AGD w \u0141odzi, w dniach 26-27 maja 2022r., w tym nag\u0142o\u015bnienia, o\u015bwietlenia oraz obs\u0142ugi technicznej"},"content":{"rendered":"<p style=\"text-align: center;\"><img loading=\"lazy\" decoding=\"async\" class=\"alignnone wp-image-5672\" src=\"https:\/\/sse.lodz.pl\/wp-content\/uploads\/2023\/03\/logo.png\" alt=\"\" width=\"256\" height=\"126\" \/><\/p>\n<p style=\"text-align: center;\"><strong>\u0141\u00f3dzka Specjalna Strefa Ekonomiczna Sp\u00f3\u0142ka Akcyjna<br \/>\n<\/strong><strong>90-349 \u0141\u00f3d\u017a, ul. Ks. Biskupa Wincentego Tymienieckiego 22 G<br \/>\n<\/strong><strong>tel. 42 676 27 53, 676 27 54, fax 42 676 27 55<\/strong><\/p>\n<p>informuje, \u017ce w wyniku post\u0119powania konkurencyjnego na przygotowanie oprawy wydarzenia pn. IV Kongres AGD w \u0141odzi, w dniach 26-27 maja 2022., w tym\u00a0 nag\u0142o\u015bnienia, o\u015bwietlenia oraz obs\u0142ugi technicznej tego Wydarzenia. w dniu 20.04.2022r. dokonano wyboru oferty z\u0142o\u017conej przez firm\u0119 Stage Art. II Sp. z o.o.<\/p>\n<p>Dzi\u0119kujemy za wszystkie z\u0142o\u017cone oferty.<\/p>\n","protected":false},"featured_media":0,"template":"","bip_category":[21,23],"class_list":["post-974","bip","type-bip","status-publish","hentry","bip_category-przetargi","bip_category-rozstrzygniete"],"translation":{"provider":"WPGlobus","version":"3.0.2","language":"en","enabled_languages":["pl","en"],"languages":{"pl":{"title":true,"content":true,"excerpt":false},"en":{"title":false,"content":false,"excerpt":false}}},"acf":[],"yoast_head":"<!-- This site is optimized with the Yoast SEO plugin v27.4 - https:\/\/yoast.com\/product\/yoast-seo-wordpress\/ -->\n<title>Informacja o wy\u0142onieniu wykonawcy w trybie przetargu nieograniczonego na przygotowanie oprawy wydarzenia pn. IV Kongres AGD w \u0141odzi, w dniach 26-27 maja 2022r., w tym nag\u0142o\u015bnienia, o\u015bwietlenia oraz obs\u0142ugi technicznej - \u0141\u00f3dzka Specjalna Strefa Ekonomiczna<\/title>\n<meta name=\"robots\" content=\"index, follow, max-snippet:-1, max-image-preview:large, max-video-preview:-1\" \/>\n<link rel=\"canonical\" href=\"https:\/\/sse.lodz.pl\/bip\/informacja-o-wylonieniu-wykonawcy-w-trybie-przetargu-nieograniczonego-na-przygotowanie-oprawy-wydarzenia-pn-iv-kongres-agd-w-lodzi-w-dniach-26-27-maja-2022r-w-tym-naglosnienia-oswietlenia-oraz-ob\/\" \/>\n<meta property=\"og:locale\" content=\"en_US\" \/>\n<meta property=\"og:type\" content=\"article\" \/>\n<meta property=\"og:title\" content=\"Informacja o wy\u0142onieniu wykonawcy w trybie przetargu nieograniczonego na przygotowanie oprawy wydarzenia pn. IV Kongres AGD w \u0141odzi, w dniach 26-27 maja 2022r., w tym nag\u0142o\u015bnienia, o\u015bwietlenia oraz obs\u0142ugi technicznej - \u0141\u00f3dzka Specjalna Strefa Ekonomiczna\" \/>\n<meta property=\"og:url\" content=\"https:\/\/sse.lodz.pl\/bip\/informacja-o-wylonieniu-wykonawcy-w-trybie-przetargu-nieograniczonego-na-przygotowanie-oprawy-wydarzenia-pn-iv-kongres-agd-w-lodzi-w-dniach-26-27-maja-2022r-w-tym-naglosnienia-oswietlenia-oraz-ob\/\" \/>\n<meta property=\"og:site_name\" content=\"\u0141\u00f3dzka Specjalna Strefa Ekonomiczna\" \/>\n<meta property=\"article:modified_time\" content=\"2023-03-14T17:50:20+00:00\" \/>\n<meta property=\"og:image\" content=\"https:\/\/sse.lodz.pl\/wp-content\/uploads\/2023\/03\/logo.png\" \/>\n<meta name=\"twitter:card\" content=\"summary_large_image\" \/>\n<script type=\"application\/ld+json\" class=\"yoast-schema-graph\">{\"@context\":\"https:\\\/\\\/schema.org\",\"@graph\":[{\"@type\":\"WebPage\",\"@id\":\"https:\\\/\\\/sse.lodz.pl\\\/bip\\\/informacja-o-wylonieniu-wykonawcy-w-trybie-przetargu-nieograniczonego-na-przygotowanie-oprawy-wydarzenia-pn-iv-kongres-agd-w-lodzi-w-dniach-26-27-maja-2022r-w-tym-naglosnienia-oswietlenia-oraz-ob\\\/\",\"url\":\"https:\\\/\\\/sse.lodz.pl\\\/bip\\\/informacja-o-wylonieniu-wykonawcy-w-trybie-przetargu-nieograniczonego-na-przygotowanie-oprawy-wydarzenia-pn-iv-kongres-agd-w-lodzi-w-dniach-26-27-maja-2022r-w-tym-naglosnienia-oswietlenia-oraz-ob\\\/\",\"name\":\"Informacja o wy\u0142onieniu wykonawcy w trybie przetargu nieograniczonego na przygotowanie oprawy wydarzenia pn. IV Kongres AGD w \u0141odzi, w dniach 26-27 maja 2022r., w tym nag\u0142o\u015bnienia, o\u015bwietlenia oraz obs\u0142ugi technicznej - \u0141\u00f3dzka Specjalna Strefa Ekonomiczna\",\"isPartOf\":{\"@id\":\"https:\\\/\\\/sse.lodz.pl\\\/#website\"},\"primaryImageOfPage\":{\"@id\":\"https:\\\/\\\/sse.lodz.pl\\\/bip\\\/informacja-o-wylonieniu-wykonawcy-w-trybie-przetargu-nieograniczonego-na-przygotowanie-oprawy-wydarzenia-pn-iv-kongres-agd-w-lodzi-w-dniach-26-27-maja-2022r-w-tym-naglosnienia-oswietlenia-oraz-ob\\\/#primaryimage\"},\"image\":{\"@id\":\"https:\\\/\\\/sse.lodz.pl\\\/bip\\\/informacja-o-wylonieniu-wykonawcy-w-trybie-przetargu-nieograniczonego-na-przygotowanie-oprawy-wydarzenia-pn-iv-kongres-agd-w-lodzi-w-dniach-26-27-maja-2022r-w-tym-naglosnienia-oswietlenia-oraz-ob\\\/#primaryimage\"},\"thumbnailUrl\":\"https:\\\/\\\/sse.lodz.pl\\\/wp-content\\\/uploads\\\/2023\\\/03\\\/logo.png\",\"datePublished\":\"2022-04-28T22:00:00+00:00\",\"dateModified\":\"2023-03-14T17:50:20+00:00\",\"breadcrumb\":{\"@id\":\"https:\\\/\\\/sse.lodz.pl\\\/bip\\\/informacja-o-wylonieniu-wykonawcy-w-trybie-przetargu-nieograniczonego-na-przygotowanie-oprawy-wydarzenia-pn-iv-kongres-agd-w-lodzi-w-dniach-26-27-maja-2022r-w-tym-naglosnienia-oswietlenia-oraz-ob\\\/#breadcrumb\"},\"inLanguage\":\"en-US\",\"potentialAction\":[{\"@type\":\"ReadAction\",\"target\":[\"https:\\\/\\\/sse.lodz.pl\\\/bip\\\/informacja-o-wylonieniu-wykonawcy-w-trybie-przetargu-nieograniczonego-na-przygotowanie-oprawy-wydarzenia-pn-iv-kongres-agd-w-lodzi-w-dniach-26-27-maja-2022r-w-tym-naglosnienia-oswietlenia-oraz-ob\\\/\"]}]},{\"@type\":\"ImageObject\",\"inLanguage\":\"en-US\",\"@id\":\"https:\\\/\\\/sse.lodz.pl\\\/bip\\\/informacja-o-wylonieniu-wykonawcy-w-trybie-przetargu-nieograniczonego-na-przygotowanie-oprawy-wydarzenia-pn-iv-kongres-agd-w-lodzi-w-dniach-26-27-maja-2022r-w-tym-naglosnienia-oswietlenia-oraz-ob\\\/#primaryimage\",\"url\":\"https:\\\/\\\/sse.lodz.pl\\\/wp-content\\\/uploads\\\/2023\\\/03\\\/logo.png\",\"contentUrl\":\"https:\\\/\\\/sse.lodz.pl\\\/wp-content\\\/uploads\\\/2023\\\/03\\\/logo.png\"},{\"@type\":\"BreadcrumbList\",\"@id\":\"https:\\\/\\\/sse.lodz.pl\\\/bip\\\/informacja-o-wylonieniu-wykonawcy-w-trybie-przetargu-nieograniczonego-na-przygotowanie-oprawy-wydarzenia-pn-iv-kongres-agd-w-lodzi-w-dniach-26-27-maja-2022r-w-tym-naglosnienia-oswietlenia-oraz-ob\\\/#breadcrumb\",\"itemListElement\":[{\"@type\":\"ListItem\",\"position\":1,\"name\":\"Strona g\u0142\u00f3wna\",\"item\":\"https:\\\/\\\/sse.lodz.pl\\\/\"},{\"@type\":\"ListItem\",\"position\":2,\"name\":\"BIP\",\"item\":\"https:\\\/\\\/sse.lodz.pl\\\/bip\\\/\"},{\"@type\":\"ListItem\",\"position\":3,\"name\":\"Informacja o wy\u0142onieniu wykonawcy w trybie przetargu nieograniczonego na przygotowanie oprawy wydarzenia pn. IV Kongres AGD w \u0141odzi, w dniach 26-27 maja 2022r., w tym nag\u0142o\u015bnienia, o\u015bwietlenia oraz obs\u0142ugi technicznej\"}]},{\"@type\":\"WebSite\",\"@id\":\"https:\\\/\\\/sse.lodz.pl\\\/#website\",\"url\":\"https:\\\/\\\/sse.lodz.pl\\\/\",\"name\":\"\u0141\u00f3dzka Specjalna Strefa Ekonomiczna\",\"description\":\"\",\"potentialAction\":[{\"@type\":\"SearchAction\",\"target\":{\"@type\":\"EntryPoint\",\"urlTemplate\":\"https:\\\/\\\/sse.lodz.pl\\\/?s={search_term_string}\"},\"query-input\":{\"@type\":\"PropertyValueSpecification\",\"valueRequired\":true,\"valueName\":\"search_term_string\"}}],\"inLanguage\":\"en-US\"}]}<\/script>\n<!-- \/ Yoast SEO plugin. -->","yoast_head_json":{"title":"Informacja o wy\u0142onieniu wykonawcy w trybie przetargu nieograniczonego na przygotowanie oprawy wydarzenia pn. IV Kongres AGD w \u0141odzi, w dniach 26-27 maja 2022r., w tym nag\u0142o\u015bnienia, o\u015bwietlenia oraz obs\u0142ugi technicznej - \u0141\u00f3dzka Specjalna Strefa Ekonomiczna","robots":{"index":"index","follow":"follow","max-snippet":"max-snippet:-1","max-image-preview":"max-image-preview:large","max-video-preview":"max-video-preview:-1"},"canonical":"https:\/\/sse.lodz.pl\/bip\/informacja-o-wylonieniu-wykonawcy-w-trybie-przetargu-nieograniczonego-na-przygotowanie-oprawy-wydarzenia-pn-iv-kongres-agd-w-lodzi-w-dniach-26-27-maja-2022r-w-tym-naglosnienia-oswietlenia-oraz-ob\/","og_locale":"en_US","og_type":"article","og_title":"Informacja o wy\u0142onieniu wykonawcy w trybie przetargu nieograniczonego na przygotowanie oprawy wydarzenia pn. IV Kongres AGD w \u0141odzi, w dniach 26-27 maja 2022r., w tym nag\u0142o\u015bnienia, o\u015bwietlenia oraz obs\u0142ugi technicznej - \u0141\u00f3dzka Specjalna Strefa Ekonomiczna","og_url":"https:\/\/sse.lodz.pl\/bip\/informacja-o-wylonieniu-wykonawcy-w-trybie-przetargu-nieograniczonego-na-przygotowanie-oprawy-wydarzenia-pn-iv-kongres-agd-w-lodzi-w-dniach-26-27-maja-2022r-w-tym-naglosnienia-oswietlenia-oraz-ob\/","og_site_name":"\u0141\u00f3dzka Specjalna Strefa Ekonomiczna","article_modified_time":"2023-03-14T17:50:20+00:00","og_image":[{"url":"https:\/\/sse.lodz.pl\/wp-content\/uploads\/2023\/03\/logo.png","type":"","width":"","height":""}],"twitter_card":"summary_large_image","schema":{"@context":"https:\/\/schema.org","@graph":[{"@type":"WebPage","@id":"https:\/\/sse.lodz.pl\/bip\/informacja-o-wylonieniu-wykonawcy-w-trybie-przetargu-nieograniczonego-na-przygotowanie-oprawy-wydarzenia-pn-iv-kongres-agd-w-lodzi-w-dniach-26-27-maja-2022r-w-tym-naglosnienia-oswietlenia-oraz-ob\/","url":"https:\/\/sse.lodz.pl\/bip\/informacja-o-wylonieniu-wykonawcy-w-trybie-przetargu-nieograniczonego-na-przygotowanie-oprawy-wydarzenia-pn-iv-kongres-agd-w-lodzi-w-dniach-26-27-maja-2022r-w-tym-naglosnienia-oswietlenia-oraz-ob\/","name":"Informacja o wy\u0142onieniu wykonawcy w trybie przetargu nieograniczonego na przygotowanie oprawy wydarzenia pn. IV Kongres AGD w \u0141odzi, w dniach 26-27 maja 2022r., w tym nag\u0142o\u015bnienia, o\u015bwietlenia oraz obs\u0142ugi technicznej - \u0141\u00f3dzka Specjalna Strefa Ekonomiczna","isPartOf":{"@id":"https:\/\/sse.lodz.pl\/#website"},"primaryImageOfPage":{"@id":"https:\/\/sse.lodz.pl\/bip\/informacja-o-wylonieniu-wykonawcy-w-trybie-przetargu-nieograniczonego-na-przygotowanie-oprawy-wydarzenia-pn-iv-kongres-agd-w-lodzi-w-dniach-26-27-maja-2022r-w-tym-naglosnienia-oswietlenia-oraz-ob\/#primaryimage"},"image":{"@id":"https:\/\/sse.lodz.pl\/bip\/informacja-o-wylonieniu-wykonawcy-w-trybie-przetargu-nieograniczonego-na-przygotowanie-oprawy-wydarzenia-pn-iv-kongres-agd-w-lodzi-w-dniach-26-27-maja-2022r-w-tym-naglosnienia-oswietlenia-oraz-ob\/#primaryimage"},"thumbnailUrl":"https:\/\/sse.lodz.pl\/wp-content\/uploads\/2023\/03\/logo.png","datePublished":"2022-04-28T22:00:00+00:00","dateModified":"2023-03-14T17:50:20+00:00","breadcrumb":{"@id":"https:\/\/sse.lodz.pl\/bip\/informacja-o-wylonieniu-wykonawcy-w-trybie-przetargu-nieograniczonego-na-przygotowanie-oprawy-wydarzenia-pn-iv-kongres-agd-w-lodzi-w-dniach-26-27-maja-2022r-w-tym-naglosnienia-oswietlenia-oraz-ob\/#breadcrumb"},"inLanguage":"en-US","potentialAction":[{"@type":"ReadAction","target":["https:\/\/sse.lodz.pl\/bip\/informacja-o-wylonieniu-wykonawcy-w-trybie-przetargu-nieograniczonego-na-przygotowanie-oprawy-wydarzenia-pn-iv-kongres-agd-w-lodzi-w-dniach-26-27-maja-2022r-w-tym-naglosnienia-oswietlenia-oraz-ob\/"]}]},{"@type":"ImageObject","inLanguage":"en-US","@id":"https:\/\/sse.lodz.pl\/bip\/informacja-o-wylonieniu-wykonawcy-w-trybie-przetargu-nieograniczonego-na-przygotowanie-oprawy-wydarzenia-pn-iv-kongres-agd-w-lodzi-w-dniach-26-27-maja-2022r-w-tym-naglosnienia-oswietlenia-oraz-ob\/#primaryimage","url":"https:\/\/sse.lodz.pl\/wp-content\/uploads\/2023\/03\/logo.png","contentUrl":"https:\/\/sse.lodz.pl\/wp-content\/uploads\/2023\/03\/logo.png"},{"@type":"BreadcrumbList","@id":"https:\/\/sse.lodz.pl\/bip\/informacja-o-wylonieniu-wykonawcy-w-trybie-przetargu-nieograniczonego-na-przygotowanie-oprawy-wydarzenia-pn-iv-kongres-agd-w-lodzi-w-dniach-26-27-maja-2022r-w-tym-naglosnienia-oswietlenia-oraz-ob\/#breadcrumb","itemListElement":[{"@type":"ListItem","position":1,"name":"Strona g\u0142\u00f3wna","item":"https:\/\/sse.lodz.pl\/"},{"@type":"ListItem","position":2,"name":"BIP","item":"https:\/\/sse.lodz.pl\/bip\/"},{"@type":"ListItem","position":3,"name":"Informacja o wy\u0142onieniu wykonawcy w trybie przetargu nieograniczonego na przygotowanie oprawy wydarzenia pn. IV Kongres AGD w \u0141odzi, w dniach 26-27 maja 2022r., w tym nag\u0142o\u015bnienia, o\u015bwietlenia oraz obs\u0142ugi technicznej"}]},{"@type":"WebSite","@id":"https:\/\/sse.lodz.pl\/#website","url":"https:\/\/sse.lodz.pl\/","name":"\u0141\u00f3dzka Specjalna Strefa Ekonomiczna","description":"","potentialAction":[{"@type":"SearchAction","target":{"@type":"EntryPoint","urlTemplate":"https:\/\/sse.lodz.pl\/?s={search_term_string}"},"query-input":{"@type":"PropertyValueSpecification","valueRequired":true,"valueName":"search_term_string"}}],"inLanguage":"en-US"}]}},"_links":{"self":[{"href":"https:\/\/sse.lodz.pl\/en\/wp-json\/wp\/v2\/bip\/974","targetHints":{"allow":["GET"]}}],"collection":[{"href":"https:\/\/sse.lodz.pl\/en\/wp-json\/wp\/v2\/bip"}],"about":[{"href":"https:\/\/sse.lodz.pl\/en\/wp-json\/wp\/v2\/types\/bip"}],"wp:attachment":[{"href":"https:\/\/sse.lodz.pl\/en\/wp-json\/wp\/v2\/media?parent=974"}],"wp:term":[{"taxonomy":"bip_category","embeddable":true,"href":"https:\/\/sse.lodz.pl\/en\/wp-json\/wp\/v2\/bip_category?post=974"}],"curies":[{"name":"wp","href":"https:\/\/api.w.org\/{rel}","templated":true}]}}