{"id":203,"date":"2023-03-07T14:51:28","date_gmt":"2023-03-07T13:51:28","guid":{"rendered":"https:\/\/sse.lodz.pl\/?page_id=203"},"modified":"2026-04-21T14:22:19","modified_gmt":"2026-04-21T12:22:19","slug":"zespol","status":"publish","type":"page","link":"https:\/\/sse.lodz.pl\/en\/zespol\/","title":{"rendered":"Our Team"},"content":{"rendered":"<p>[vc_row][vc_column][vc_single_image image=&#8221;4513&#8243; img_size=&#8221;full&#8221;][\/vc_column][\/vc_row][vc_row content_placement=&#8221;middle&#8221; el_class=&#8221;team-top&#8221;][vc_column width=&#8221;1\/3&#8243;][vc_single_image image=&#8221;4795&#8243; img_size=&#8221;full&#8221; alignment=&#8221;center&#8221;][\/vc_column][vc_column width=&#8221;2\/3&#8243;][vc_row_inner][vc_column_inner width=&#8221;1\/12&#8243;][vc_column_text][\/vc_column_text][\/vc_column_inner][vc_column_inner width=&#8221;11\/12&#8243;][vc_column_text]<\/p>\n<h4>Tomasz Sadzy\u0144ski<\/h4>\n<p>Prezes Zarz\u0105du[\/vc_column_text][\/vc_column_inner][\/vc_row_inner][vc_row_inner][vc_column_inner width=&#8221;1\/12&#8243;][vc_column_text][\/vc_column_text][\/vc_column_inner][vc_column_inner width=&#8221;11\/12&#8243;][vc_column_text]<\/p>\n<ul>\n<li style=\"text-align: justify;\">Tomasz Sadzy\u0144ski. Obecnie oraz w latach 2011-2016, Prezes \u0141\u00f3dzkiej Specjalnej Strefy Ekonomicznej S.A. \u2013 jednej z dziesi\u0119ciu najlepiej ocenianych SSE na \u015bwiecie wed\u0142ug rankingu fDi Global Free Zones of the Year (grupa Financial Times).<\/li>\n<li style=\"text-align: justify;\">Od lat zwi\u0105zany z \u0141odzi\u0105: w przesz\u0142o\u015bci pe\u0142ni\u0142 funkcj\u0119 Sekretarza Wojew\u00f3dztwa \u0141\u00f3dzkiego, radnego Rady Miejskiej, a w 2010 roku \u2013 zgodnie z decyzj\u0105 Premiera Donalda Tuska \u2013 zosta\u0142 po. Prezydenta Miasta \u0141odzi.<\/li>\n<li style=\"text-align: justify;\">Przez 5 lat by\u0142 Zast\u0119pc\u0105 Dyrektora ds. Administracji i Rozwoju Szpitala Klinicznego im. WAM w \u0141odzi, gdzie odpowiada\u0142 za infrastruktur\u0119, IT oraz kluczowe inwestycje. W 2025 r. zosta\u0142 powo\u0142any na stanowisko Przewodnicz\u0105cego Rady Uczelni Pa\u0144stwowej Wy\u017cszej Szko\u0142y Filmowej, Telewizyjnej i Teatralnej w \u0141odzi.<\/li>\n<li style=\"text-align: justify;\">Absolwent Administracji na Wydziale Prawa i Administracji Uniwersytetu \u0141\u00f3dzkiego. Laureat tytu\u0142u Manager Roku Regionu \u0141\u00f3dzkiego.<\/li>\n<\/ul>\n<p>[\/vc_column_text][\/vc_column_inner][\/vc_row_inner][\/vc_column][\/vc_row][vc_row content_placement=&#8221;middle&#8221; el_class=&#8221;team-top row-reverse&#8221;][vc_column width=&#8221;1\/3&#8243;][vc_single_image image=&#8221;4799&#8243; img_size=&#8221;full&#8221; alignment=&#8221;center&#8221;][\/vc_column][vc_column width=&#8221;2\/3&#8243;][vc_column_text]<\/p>\n<h4>Micha\u0142 Sobczak<\/h4>\n<p>Wiceprezes Zarz\u0105du[\/vc_column_text][vc_row_inner][vc_column_inner width=&#8221;11\/12&#8243;][vc_column_text]<\/p>\n<ul>\n<li style=\"text-align: justify;\">Doktor nauk ekonomicznych na Wydziale Ekonomiczno-Socjologicznym U\u0141, specjalista w zakresie zarz\u0105dzania nieruchomo\u015bciami i sp\u00f3\u0142dzielczo\u015bci mieszkaniowej. Pracownik Katedry Inwestycji i Nieruchomo\u015bci U\u0141, \u00a0od grudnia 2022 roku do maja 2024 roku Prezes Zarz\u0105du Sp\u00f3\u0142dzielni Mieszkaniowej Pojezierska. Cz\u0142onek Og\u00f3lnopolskiej Federacji Przedsi\u0119biorc\u00f3w<br \/>\ni Pracodawc\u00f3w Przedsi\u0119biorcy.pl oraz cz\u0142onek rady naukowej Federacji.<\/li>\n<li style=\"text-align: justify;\">Przez lata dzia\u0142a\u0142 w wielu organizacjach \u2013 m.in., Komitecie Rewitalizacji Miasta \u0141odzi, Zespole ds. Opracowania Wieloletniego Planu Dzia\u0142a\u0144 na Rzecz Promocji i Upowszechniania Ekonomii Spo\u0142ecznej w Wojew\u00f3dztwie \u0141\u00f3dzkim oraz radzie spo\u0142ecznej Wojew\u00f3dzkiego Szpitala Specjalistycznego w Zgierzu.<\/li>\n<li style=\"text-align: justify;\">Pracowa\u0142 m.in. w G\u0142\u00f3wnym Urz\u0119dzie Statystycznym w Warszawie<br \/>\ni Uniwersytecie Medycznym w \u0141odzi. W latach 2015-2019 pe\u0142ni\u0142 funkcj\u0119 dyrektora Zarz\u0105du Nieruchomo\u015bci Wojew\u00f3dztwa \u0141\u00f3dzkiego<\/li>\n<li style=\"text-align: justify;\">By\u0142 cz\u0142onkiem rad nadzorczych Energetyki Cieplnej Sp. z o.o. w Wieluniu, Zgierskiego Przedsi\u0119biorstwa Komunikacyjnego MARKAB Sp. z o.o., Miejskiego Przedsi\u0119biorstwa Gospodarki Mieszkaniowej Sp. z o.o. w Zgierzu oraz\u00a0Przedsi\u0119biorstwa Gospodarki Komunalnej Daszyna Sp. z o.o.<\/li>\n<\/ul>\n<p>[\/vc_column_text][\/vc_column_inner][vc_column_inner width=&#8221;1\/12&#8243;][vc_column_text][\/vc_column_text][\/vc_column_inner][\/vc_row_inner][\/vc_column][\/vc_row][vc_row][vc_column][vc_column_text css=&#8221;.vc_custom_1723799192356{border-left-width: 5px !important;padding-top: 40px !important;padding-right: 40px !important;padding-bottom: 40px !important;padding-left: 40px !important;background-color: #f6f6f6 !important;border-left-color: #ea4e33 !important;border-left-style: solid !important;}&#8221; el_class=&#8221;info-box&#8221;]<\/p>\n<h4>\u0141\u00f3dzka Specjalna Strefa Ekonomiczna S.A.<br \/>\nul. Ks. Biskupa Wincentego Tymienieckiego 22G 90-349 \u0141\u00f3d\u017a<\/h4>\n<p><img loading=\"lazy\" decoding=\"async\" class=\"alignnone size-full wp-image-2268\" src=\"https:\/\/sse.lodz.pl\/wp-content\/uploads\/2023\/03\/email-simple-orange.svg\" alt=\"\" width=\"16\" height=\"12\" \/>\u00a0<a href=\"mailto:info@sse.lodz.pl\">info@sse.lodz.pl<\/a><br \/>\n<img loading=\"lazy\" decoding=\"async\" class=\"alignnone size-full wp-image-2270\" src=\"https:\/\/sse.lodz.pl\/wp-content\/uploads\/2023\/03\/phone-simple-orange.svg\" alt=\"\" width=\"16\" height=\"16\" \/> tel. <a href=\"tel:0048422755098\">(+48) 42 275 50 98<\/a>, \u00a0 <img loading=\"lazy\" decoding=\"async\" class=\"alignnone size-full wp-image-2270\" src=\"https:\/\/sse.lodz.pl\/wp-content\/uploads\/2023\/03\/phone-simple-orange.svg\" alt=\"\" width=\"16\" height=\"16\" \/> <a href=\"tel:0048422755099\">(+48) 42\u00a0275 50 99<\/a><br \/>\n<img loading=\"lazy\" decoding=\"async\" class=\"alignnone size-full wp-image-2269\" src=\"https:\/\/sse.lodz.pl\/wp-content\/uploads\/2023\/03\/fax-simple-orange.svg.svg\" alt=\"\" width=\"14\" height=\"14\" \/> fax. <a href=\"fax:+48426762755\">(+48) 42 676 27 55<\/a>[\/vc_column_text][\/vc_column][\/vc_row][vc_section el_class=&#8221;team-collapse&#8221;][vc_row][vc_column][vc_custom_heading text=&#8221;Biuro Zarz\u0105du&#8221; font_container=&#8221;tag:h3|text_align:left&#8221; use_theme_fonts=&#8221;yes&#8221;][\/vc_column][\/vc_row][vc_row el_class=&#8221;team-collapse-top&#8221;][vc_column width=&#8221;1\/2&#8243;][vc_row_inner content_placement=&#8221;middle&#8221;][vc_column_inner width=&#8221;1\/3&#8243;][vc_single_image image=&#8221;4745&#8243; img_size=&#8221;full&#8221;][\/vc_column_inner][vc_column_inner width=&#8221;2\/3&#8243;][vc_column_text]<\/p>\n<h4>Joanna Siwi\u0144ska<\/h4>\n<p>Dyrektor Biura Zarz\u0105du<\/p>\n<p><img loading=\"lazy\" decoding=\"async\" class=\"alignnone size-full wp-image-2268\" src=\"https:\/\/sse.lodz.pl\/wp-content\/uploads\/2023\/03\/email-simple-orange.svg\" alt=\"\" width=\"16\" height=\"12\" \/>\u00a0<a href=\"mailto:joanna.siwinska@sse.lodz.pl\">joanna.siwinska@sse.lodz.pl<\/a><br \/>\n<img loading=\"lazy\" decoding=\"async\" class=\"alignnone size-full wp-image-2270\" src=\"https:\/\/sse.lodz.pl\/wp-content\/uploads\/2023\/03\/phone-simple-orange.svg\" alt=\"\" width=\"16\" height=\"16\" \/>\u00a0<a href=\"tel:+48422755098\">(+48) 42 275 50 98<\/a>[\/vc_column_text][\/vc_column_inner][\/vc_row_inner][\/vc_column][vc_column width=&#8221;1\/2&#8243;][vc_row_inner content_placement=&#8221;middle&#8221;][vc_column_inner width=&#8221;1\/3&#8243;][vc_single_image image=&#8221;7046&#8243; img_size=&#8221;full&#8221;][\/vc_column_inner][vc_column_inner width=&#8221;2\/3&#8243;][vc_column_text]<\/p>\n<h4>Sylwester Krych<\/h4>\n<p>Zast\u0119pca Dyrektora<\/p>\n<p><img loading=\"lazy\" decoding=\"async\" class=\"alignnone size-full wp-image-2268\" src=\"https:\/\/sse.lodz.pl\/wp-content\/uploads\/2023\/03\/email-simple-orange.svg\" alt=\"\" width=\"16\" height=\"12\" \/>\u00a0<a href=\"mailto:sylwester.krych@sse.lodz.pl\">sylwester.krych@sse.lodz.pl<\/a><br \/>\n<img loading=\"lazy\" decoding=\"async\" class=\"alignnone size-full wp-image-2270\" src=\"https:\/\/sse.lodz.pl\/wp-content\/uploads\/2023\/03\/phone-simple-orange.svg\" alt=\"\" width=\"16\" height=\"16\" \/> <a href=\"tel:+48695774944\">(+48) 695 774 944<\/a>[\/vc_column_text][\/vc_column_inner][\/vc_row_inner][\/vc_column][\/vc_row][vc_row][vc_column][vc_btn title=&#8221;Zesp\u00f3\u0142&#8221; color=&#8221;btn-custom-read-more&#8221; el_class=&#8221;btn-default btn-collapse&#8221;][\/vc_column][\/vc_row][vc_row el_class=&#8221;team-collapsed&#8221;][vc_column width=&#8221;1\/5&#8243;][vc_single_image image=&#8221;4604&#8243; img_size=&#8221;full&#8221;][vc_column_text]<\/p>\n<h4>Emilia Stefa\u0144ska<\/h4>\n<p>Ekspert \/ HR<br \/>\n<a href=\"mailto:emilia.stefanska@sse.lodz.pl\">emilia.stefanska@sse.lodz.pl<\/a><br \/>\n<a href=\"tel:0048721214368\">(+48) 721 214 368<\/a><br \/>\n<small>#HR<\/small>[\/vc_column_text][\/vc_column][vc_column width=&#8221;1\/5&#8243;][vc_single_image image=&#8221;4808&#8243; img_size=&#8221;full&#8221;][vc_column_text]<\/p>\n<h4>Kamila Stasinowska<\/h4>\n<p>Asystent Zarz\u0105du<br \/>\n<a href=\"mailto:kamila.stasinowska@sse.lodz.pl\">kamila.stasinowska@sse.lodz.pl<\/a><br \/>\n<a href=\"tel:0048422755098\">(+48) 42 275 50 98<\/a><br \/>\n<small>#managementboard #office<\/small>[\/vc_column_text][\/vc_column][vc_column width=&#8221;1\/5&#8243;][vc_single_image image=&#8221;4806&#8243; img_size=&#8221;full&#8221;][vc_column_text]<\/p>\n<h4>Blanka Klonowska<\/h4>\n<p>Asystent Zarz\u0105du<br \/>\n<a href=\"mailto:blanka.klonowska@sse.lodz.pl\">blanka.klonowska@sse.lodz.pl<\/a><br \/>\n<a href=\"tel:0048422755099\">(+48) 42 275 50 99<\/a><br \/>\n<small>#managementboard #office<\/small>[\/vc_column_text][\/vc_column][vc_column width=&#8221;1\/5&#8243;][vc_single_image image=&#8221;6099&#8243; img_size=&#8221;full&#8221;][vc_column_text]<\/p>\n<h4>Emilia Urba\u0144czak<\/h4>\n<p><span data-teams=\"true\"><span class=\"ui-provider a b c d e f g h i j k l m n o p q r s t u v w x y z ab ac ae af ag ah ai aj ak\" dir=\"ltr\">Specjalista ds. Zam\u00f3wie\u0144 Publicznych<\/span><\/span><br \/>\n<a href=\"mailto:emilia.urbanczak@sse.lodz.pl\">emilia.urbanczak@sse.lodz.pl<\/a><\/p>\n<p>#zamowieniapubliczne[\/vc_column_text][\/vc_column][\/vc_row][vc_row el_class=&#8221;team-collapsed&#8221;][vc_column width=&#8221;1\/5&#8243;][vc_single_image image=&#8221;4592&#8243; img_size=&#8221;full&#8221;][vc_column_text]<\/p>\n<h4>Mariola Zajdel<\/h4>\n<p>Specjalista<br \/>\n<a href=\"mailto:mariola.zajdel@sse.lodz.pl\">mariola.zajdel@sse.lodz.pl<\/a><br \/>\n<a href=\"tel:0048609474070\">(+48) 609 474 070 <\/a><br \/>\n<small>#wynajemsalkonferencyjnych<\/small>[\/vc_column_text][\/vc_column][vc_column width=&#8221;1\/5&#8243;][vc_single_image image=&#8221;4812&#8243; img_size=&#8221;full&#8221;][vc_column_text]<\/p>\n<h4>Przemys\u0142aw Przyby\u0142<\/h4>\n<p>Specjalista<br \/>\n<a href=\"mailto:przemyslaw.przybyl@sse.lodz.pl\">przemyslaw.przybyl@sse.lodz.pl<\/a><br \/>\n<a href=\"tel:0048721551020\">(+48) 721 551 020<\/a><\/p>\n<p><small>#transport #flota<\/small>[\/vc_column_text][\/vc_column][vc_column width=&#8221;1\/5&#8243;][\/vc_column][\/vc_row][\/vc_section][vc_section el_class=&#8221;team-collapse&#8221;][\/vc_section][vc_section el_class=&#8221;team-collapse&#8221;][vc_row][vc_column][vc_custom_heading text=&#8221;Departament Marketingu i Promocji&#8221; font_container=&#8221;tag:h3|text_align:left&#8221; use_theme_fonts=&#8221;yes&#8221;][\/vc_column][\/vc_row][vc_row el_class=&#8221;team-collapse-top&#8221;][vc_column width=&#8221;1\/2&#8243;][vc_row_inner content_placement=&#8221;middle&#8221;][vc_column_inner width=&#8221;1\/3&#8243;][vc_single_image image=&#8221;4730&#8243; img_size=&#8221;full&#8221;][\/vc_column_inner][vc_column_inner width=&#8221;2\/3&#8243;][vc_column_text]<\/p>\n<h4>Magdalena Sosnowska<\/h4>\n<p>Dyrektor<\/p>\n<p><img loading=\"lazy\" decoding=\"async\" class=\"alignnone size-full wp-image-2268\" src=\"https:\/\/sse.lodz.pl\/wp-content\/uploads\/2023\/03\/email-simple-orange.svg\" alt=\"\" width=\"16\" height=\"12\" \/>\u00a0<a href=\"mailto:magdalena.sosnowska@sse.lodz.pl\">magdalena.sosnowska@sse.lodz.pl<\/a><br \/>\n<img loading=\"lazy\" decoding=\"async\" class=\"alignnone size-full wp-image-2270\" src=\"https:\/\/sse.lodz.pl\/wp-content\/uploads\/2023\/03\/phone-simple-orange.svg\" alt=\"\" width=\"16\" height=\"16\" \/>\u00a0<a href=\"tel:+48721550499\">(+48) 721 550 499<\/a><\/p>\n<p>#media #CSR[\/vc_column_text][\/vc_column_inner][\/vc_row_inner][\/vc_column][vc_column width=&#8221;1\/2&#8243;][vc_row_inner content_placement=&#8221;middle&#8221;][vc_column_inner width=&#8221;1\/3&#8243;][vc_single_image image=&#8221;4753&#8243; img_size=&#8221;full&#8221;][\/vc_column_inner][vc_column_inner width=&#8221;2\/3&#8243;][vc_column_text]<\/p>\n<h4>Marcin Kwintkiewicz<\/h4>\n<p>Zast\u0119pca Dyrektora<\/p>\n<p><img loading=\"lazy\" decoding=\"async\" class=\"alignnone size-full wp-image-2268\" src=\"https:\/\/sse.lodz.pl\/wp-content\/uploads\/2023\/03\/email-simple-orange.svg\" alt=\"\" width=\"16\" height=\"12\" \/>\u00a0<a href=\"mailto:marcin.kwintkiewicz@sse.lodz.pl\">marcin.kwintkiewicz@sse.lodz.pl<\/a><br \/>\n<img loading=\"lazy\" decoding=\"async\" class=\"alignnone size-full wp-image-2270\" src=\"https:\/\/sse.lodz.pl\/wp-content\/uploads\/2023\/03\/phone-simple-orange.svg\" alt=\"\" width=\"16\" height=\"16\" \/>\u00a0<a href=\"tel:+48 884 660 333\">(+48) <span data-teams=\"true\">884 660 333<\/span><\/a><\/p>\n<p>#marketing[\/vc_column_text][\/vc_column_inner][\/vc_row_inner][\/vc_column][\/vc_row][vc_row][vc_column][vc_btn title=&#8221;Zesp\u00f3\u0142&#8221; color=&#8221;btn-custom-read-more&#8221; el_class=&#8221;btn-default btn-collapse&#8221;][\/vc_column][\/vc_row][vc_row el_class=&#8221;team-collapsed&#8221;][vc_column width=&#8221;1\/5&#8243;][vc_single_image image=&#8221;4574&#8243; img_size=&#8221;full&#8221;][vc_column_text]<\/p>\n<h4>Barbara W\u00f3jcicka<\/h4>\n<p>Specjalista ds. Marketingu i Promocji<br \/>\n<a href=\"mailto:barbara.wojcicka@sse.lodz.pl\">barbara.wojcicka@sse.lodz.pl<\/a><br \/>\n<a href=\"tel:0048607779918\">(+48) 607 779 918<\/a><br \/>\n<small>#CSR #reaction<\/small>[\/vc_column_text][\/vc_column][vc_column width=&#8221;1\/5&#8243;][vc_single_image image=&#8221;4810&#8243; img_size=&#8221;full&#8221;][vc_column_text]<\/p>\n<h4>Ma\u0142gorzata Wolna<\/h4>\n<p>Specjalista ds. Marketingu i Promocji<br \/>\n<a href=\"mailto:malgorzata.wolna@sse.lodz.pl\">malgorzata.wolna@sse.lodz.pl<\/a><br \/>\n<a href=\"http:\/\/(+48) 605 123 447\">(+48) 605 123 447<\/a><br \/>\n#socialmedia #facebook #events[\/vc_column_text][\/vc_column][vc_column width=&#8221;1\/5&#8243;][vc_single_image image=&#8221;6259&#8243; img_size=&#8221;full&#8221;][vc_column_text]<\/p>\n<h4>Wiktor Komorowski<\/h4>\n<p>Specjalista ds. Marketingu i Promocji<br \/>\n<a href=\"mailto:wiktor.komorowski@sse.lodz.pl\">wiktor.komorowski@sse.lodz.pl<\/a><br \/>\n<a href=\"tel:+48605161135\">(+48) 605 161 135<\/a><\/p>\n<p>#csr #re_action #events[\/vc_column_text][\/vc_column][vc_column width=&#8221;1\/5&#8243;][vc_single_image image=&#8221;6222&#8243; img_size=&#8221;full&#8221;][vc_column_text]<\/p>\n<h4>Sebastian Zieli\u0144ski<\/h4>\n<p>Specjalista ds. Marketingu i Promocji<br \/>\n<a href=\"mailto:sebastian.zielinski@sse.lodz.pl\">sebastian.zielinski@sse.lodz.pl<\/a><br \/>\n<a href=\"http:\/\/(+48) 605 207 037\">(+48) 605 207 037<\/a><br \/>\n#socialmedia #photography[\/vc_column_text][\/vc_column][\/vc_row][vc_row el_class=&#8221;team-collapsed&#8221;][vc_column width=&#8221;1\/5&#8243;][vc_single_image image=&#8221;4782&#8243; img_size=&#8221;full&#8221;][vc_column_text]<\/p>\n<h4>Jan Marciniak<\/h4>\n<p>Specjalista ds. Marketingu i Promocji<br \/>\n<a href=\"mailto:jan.marciniak@sse.lodz.pl\">jan.marciniak@sse.lodz.pl<\/a><br \/>\n<small>#grafika #art #events<\/small>[\/vc_column_text][\/vc_column][vc_column width=&#8221;1\/5&#8243;][vc_single_image image=&#8221;5378&#8243; img_size=&#8221;full&#8221;][vc_column_text]<\/p>\n<h4>Aneta Ruda<\/h4>\n<p>Specjalista ds. Marketingu i Promocji<br \/>\n<a href=\"mailto:aneta.ruda@sse.lodz.pl\">aneta.ruda@sse.lodz.pl<\/a><br \/>\n<a href=\"http:\/\/(+48) 605 050 984\">(+48) 605 050 984<\/a><br \/>\n<small>#procedury<\/small>[\/vc_column_text][\/vc_column][vc_column width=&#8221;1\/5&#8243;][vc_single_image image=&#8221;6242&#8243;][vc_column_text]<\/p>\n<h4>Filip Su\u0142kowski<\/h4>\n<p>Specjalista ds. Marketingu i Promocji<br \/>\n<a href=\"mailto:filip.sulkowski@sse.lodz.pl\">filip.sulkowski@sse.lodz.pl<\/a><br \/>\n<a href=\"http:\/\/(+48) 607 153 103\">(+48) 607 153 103<\/a><br \/>\n<small>#social media #marketing #projects<\/small>[\/vc_column_text][\/vc_column][vc_column width=&#8221;1\/5&#8243;][vc_single_image image=&#8221;6305&#8243;][vc_column_text]<\/p>\n<h4>Mateusz Dederko<\/h4>\n<p>Specjalista ds. Marketingu i Promocji<br \/>\n<a href=\"mailto:mateusz.dederko@sse.lodz.pl\">mateusz.dederko@sse.lodz.pl<\/a><br \/>\n<small>#grafika #motion design #video<\/small>[\/vc_column_text][\/vc_column][vc_column width=&#8221;1\/5&#8243;][vc_single_image image=&#8221;6246&#8243;][vc_column_text]<\/p>\n<h4>Piotr Katafiasz<\/h4>\n<p>Specjalista ds. Marketingu i Promocji<br \/>\n<a href=\"mailto:piotr.katafiasz@sse.lodz.pl\">piotr.katafiasz@sse.lodz.pl<\/a><br \/>\n<small>#grafika #motion design #video<\/small>[\/vc_column_text][\/vc_column][\/vc_row][vc_row el_class=&#8221;team-collapsed&#8221;][vc_column width=&#8221;1\/5&#8243;][vc_single_image image=&#8221;6250&#8243; img_size=&#8221;full&#8221;][vc_column_text]<\/p>\n<h4>Adam Strefowski<\/h4>\n<p>Asystent AI ds. wysy\u0142ki newslettera<br \/>\n<a href=\"mailto:adam@sse.lodz.pl\">adam@sse.lodz.pl<\/a><br \/>\n<small>#newsletter #artificial<\/small>[\/vc_column_text][\/vc_column][\/vc_row][\/vc_section][vc_section el_class=&#8221;team-collapse&#8221;][vc_row][vc_column][vc_custom_heading text=&#8221;Departament Pozyskiwania i Obs\u0142ugi Inwestora&#8221; font_container=&#8221;tag:h3|text_align:left&#8221; use_theme_fonts=&#8221;yes&#8221;][\/vc_column][\/vc_row][vc_row el_class=&#8221;team-collapse-top&#8221;][vc_column width=&#8221;1\/2&#8243;][vc_row_inner content_placement=&#8221;middle&#8221;][vc_column_inner width=&#8221;1\/3&#8243;][vc_single_image image=&#8221;4847&#8243; img_size=&#8221;full&#8221;][\/vc_column_inner][vc_column_inner width=&#8221;2\/3&#8243;][vc_column_text]<\/p>\n<h4>Agnieszka Sobieszek<\/h4>\n<p>Dyrektor<\/p>\n<p><img loading=\"lazy\" decoding=\"async\" class=\"alignnone size-full wp-image-2268\" src=\"https:\/\/sse.lodz.pl\/wp-content\/uploads\/2023\/03\/email-simple-orange.svg\" alt=\"\" width=\"16\" height=\"12\" \/> <a href=\"mailto:agnieszka.sobieszek@sse.lodz.pl\">agnieszka.sobieszek@sse.lodz.pl<\/a><br \/>\n<img loading=\"lazy\" decoding=\"async\" class=\"alignnone size-full wp-image-2270\" src=\"https:\/\/sse.lodz.pl\/wp-content\/uploads\/2023\/03\/phone-simple-orange.svg\" alt=\"\" width=\"16\" height=\"16\" \/>\u00a0<a href=\"tel:0048607070136\">(+48) 607 070 136<\/a><\/p>\n<p>#pozyskiwanieinwestor\u00f3w #wsp\u00f3\u0142pracazJST[\/vc_column_text][\/vc_column_inner][\/vc_row_inner][\/vc_column][vc_column width=&#8221;1\/2&#8243;][vc_row_inner content_placement=&#8221;middle&#8221;][vc_column_inner width=&#8221;1\/3&#8243;][vc_single_image image=&#8221;4372&#8243; img_size=&#8221;full&#8221;][\/vc_column_inner][vc_column_inner width=&#8221;2\/3&#8243;][vc_column_text]<\/p>\n<h4>Dorota Lombardi<\/h4>\n<p>Z-ca Dyrektora ds. Pozyskiwania Inwestora<\/p>\n<p><img loading=\"lazy\" decoding=\"async\" class=\"alignnone size-full wp-image-2268\" src=\"https:\/\/sse.lodz.pl\/wp-content\/uploads\/2023\/03\/email-simple-orange.svg\" alt=\"\" width=\"16\" height=\"12\" \/>\u00a0<a href=\"mailto:dorota.lombardi@sse.lodz.pl\">dorota.lombardi@sse.lodz.pl<\/a><br \/>\n<img loading=\"lazy\" decoding=\"async\" class=\"alignnone size-full wp-image-2270\" src=\"https:\/\/sse.lodz.pl\/wp-content\/uploads\/2023\/03\/phone-simple-orange.svg\" alt=\"\" width=\"16\" height=\"16\" \/>\u00a0<a href=\"tel:+48601381294\">(+48) 601 381 294<\/a><\/p>\n<p>#pozyskiwanie inwestor\u00f3w #wsp\u00f3\u0142praca z JST[\/vc_column_text][\/vc_column_inner][\/vc_row_inner][\/vc_column][\/vc_row][vc_row el_class=&#8221;team-collapse-top&#8221;][vc_column width=&#8221;1\/2&#8243;][vc_row_inner content_placement=&#8221;middle&#8221;][vc_column_inner width=&#8221;1\/3&#8243;][vc_single_image image=&#8221;4848&#8243; img_size=&#8221;full&#8221;][\/vc_column_inner][vc_column_inner width=&#8221;2\/3&#8243;][vc_column_text]<\/p>\n<h4>Pawe\u0142 Klimczak<\/h4>\n<p>Z-ca Dyrektora ds. Obs\u0142ugi Inwestora<\/p>\n<p><img loading=\"lazy\" decoding=\"async\" class=\"alignnone size-full wp-image-2268\" src=\"https:\/\/sse.lodz.pl\/wp-content\/uploads\/2023\/03\/email-simple-orange.svg\" alt=\"\" width=\"16\" height=\"12\" \/>\u00a0<a href=\"mailto:pawel.klimczak@sse.lodz.pl\">pawel.klimczak@sse.lodz.pl<\/a><br \/>\n<img loading=\"lazy\" decoding=\"async\" class=\"alignnone size-full wp-image-2270\" src=\"https:\/\/sse.lodz.pl\/wp-content\/uploads\/2023\/03\/phone-simple-orange.svg\" alt=\"\" width=\"16\" height=\"16\" \/>\u00a0<a href=\"tel:0048691400161\">(+48) 691 400 161<\/a><\/p>\n<p>#obslugawnioskow #nieruchomosci[\/vc_column_text][\/vc_column_inner][\/vc_row_inner][\/vc_column][vc_column width=&#8221;1\/2&#8243;][\/vc_column][\/vc_row][vc_row][vc_column][vc_btn title=&#8221;Zesp\u00f3\u0142&#8221; color=&#8221;btn-custom-read-more&#8221; el_class=&#8221;btn-default btn-collapse&#8221;][\/vc_column][\/vc_row][vc_row el_class=&#8221;team-collapsed&#8221;][vc_column width=&#8221;1\/5&#8243;][vc_single_image image=&#8221;2406&#8243; img_size=&#8221;full&#8221;][vc_column_text]<\/p>\n<h4>Magdalena Pleci\u0144ska<\/h4>\n<p>Ekspert ds. Obs\u0142ugi Inwestora<br \/>\n<a href=\"mailto:magdalena.plecinska@sse.lodz.pl\">magdalena.plecinska@sse.lodz.pl<\/a><br \/>\n<a href=\"tel:0048605051535\">(+48) 605 051 535<\/a><br \/>\n<small>#nieruchomo\u015bci<\/small>[\/vc_column_text][\/vc_column][vc_column width=&#8221;1\/5&#8243;][vc_single_image image=&#8221;2408&#8243; img_size=&#8221;full&#8221;][vc_column_text]<\/p>\n<h4>Monika Orze\u0142<\/h4>\n<p>Ekspert ds. Obs\u0142ugi Inwestora<br \/>\n<a href=\"mailto:monika.orzel@sse.lodz.pl\">monika.orzel@sse.lodz.pl<\/a><br \/>\n<a href=\"tel:0048605160866\">(+48) 605 160 866<\/a><br \/>\n<small>#obs\u0142ugawniosk\u00f3w #nieruchomo\u015bci<\/small>[\/vc_column_text][\/vc_column][vc_column width=&#8221;1\/5&#8243;][vc_single_image image=&#8221;2402&#8243; img_size=&#8221;full&#8221;][vc_column_text]<\/p>\n<h4>Dorota Krawczyk<\/h4>\n<p>Ekspert ds. Obs\u0142ugi Inwestora<br \/>\n<a href=\"mailto:dorota.krawczyk@sse.lodz.pl\">dorota.krawczyk@sse.lodz.pl<\/a><br \/>\n<a href=\"tel:0048721558311\">(+48) 721 558 311<\/a><br \/>\n<small>#obs\u0142uga wniosk\u00f3w<\/small>[\/vc_column_text][\/vc_column][vc_column width=&#8221;1\/5&#8243;][vc_single_image image=&#8221;5369&#8243; img_size=&#8221;full&#8221;][vc_column_text]<\/p>\n<h4>Sylwia Klimecka-Piec<\/h4>\n<p>Ekspert ds. Obs\u0142ugi Inwestora<br \/>\n<a href=\"mailto:s.klimecka-piec@sse.lodz.pl\">s.klimecka-piec@sse.lodz.pl<\/a><br \/>\n<a href=\"tel:+48783917614\">(+48) 783 917 614<\/a>[\/vc_column_text][\/vc_column][vc_column width=&#8221;1\/5&#8243;][vc_single_image image=&#8221;4601&#8243; img_size=&#8221;full&#8221;][vc_column_text]<\/p>\n<h4>Rafa\u0142 Pi\u0105tczak<\/h4>\n<p>Ekspert ds. Pozyskiwania Inwestora<br \/>\n<a href=\"mailto:rafal.piatczak@sse.lodz.pl\">rafal.piatczak@sse.lodz.pl<\/a><br \/>\n<a href=\"tel:0048605161153\">(+48) 605 161 153 <\/a><br \/>\n<small>#pozyskiwanie inwestor\u00f3w #wsp\u00f3\u0142praca z JST #tereny inwestycyjne<\/small>[\/vc_column_text][\/vc_column][\/vc_row][vc_row el_class=&#8221;team-collapsed&#8221;][vc_column width=&#8221;1\/5&#8243;][vc_single_image image=&#8221;2403&#8243; img_size=&#8221;full&#8221;][vc_column_text]<\/p>\n<h4>Karolina Falkenberg<\/h4>\n<p>Ekspert ds. Pozyskiwania Inwestora<br \/>\n<a href=\"mailto:karolina.falkenberg@sse.lodz.pl\">karolina.falkenberg@sse.lodz.pl<\/a><br \/>\n<a href=\"tel:0048721205620\">(+48) 721 205 620<\/a><br \/>\n<small>#pozyskiwanie inwestor\u00f3w #wsp\u00f3\u0142praca z JST<\/small>[\/vc_column_text][\/vc_column][vc_column width=&#8221;1\/5&#8243;][vc_single_image image=&#8221;6957&#8243; img_size=&#8221;full&#8221;][vc_column_text]<\/p>\n<h4>Eri Iwamoto<\/h4>\n<p>Ekspert &#8211; Asian Desk<br \/>\n<a href=\"mailto:eri.iwamoto@sse.lodz.pl\">eri.iwamoto@sse.lodz.pl<\/a><br \/>\n<a href=\"tel:+48721550487\">(+48) 721 550 487<\/a>[\/vc_column_text][\/vc_column][vc_column width=&#8221;1\/5&#8243;][vc_single_image image=&#8221;4577&#8243; img_size=&#8221;full&#8221;][vc_column_text]<\/p>\n<h4>Daniel \u0141uszczyn<\/h4>\n<p>Specjalista ds. Pozyskiwania i Obs\u0142ugi Inwestora<br \/>\n<a href=\"mailto:daniel.luszczyn@sse.lodz.pl\">daniel.luszczyn@sse.lodz.pl<\/a><br \/>\n<a href=\"tel:0048887881181\">(+48) 887 881 181<\/a><br \/>\n<small>#pozyskiwanie inwestor\u00f3w #europa wschodnia<\/small>[\/vc_column_text][\/vc_column][vc_column width=&#8221;1\/5&#8243;][vc_single_image image=&#8221;2407&#8243; img_size=&#8221;full&#8221;][vc_column_text]<\/p>\n<h4>Mateusz S\u0142onecki<\/h4>\n<p>Specjalista ds. Pozyskiwania i Obs\u0142ugi Inwestora<br \/>\n<a href=\"mailto:mateusz.slonecki@sse.lodz.pl\">mateusz.slonecki@sse.lodz.pl<\/a><br \/>\n<a href=\"tel:0048739900695\">(+48) 739 900 695<\/a><br \/>\n<small>#pozyskiwanie inwestor\u00f3w #marketing<\/small>[\/vc_column_text][\/vc_column][vc_column width=&#8221;1\/5&#8243;][vc_single_image image=&#8221;6253&#8243; img_size=&#8221;full&#8221;][vc_column_text]<\/p>\n<h4>Monika Kaczmarek<\/h4>\n<p>Specjalista ds. Pozyskiwania i Obs\u0142ugi Inwestora<br \/>\n<a href=\"mailto:monika.kaczmarek@sse.lodz.pl\">monika.kaczmarek@sse.lodz.pl<\/a><br \/>\n<a href=\"tel:0048721550166\">(+48) 721 550 166<\/a><br \/>\n<small>#pozyskiwanie inwestor\u00f3w #marketing<\/small>[\/vc_column_text][\/vc_column][\/vc_row][vc_row el_class=&#8221;team-collapsed&#8221;][vc_column width=&#8221;1\/5&#8243;][vc_single_image image=&#8221;4598&#8243; img_size=&#8221;full&#8221;][vc_column_text]<\/p>\n<h4>Piotr Matulka<\/h4>\n<p>Specjalista ds. Pozyskiwania i Obs\u0142ugi Inwestora<br \/>\n<a href=\"mailto:piotr.matulka@sse.lodz.pl\">piotr.matulka@sse.lodz.pl<\/a><br \/>\n<a href=\"tel:0048721551480\">(+48) 721 551 480<\/a><br \/>\n<small>#pozyskiwanie inwestor\u00f3w #wsp\u00f3\u0142praca z JST #tereny inwestycyjne<\/small>[\/vc_column_text][\/vc_column][vc_column width=&#8221;1\/5&#8243;][vc_single_image image=&#8221;6261&#8243; img_size=&#8221;full&#8221;][vc_column_text]<\/p>\n<h4>Nasanbayar Tumurbaatar<\/h4>\n<p>Specjalista ds. Pozyskiwania i Obs\u0142ugi Inwestora<br \/>\n<a href=\"mailto:nasanbayar.tumurbaatar@sse.lodz.pl\">nasanbayar.tumurbaatar<\/a><a href=\"mailto:mateusz.slonecki@sse.lodz.pl\">@sse.lodz.pl<\/a><br \/>\n<a href=\"tel:0048605105874\">(+48) 605 105 874<\/a><br \/>\n<small>#pozyskiwanie inwestor\u00f3w #marketing<\/small>[\/vc_column_text][\/vc_column][vc_column width=&#8221;1\/5&#8243;][\/vc_column][vc_column width=&#8221;1\/5&#8243;][\/vc_column][vc_column width=&#8221;1\/5&#8243;][\/vc_column][\/vc_row][\/vc_section][vc_section el_class=&#8221;team-collapse&#8221;][vc_row][vc_column][vc_custom_heading text=&#8221;Departament Innowacji&#8221; font_container=&#8221;tag:h3|text_align:left&#8221; use_theme_fonts=&#8221;yes&#8221;][\/vc_column][\/vc_row][vc_row el_class=&#8221;team-collapse-top&#8221;][vc_column width=&#8221;1\/2&#8243;][vc_row_inner content_placement=&#8221;middle&#8221;][vc_column_inner width=&#8221;1\/3&#8243;][vc_single_image image=&#8221;4626&#8243; img_size=&#8221;full&#8221;][\/vc_column_inner][vc_column_inner width=&#8221;2\/3&#8243;][vc_column_text]<\/p>\n<h4>Magda Kubicka<\/h4>\n<p>Dyrektor<\/p>\n<p><img loading=\"lazy\" decoding=\"async\" class=\"alignnone size-full wp-image-2268\" src=\"https:\/\/sse.lodz.pl\/wp-content\/uploads\/2023\/03\/email-simple-orange.svg\" alt=\"\" width=\"16\" height=\"12\" \/>\u00a0<a href=\"mailto:magda.kubicka@sse.lodz.pl\">magda.kubicka@sse.lodz.pl<\/a><br \/>\n<img loading=\"lazy\" decoding=\"async\" class=\"alignnone size-full wp-image-2270\" src=\"https:\/\/sse.lodz.pl\/wp-content\/uploads\/2023\/03\/phone-simple-orange.svg\" alt=\"\" width=\"16\" height=\"16\" \/>\u00a0<a href=\"tel:0048607779755\">(+48) 607 779 755<\/a>[\/vc_column_text][\/vc_column_inner][\/vc_row_inner][\/vc_column][vc_column width=&#8221;1\/2&#8243;][\/vc_column][\/vc_row][vc_row][vc_column][vc_btn title=&#8221;Zesp\u00f3\u0142&#8221; color=&#8221;btn-custom-read-more&#8221; el_class=&#8221;btn-default btn-collapse&#8221;][\/vc_column][\/vc_row][vc_row el_class=&#8221;team-collapsed&#8221;][vc_column width=&#8221;1\/5&#8243;][vc_single_image image=&#8221;4589&#8243; img_size=&#8221;full&#8221;][vc_column_text]<\/p>\n<h4>Magdalena Smulczyk<\/h4>\n<p>Ekspert &#8211; Community Manager<br \/>\n<a href=\"mailto:magdalena.smulczyk@sse.lodz.pl\">magdalena.smulczyk@sse.lodz.pl<\/a>[\/vc_column_text][\/vc_column][vc_column width=&#8221;1\/5&#8243;][vc_single_image image=&#8221;7337&#8243; img_size=&#8221;full&#8221;][vc_column_text]<\/p>\n<h4>Monika Tomaszewska<\/h4>\n<p>Ekspert<br \/>\n<a href=\"mailto:monika.tomaszewska@sse.lodz.pl\">monika.tomaszewska@sse.lodz.pl<\/a><br \/>\n<a href=\"tel:0048601977823\">(+48) 601 977 823 <\/a>[\/vc_column_text][\/vc_column][vc_column width=&#8221;1\/5&#8243;][vc_single_image image=&#8221;6295&#8243; img_size=&#8221;full&#8221;][vc_column_text]<\/p>\n<h4>Ewelina Radke-Witczak<\/h4>\n<p>Ekspert<br \/>\n<a href=\"mailto:ewelina.radke-witczak@sse.lodz.pl\">ewelina.radke-witczak@sse.lodz.pl<\/a>[\/vc_column_text][\/vc_column][vc_column width=&#8221;1\/5&#8243;][vc_single_image image=&#8221;5625&#8243; img_size=&#8221;full&#8221;][vc_column_text]<\/p>\n<h4>Przemys\u0142aw Nowakowski<\/h4>\n<p>Ekspert<br \/>\n<a href=\"mailto:przemyslaw.nowakowski@sse.lodz.pl\">przemyslaw.nowakowski@sse.lodz.pl<\/a>[\/vc_column_text][\/vc_column][vc_column width=&#8221;1\/5&#8243;][vc_single_image image=&#8221;5627&#8243; img_size=&#8221;full&#8221;][vc_column_text]<\/p>\n<h4>Jerzy Jo\u0144ski<\/h4>\n<p>Ekspert<br \/>\n<a href=\"mailto:jerzy.jonski@sse.lodz.pl\">jerzy.jonski@sse.lodz.pl<\/a>[\/vc_column_text][\/vc_column][\/vc_row][vc_row el_class=&#8221;team-collapsed&#8221;][vc_column width=&#8221;1\/5&#8243;][vc_single_image image=&#8221;7336&#8243; img_size=&#8221;full&#8221;][vc_column_text]<\/p>\n<h4>Agnieszka Micha\u0142owska-Dutkiewicz<\/h4>\n<p>Kierownik projektu<br \/>\n<a href=\"mailto:agnieszka.michalowska-dutkiewicz@sse.lodz.pl\">agnieszka.michalowska-dutkiewicz@sse.lodz.pl<\/a>[\/vc_column_text][\/vc_column][vc_column width=&#8221;1\/5&#8243;][vc_single_image image=&#8221;7338&#8243; img_size=&#8221;full&#8221;][vc_column_text]<\/p>\n<h4>Anna Krawczyk<\/h4>\n<p>Z-ca Kierownika projektu<br \/>\n<a href=\"mailto:anna.krawczyk@sse.lodz.pl\">anna.krawczyk@sse.lodz.pl<\/a>[\/vc_column_text][\/vc_column][vc_column width=&#8221;1\/5&#8243;][vc_single_image image=&#8221;5633&#8243; img_size=&#8221;full&#8221;][vc_column_text]<\/p>\n<h4>Ewa Grabowska Pa\u0142\u0119ga<\/h4>\n<p>Ekspert ds. realizacji projekt\u00f3w<br \/>\n<a href=\"mailto:ewa.grabowska@sse.lodz.pl\">ewa.grabowska@sse.lodz.pl<\/a>[\/vc_column_text][\/vc_column][vc_column width=&#8221;1\/5&#8243;][vc_single_image image=&#8221;5629&#8243; img_size=&#8221;full&#8221;][vc_column_text]<\/p>\n<h4>Anna K\u0105dzielewska<\/h4>\n<p>Specjalista ds. sprzeda\u017cy<br \/>\n<a href=\"mailto:anna.kadzielewska@sse.lodz.pl\">anna.kadzielewska@sse.lodz.pl<\/a>[\/vc_column_text][\/vc_column][vc_column width=&#8221;1\/5&#8243;][vc_single_image image=&#8221;5628&#8243; img_size=&#8221;full&#8221;][vc_column_text]<\/p>\n<h4>Agnieszka Kociszewska<\/h4>\n<p>Specjalista ds. marketingu<br \/>\n<a href=\"mailto:agnieszka.kociszewska@sse.lodz.pl\">agnieszka.kociszewska@sse.lodz.pl<\/a>[\/vc_column_text][\/vc_column][\/vc_row][vc_row el_class=&#8221;team-collapsed&#8221;][vc_column width=&#8221;1\/5&#8243;][vc_single_image image=&#8221;5631&#8243; img_size=&#8221;full&#8221;][vc_column_text]<\/p>\n<h4>Aleksandra Pawlik<\/h4>\n<p>Specjalista ds. rozlicze\u0144<br \/>\n<a href=\"mailto:aleksandra.pawlik@sse.lodz.pl\">aleksandra.pawlik@sse.lodz.pl<\/a>[\/vc_column_text][\/vc_column][vc_column width=&#8221;1\/5&#8243;][vc_single_image image=&#8221;5632&#8243; img_size=&#8221;full&#8221;][vc_column_text]<\/p>\n<h4>Marta Trojanowska<\/h4>\n<p>Specjalista ds. rozlicze\u0144<br \/>\n<a href=\"mailto:marta.trojanowska@sse.lodz.pl\">marta.trojanowska@sse.lodz.pl<\/a>[\/vc_column_text][\/vc_column][vc_column width=&#8221;1\/5&#8243;][vc_single_image image=&#8221;6272&#8243; img_size=&#8221;full&#8221;][vc_column_text]<\/p>\n<h4>Micha\u0142 Serafi\u0144ski<\/h4>\n<p>Specjalista ds. rozlicze\u0144<br \/>\n<a href=\"mailto:michal.serafinski@sse.lodz.pl\">michal.serafinski@sse.lodz.pl<\/a>[\/vc_column_text][\/vc_column][vc_column width=&#8221;1\/5&#8243;][vc_single_image image=&#8221;7339&#8243; img_size=&#8221;full&#8221;][vc_column_text]<\/p>\n<h4>Agnieszka Trawczy\u0144ska<\/h4>\n<p>Specjalista ds. rozlicze\u0144<br \/>\n<a href=\"mailto:agnieszka.trawczynska@sse.lodz.pl\">agnieszka.trawczynska@sse.lodz.pl<\/a>[\/vc_column_text][\/vc_column][vc_column width=&#8221;1\/5&#8243;][vc_single_image image=&#8221;7340&#8243; img_size=&#8221;full&#8221;][vc_column_text]<\/p>\n<h4>Damiana Skonieczna-Gaw\u0119da<\/h4>\n<p>Specjalista ds. rozlicze\u0144<br \/>\n<a href=\"mailto:damiana.skonieczna-gaweda@sse.lodz.pl\">damiana.skonieczna-gaweda@sse.lodz.pl<\/a>[\/vc_column_text][\/vc_column][\/vc_row][\/vc_section][vc_section el_class=&#8221;team-collapse&#8221;][vc_row][vc_column][vc_custom_heading text=&#8221;Departament Inwestycji i Gospodarowania Mieniem&#8221; font_container=&#8221;tag:h3|text_align:left&#8221; use_theme_fonts=&#8221;yes&#8221;][\/vc_column][\/vc_row][vc_row el_class=&#8221;team-collapse-top&#8221;][vc_column width=&#8221;1\/2&#8243;][vc_row_inner content_placement=&#8221;middle&#8221;][vc_column_inner width=&#8221;1\/3&#8243;][vc_single_image image=&#8221;4565&#8243; img_size=&#8221;full&#8221;][\/vc_column_inner][vc_column_inner width=&#8221;2\/3&#8243;][vc_column_text]<\/p>\n<h4>Adrianna Nowaczyk<\/h4>\n<p>Dyrektor<\/p>\n<p><img loading=\"lazy\" decoding=\"async\" class=\"alignnone size-full wp-image-2268\" src=\"https:\/\/sse.lodz.pl\/wp-content\/uploads\/2023\/03\/email-simple-orange.svg\" alt=\"\" width=\"16\" height=\"12\" \/> <a href=\"mailto:adrianna.nowaczyk@sse.lodz.pl\">adrianna.nowaczyk@sse.lodz.pl<\/a><br \/>\n<img loading=\"lazy\" decoding=\"async\" class=\"alignnone size-full wp-image-2270\" src=\"https:\/\/sse.lodz.pl\/wp-content\/uploads\/2023\/03\/phone-simple-orange.svg\" alt=\"\" width=\"16\" height=\"16\" \/>\u00a0<a href=\"tel:0048723810795\">(+48) 723 810 795<\/a><\/p>\n<p>#inwestycjeinfrastrukturalne[\/vc_column_text][\/vc_column_inner][\/vc_row_inner][\/vc_column][vc_column width=&#8221;1\/2&#8243;][vc_row_inner content_placement=&#8221;middle&#8221;][vc_column_inner width=&#8221;1\/3&#8243;][vc_single_image image=&#8221;5359&#8243; img_size=&#8221;full&#8221;][\/vc_column_inner][vc_column_inner width=&#8221;2\/3&#8243;][vc_column_text]<\/p>\n<h4>Rafa\u0142 Wolniewicz<\/h4>\n<p>Zast\u0119pca Dyrektora<\/p>\n<p><img loading=\"lazy\" decoding=\"async\" class=\"alignnone size-full wp-image-2268\" src=\"https:\/\/sse.lodz.pl\/wp-content\/uploads\/2023\/03\/email-simple-orange.svg\" alt=\"\" width=\"16\" height=\"12\" \/> <a href=\"mailto:rafal.wolniewicz@sse.lodz.pl\">rafal.wolniewicz@sse.lodz.pl<\/a><br \/>\n<img loading=\"lazy\" decoding=\"async\" class=\"alignnone size-full wp-image-2270\" src=\"https:\/\/sse.lodz.pl\/wp-content\/uploads\/2023\/03\/phone-simple-orange.svg\" alt=\"\" width=\"16\" height=\"16\" \/>\u00a0<a href=\"tel:0048605125415\">(+48) 605 125 415<\/a><\/p>\n<p>#inwestycjeinfrastrukturalne[\/vc_column_text][\/vc_column_inner][\/vc_row_inner][\/vc_column][\/vc_row][vc_row][vc_column][vc_btn title=&#8221;Zesp\u00f3\u0142&#8221; color=&#8221;btn-custom-read-more&#8221; el_class=&#8221;btn-default btn-collapse&#8221;][\/vc_column][\/vc_row][vc_row el_class=&#8221;team-collapsed&#8221;][vc_column width=&#8221;1\/5&#8243;][vc_single_image image=&#8221;5375&#8243; img_size=&#8221;full&#8221;][vc_column_text]<\/p>\n<h4>Anna Moll<\/h4>\n<p>Specjalista ds. Inwestycji<br \/>\n<a href=\"mailto:anna.moll@sse.lodz.pl\">anna.moll@sse.lodz.pl<\/a><br \/>\n<a href=\"tel:0048607779725\">(+48) 607 779 725<\/a><br \/>\n<small>#infrastruktura<\/small>[\/vc_column_text][\/vc_column][vc_column width=&#8221;1\/5&#8243;][vc_single_image image=&#8221;5376&#8243; img_size=&#8221;full&#8221;][vc_column_text]<\/p>\n<h4>Magdalena Olejnik<\/h4>\n<p>Specjalista ds. Inwestycji<br \/>\n<a href=\"mailto:magdalena.olejnik@sse.lodz.pl\">magdalena.olejnik@sse.lodz.pl<\/a><br \/>\n<a href=\"tel:0048721550016\">(+48) 721 550 016<\/a><br \/>\n<small>#infrastruktura<\/small>[\/vc_column_text][\/vc_column][vc_column width=&#8221;1\/5&#8243;][vc_single_image image=&#8221;5379&#8243; img_size=&#8221;full&#8221;][vc_column_text]<\/p>\n<h4>Lidia G\u00f3rska<\/h4>\n<p>Specjalista ds. Inwestycji<br \/>\n<a href=\"mailto:lidia.gorska@sse.lodz.pl\">lidia.gorska@sse.lodz.pl<\/a><br \/>\n<a href=\"tel:0048723513833\">(+48) 723 513 833<\/a><br \/>\n<small>#infrastruktura<\/small>[\/vc_column_text][\/vc_column][vc_column width=&#8221;1\/5&#8243;][vc_single_image image=&#8221;6248&#8243; img_size=&#8221;full&#8221;][vc_column_text]<\/p>\n<h4>Jakub S\u0142omian<\/h4>\n<p>Specjalista ds. Inwestycji<br \/>\n<a href=\"mailto:jakub.slomian@sse.lodz.pl\">jakub.slomian@sse.lodz.pl<\/a><br \/>\n<a href=\"tel:0048605161232\">(+48) 605 161 232<\/a><br \/>\n<small>#infrastruktura<\/small>[\/vc_column_text][\/vc_column][vc_column width=&#8221;1\/5&#8243;][vc_single_image image=&#8221;6244&#8243; img_size=&#8221;full&#8221;][vc_column_text]<\/p>\n<h4>S\u0142awomir Antos<\/h4>\n<p>Specjalista ds. Inwestycji<br \/>\n<a href=\"mailto:slawomir.antos@sse.lodz.pl\">slawomir.antos@sse.lodz.pl<\/a><\/p>\n<p>[\/vc_column_text][\/vc_column][\/vc_row][vc_row el_class=&#8221;team-collapsed&#8221;][vc_column width=&#8221;1\/5&#8243;][vc_single_image image=&#8221;4782&#8243; img_size=&#8221;full&#8221;][vc_column_text]<\/p>\n<h4>Micha\u0142 K\u0142ysz<\/h4>\n<p>Specjalista ds. Inwestycji<br \/>\n<a href=\"mailto:michal.klysz@sse.lodz.pl\">michal.klysz@sse.lodz.pl<\/a><\/p>\n<p><small>#infrastruktura<\/small>[\/vc_column_text][\/vc_column][vc_column width=&#8221;1\/5&#8243;][vc_single_image image=&#8221;5380&#8243; img_size=&#8221;full&#8221;][vc_column_text]<\/p>\n<h4>Marek Ne\u0107<\/h4>\n<p>Specjalista ds. Inwestycji \/ Pracownik Techniczny<br \/>\n<a href=\"mailto:marek.nec@sse.lodz.pl\">marek.nec@sse.lodz.pl<\/a><br \/>\n<a href=\"tel:0048605122877\">(+48) 605 122 877<\/a>[\/vc_column_text][\/vc_column][vc_column width=&#8221;1\/5&#8243;][vc_single_image image=&#8221;5381&#8243; img_size=&#8221;full&#8221;][vc_column_text]<\/p>\n<h4>Bogdan Andrzejczak<\/h4>\n<p><a href=\"mailto:techniczni@sse.lodz.pl\">techniczni@sse.lodz.pl<\/a><br \/>\n<small>#infrastruktura<\/small>[\/vc_column_text][\/vc_column][vc_column width=&#8221;1\/5&#8243;][vc_single_image image=&#8221;5382&#8243; img_size=&#8221;full&#8221;][vc_column_text]<\/p>\n<h4>Andrzej Janiak<\/h4>\n<p><a href=\"mailto:techniczni@sse.lodz.pl\">techniczni@sse.lodz.pl<\/a><br \/>\n<small>#infrastruktura<\/small>[\/vc_column_text][\/vc_column][vc_column width=&#8221;1\/5&#8243;][vc_single_image image=&#8221;5383&#8243; img_size=&#8221;full&#8221;][vc_column_text]<\/p>\n<h4>Piotr Chyci\u0144ski<\/h4>\n<p><a href=\"mailto:techniczni@sse.lodz.pl\">techniczni@sse.lodz.pl<\/a><br \/>\n<small>#infrastruktura<\/small>[\/vc_column_text][\/vc_column][\/vc_row][\/vc_section][vc_section el_class=&#8221;team-collapse&#8221;][vc_row][vc_column][vc_custom_heading text=&#8221;Departament Ksi\u0119gowo\u015bci&#8221; font_container=&#8221;tag:h3|text_align:left&#8221; use_theme_fonts=&#8221;yes&#8221;][\/vc_column][\/vc_row][vc_row el_class=&#8221;team-collapse-top&#8221;][vc_column width=&#8221;1\/2&#8243;][vc_row_inner content_placement=&#8221;middle&#8221;][vc_column_inner width=&#8221;1\/3&#8243;][vc_single_image image=&#8221;4568&#8243; img_size=&#8221;full&#8221;][\/vc_column_inner][vc_column_inner width=&#8221;2\/3&#8243;][vc_column_text]<\/p>\n<h4>Dorota Sibilska<\/h4>\n<p>Dyrektor<\/p>\n<p><img loading=\"lazy\" decoding=\"async\" class=\"alignnone size-full wp-image-2268\" src=\"https:\/\/sse.lodz.pl\/wp-content\/uploads\/2023\/03\/email-simple-orange.svg\" alt=\"\" width=\"16\" height=\"12\" \/>\u00a0<a href=\"mailto:dorota.sibilska@sse.lodz.pl\">dorota.sibilska@sse.lodz.pl<\/a><br \/>\n<img loading=\"lazy\" decoding=\"async\" class=\"alignnone size-full wp-image-2270\" src=\"https:\/\/sse.lodz.pl\/wp-content\/uploads\/2023\/03\/phone-simple-orange.svg\" alt=\"\" width=\"16\" height=\"16\" \/>\u00a0<a href=\"tel:0048603756798\">(+48) 603 756 798 <\/a>[\/vc_column_text][\/vc_column_inner][\/vc_row_inner][\/vc_column][vc_column width=&#8221;1\/2&#8243;][vc_row_inner content_placement=&#8221;middle&#8221;][vc_column_inner width=&#8221;1\/3&#8243;][vc_single_image image=&#8221;6714&#8243; img_size=&#8221;full&#8221;][\/vc_column_inner][vc_column_inner width=&#8221;2\/3&#8243;][vc_column_text]<\/p>\n<h4>Marta Jarzy\u0144ska<\/h4>\n<p>Zast\u0119pca Dyrektora<\/p>\n<p><img loading=\"lazy\" decoding=\"async\" class=\"alignnone size-full wp-image-2268\" src=\"https:\/\/sse.lodz.pl\/wp-content\/uploads\/2023\/03\/email-simple-orange.svg\" alt=\"\" width=\"16\" height=\"12\" \/>\u00a0<a href=\"http:\/\/marta.jarzy\u0144ska@sse.lodz.pl\">marta.jarzy\u0144ska@sse.lodz.pl<\/a><br \/>\n<img loading=\"lazy\" decoding=\"async\" class=\"alignnone size-full wp-image-2270\" src=\"https:\/\/sse.lodz.pl\/wp-content\/uploads\/2023\/03\/phone-simple-orange.svg\" alt=\"\" width=\"16\" height=\"16\" \/> <a href=\"tel:+48422755067\">(+48) 42 275 50 67<\/a>[\/vc_column_text][\/vc_column_inner][\/vc_row_inner][\/vc_column][\/vc_row][vc_row][vc_column][vc_btn title=&#8221;Zesp\u00f3\u0142&#8221; color=&#8221;btn-custom-read-more&#8221; el_class=&#8221;btn-default btn-collapse&#8221;][\/vc_column][\/vc_row][vc_row el_class=&#8221;team-collapsed&#8221;][vc_column width=&#8221;1\/5&#8243;][vc_single_image image=&#8221;2301&#8243; img_size=&#8221;full&#8221;][vc_column_text]<\/p>\n<h4>Magdalena Witczak<\/h4>\n<p>Specjalista ds. Ksi\u0119gowo\u015bci<br \/>\n<a href=\"mailto:magdalena.witczak@sse.lodz.pl\">magdalena.witczak@sse.lodz.pl<\/a><br \/>\n<a href=\"tel:0048721559433\">(+48) 721 559 433<\/a>[\/vc_column_text][\/vc_column][vc_column width=&#8221;1\/5&#8243;][vc_single_image image=&#8221;2303&#8243; img_size=&#8221;full&#8221;][vc_column_text]<\/p>\n<h4>Kinga Wiernicka<\/h4>\n<p>Specjalista ds. Ksi\u0119gowo\u015bci<br \/>\n<a href=\"mailto:kinga.wiernicka@sse.lodz.pl\">kinga.wiernicka@sse.lodz.pl<\/a><br \/>\n<a href=\"tel:0048422755057\">(+48) 42 275 50 57<\/a>[\/vc_column_text][\/vc_column][vc_column width=&#8221;1\/5&#8243;][vc_single_image image=&#8221;2306&#8243; img_size=&#8221;full&#8221;][vc_column_text]<\/p>\n<h4>Monika Fr\u0105tczak<\/h4>\n<p>Specjalista ds. Ksi\u0119gowo\u015bci<br \/>\n<a href=\"mailto:monika.fr\u0105tczak@sse.lodz.pl\">monika.fr\u0105tczak@sse.lodz.pl<\/a><br \/>\n<a href=\"tel:0048422755068\">(+48) 42 275 50 68<\/a><br \/>\n<small>#p\u0142atno\u015bci #faktury<\/small>[\/vc_column_text][\/vc_column][vc_column width=&#8221;1\/5&#8243;][vc_single_image image=&#8221;4611&#8243; img_size=&#8221;full&#8221;][vc_column_text]<\/p>\n<h4>Agata Rzadkowska<\/h4>\n<p>Specjalista ds. Ksi\u0119gowo\u015bci<br \/>\n<a href=\"mailto:agata.rzadkowska@sse.lodz.pl\">agata.rzadkowska@sse.lodz.pl<\/a><br \/>\n<a href=\"tel:0048422755057\">(+48) 42\u00a0275 50 57<\/a><br \/>\n<small>#kadry #p\u0142ace<\/small>[\/vc_column_text][\/vc_column][vc_column width=&#8221;1\/5&#8243;][\/vc_column][\/vc_row][\/vc_section][vc_section el_class=&#8221;team-collapse&#8221;][vc_row][vc_column][vc_custom_heading text=&#8221;Departament Partnerstwa i Rozwoju Przedsi\u0119biorczo\u015bci&#8221; font_container=&#8221;tag:h3|text_align:left&#8221; use_theme_fonts=&#8221;yes&#8221;][\/vc_column][\/vc_row][vc_row el_class=&#8221;team-collapse-top&#8221;][vc_column width=&#8221;1\/2&#8243;][vc_row_inner content_placement=&#8221;middle&#8221;][vc_column_inner width=&#8221;1\/3&#8243;][vc_single_image image=&#8221;4714&#8243; img_size=&#8221;full&#8221;][\/vc_column_inner][vc_column_inner width=&#8221;2\/3&#8243;][vc_column_text]<\/p>\n<h4>Hubert G\u0119siarz<\/h4>\n<p>Dyrektor<\/p>\n<p><img loading=\"lazy\" decoding=\"async\" class=\"alignnone size-full wp-image-2268\" src=\"https:\/\/sse.lodz.pl\/wp-content\/uploads\/2023\/03\/email-simple-orange.svg\" alt=\"\" width=\"16\" height=\"12\" \/>\u00a0<a href=\"mailto:hubert.gesiarz@sse.lodz.pl\">hubert.gesiarz@sse.lodz.pl<\/a><br \/>\n<img loading=\"lazy\" decoding=\"async\" class=\"alignnone size-full wp-image-2270\" src=\"https:\/\/sse.lodz.pl\/wp-content\/uploads\/2023\/03\/phone-simple-orange.svg\" alt=\"\" width=\"16\" height=\"16\" \/>\u00a0<a href=\"tel:0048880353614\">(+48) 880 353 614<\/a>[\/vc_column_text][\/vc_column_inner][\/vc_row_inner][\/vc_column][vc_column width=&#8221;1\/2&#8243;][vc_row_inner content_placement=&#8221;middle&#8221;][vc_column_inner width=&#8221;1\/3&#8243;][vc_single_image image=&#8221;2414&#8243; img_size=&#8221;full&#8221;][\/vc_column_inner][vc_column_inner width=&#8221;2\/3&#8243;][vc_column_text]<\/p>\n<h4>Anna Jankowska<\/h4>\n<p>Zast\u0119pca Dyrektora<\/p>\n<p><img loading=\"lazy\" decoding=\"async\" class=\"alignnone size-full wp-image-2268\" src=\"https:\/\/sse.lodz.pl\/wp-content\/uploads\/2023\/03\/email-simple-orange.svg\" alt=\"\" width=\"16\" height=\"12\" \/>\u00a0<a href=\"mailto:anna.jankowska@sse.lodz.pl\">anna.jankowska@sse.lodz.pl<\/a><br \/>\n<img loading=\"lazy\" decoding=\"async\" class=\"alignnone size-full wp-image-2270\" src=\"https:\/\/sse.lodz.pl\/wp-content\/uploads\/2023\/03\/phone-simple-orange.svg\" alt=\"\" width=\"16\" height=\"16\" \/>\u00a0<a href=\"tel:+48885801404\">(+48) 885 801 404<\/a>[\/vc_column_text][\/vc_column_inner][\/vc_row_inner][\/vc_column][\/vc_row][vc_row][vc_column][vc_btn title=&#8221;Zesp\u00f3\u0142&#8221; color=&#8221;btn-custom-read-more&#8221; el_class=&#8221;btn-default btn-collapse&#8221;][\/vc_column][\/vc_row][vc_row el_class=&#8221;team-collapsed&#8221;][vc_column width=&#8221;1\/5&#8243;][vc_single_image image=&#8221;2411&#8243; img_size=&#8221;full&#8221;][vc_column_text]<\/p>\n<h4>Agnieszka Termanowska<\/h4>\n<p>Ekspert<br \/>\n<a href=\"mailto:agnieszka.termanowska@sse.lodz.pl\">agnieszka.termanowska@sse.lodz.pl<\/a><br \/>\n<a href=\"tel:0048885801410\">(+48) 885 801 410<\/a>[\/vc_column_text][\/vc_column][vc_column width=&#8221;1\/5&#8243;][vc_single_image image=&#8221;4636&#8243; img_size=&#8221;full&#8221;][vc_column_text]<\/p>\n<h4>Anna Kowalik-Wo\u017aniak<\/h4>\n<p>Specjalista<br \/>\n<a href=\"mailto:anna.kowalik-wozniak@sse.lodz.pl\">anna.kowalik-wozniak@sse.lodz.pl<\/a><br \/>\n<a href=\"tel:0048885801406\">(+48) 885 801 406<\/a><br \/>\n<small>#<\/small>[\/vc_column_text][\/vc_column][vc_column width=&#8221;1\/5&#8243;][vc_single_image image=&#8221;4633&#8243; img_size=&#8221;full&#8221;][vc_column_text]<\/p>\n<h4>Grzegorz Grodek<\/h4>\n<p>Specjalista<br \/>\n<a href=\"mailto:grzegorz.grodek@sse.lodz.pl\">grzegorz.grodek@sse.lodz.pl<\/a><br \/>\n<a href=\"tel:0048885801414\">(+48) 885 801 414<\/a><br \/>\n<small>#<\/small>[\/vc_column_text][\/vc_column][vc_column width=&#8221;1\/5&#8243;][vc_single_image image=&#8221;4629&#8243; img_size=&#8221;full&#8221;][vc_column_text]<\/p>\n<h4>Wojciech Nowicki<\/h4>\n<p>Specjalista<br \/>\n<a href=\"mailto:wojciech.nowicki@sse.lodz.pl\">wojciech.nowicki@sse.lodz.pl<\/a><br \/>\n<a href=\"tel:0048885801408\">(+48) 885 801 408<\/a><br \/>\n<small>#<\/small>[\/vc_column_text][\/vc_column][vc_column width=&#8221;1\/5&#8243;][\/vc_column][\/vc_row][\/vc_section][vc_section el_class=&#8221;team-collapse&#8221;][vc_row][vc_column][vc_custom_heading text=&#8221;Sekcja Kontroli&#8221; font_container=&#8221;tag:h3|text_align:left&#8221; use_theme_fonts=&#8221;yes&#8221;][\/vc_column][\/vc_row][vc_row el_class=&#8221;team-collapse-top&#8221;][vc_column width=&#8221;1\/2&#8243;][vc_row_inner content_placement=&#8221;middle&#8221;][vc_column_inner width=&#8221;1\/3&#8243;][vc_single_image image=&#8221;6256&#8243; img_size=&#8221;full&#8221;][\/vc_column_inner][vc_column_inner width=&#8221;2\/3&#8243;][vc_column_text]<\/p>\n<h4>Agnieszka Derlecka<\/h4>\n<p>p.o. Kierownika Sekcji Kontroli<\/p>\n<p><img loading=\"lazy\" decoding=\"async\" class=\"alignnone size-full wp-image-2268\" src=\"https:\/\/sse.lodz.pl\/wp-content\/uploads\/2023\/03\/email-simple-orange.svg\" alt=\"\" width=\"16\" height=\"12\" \/> <a href=\"mailto:agnieszka.derlecka@sse.lodz.pl\">agnieszka.derlecka@sse.lodz.pl<\/a><br \/>\n<img loading=\"lazy\" decoding=\"async\" class=\"alignnone size-full wp-image-2270\" src=\"https:\/\/sse.lodz.pl\/wp-content\/uploads\/2023\/03\/phone-simple-orange.svg\" alt=\"\" width=\"16\" height=\"16\" \/>\u00a0<a href=\"tel:+48605140701\">(+48) 605 140 701<\/a>[\/vc_column_text][\/vc_column_inner][\/vc_row_inner][\/vc_column][vc_column width=&#8221;1\/2&#8243;][\/vc_column][\/vc_row][vc_row][vc_column][vc_btn title=&#8221;Zesp\u00f3\u0142&#8221; color=&#8221;btn-custom-read-more&#8221; el_class=&#8221;btn-default btn-collapse&#8221;][\/vc_column][\/vc_row][vc_row el_class=&#8221;team-collapsed&#8221;][vc_column width=&#8221;1\/5&#8243;][vc_single_image image=&#8221;4583&#8243; img_size=&#8221;full&#8221;][vc_column_text]<\/p>\n<h4>Karolina Mentrycka<\/h4>\n<p>Ekspert ds. kontroli<br \/>\n<a href=\"mailto:karolina.mentrycka@sse.lodz.pl\">karolina.mentrycka@sse.lodz.pl<\/a><br \/>\n<a href=\"tel:0048691400049\">(+48) 691 400 049<\/a><br \/>\n<small>#kontrola #audyt<\/small>[\/vc_column_text][\/vc_column][vc_column width=&#8221;1\/5&#8243;][vc_single_image image=&#8221;6957&#8243; img_size=&#8221;full&#8221;][vc_column_text]<\/p>\n<h4>Justyna Bogdan<\/h4>\n<p>Ekspert<br \/>\n<a href=\"mailto:justyna.bogdan@sse.lodz.pl\">justyna.bogdan@sse.lodz.pl<\/a><br \/>\n<a href=\"tel:+48605122309\">(+48) 605 122 309<\/a><br \/>\n<small>#kontrola #audyt<\/small>[\/vc_column_text][\/vc_column][vc_column width=&#8221;1\/5&#8243;][vc_single_image image=&#8221;5368&#8243; img_size=&#8221;full&#8221;][vc_column_text]<\/p>\n<h4>Ma\u0142gorzata Prochowska<\/h4>\n<p>Ekspert<br \/>\n<a href=\"mailto:malgorzata.prochowska@sse.lodz.pl\">malgorzata.prochowska@sse.lodz.pl<\/a><br \/>\n<a href=\"tel:0048605051166\">(+48) 605 051 166<\/a><br \/>\n<small>#kontrola #audyt<\/small>[\/vc_column_text][\/vc_column][vc_column width=&#8221;1\/5&#8243;][vc_single_image image=&#8221;5370&#8243; img_size=&#8221;full&#8221;][vc_column_text]<\/p>\n<h4>Wioleta Franczuk<\/h4>\n<p>Specjalista ds. Kontroli<br \/>\n<a href=\"mailto:wioleta.dabrowska@sse.lodz.pl\">wioleta.dabrowska@sse.lodz.pl<\/a><br \/>\n<a href=\"tel:0048605161040\">(+48) 605 161 040<\/a><br \/>\n<small>#kontrola #audyt<\/small>[\/vc_column_text][\/vc_column][vc_column width=&#8221;1\/5&#8243;][vc_single_image image=&#8221;5366&#8243; img_size=&#8221;full&#8221;][vc_column_text]<\/p>\n<h4>Karolina Serafin<\/h4>\n<p>Specjalista ds. Kontroli<br \/>\n<a href=\"mailto:karolina.serafin@sse.lodz.pl\">karolina.serafin@sse.lodz.pl<\/a><br \/>\n<a href=\"tel:0048422755077\">(+48) 42 275 50 77<\/a><br \/>\n<small>#kontrola #audyt<\/small>[\/vc_column_text][\/vc_column][\/vc_row][vc_row el_class=&#8221;team-collapsed&#8221;][vc_column width=&#8221;1\/5&#8243;][vc_single_image image=&#8221;6957&#8243; img_size=&#8221;full&#8221;][vc_column_text]<\/p>\n<h4>Renata Kwiatkowska-Osiej<\/h4>\n<p>Specjalista ds. Kontroli<br \/>\n<a href=\"mailto:renata.kwiatkowska-osiej@sse.lodz.pl\">renata.kwiatkowska-osiej@sse.lodz.pl<\/a><br \/>\n<a href=\"tel:+48721559608\">(+48) 721 559 608<\/a>[\/vc_column_text][\/vc_column][vc_column width=&#8221;1\/5&#8243;][\/vc_column][vc_column width=&#8221;1\/5&#8243;][\/vc_column][vc_column width=&#8221;1\/5&#8243;][\/vc_column][vc_column width=&#8221;1\/5&#8243;][\/vc_column][\/vc_row][\/vc_section][vc_row][vc_column][vc_custom_heading text=&#8221;&#8221; font_container=&#8221;tag:h3|text_align:left&#8221; use_theme_fonts=&#8221;yes&#8221;][\/vc_column][\/vc_row]<\/p>\n","protected":false},"excerpt":{"rendered":"<p>[vc_row][vc_column][vc_single_image image=&#8221;4513&#8243; img_size=&#8221;full&#8221;][\/vc_column][\/vc_row][vc_row content_placement=&#8221;middle&#8221; el_class=&#8221;team-top&#8221;][vc_column width=&#8221;1\/3&#8243;][vc_single_image image=&#8221;4795&#8243; img_size=&#8221;full&#8221; alignment=&#8221;center&#8221;][\/vc_column][vc_column width=&#8221;2\/3&#8243;][vc_row_inner][vc_column_inner width=&#8221;1\/12&#8243;][vc_column_text][\/vc_column_text][\/vc_column_inner][vc_column_inner width=&#8221;11\/12&#8243;][vc_column_text] Tomasz Sadzy\u0144ski Prezes Zarz\u0105du[\/vc_column_text][\/vc_column_inner][\/vc_row_inner][vc_row_inner][vc_column_inner width=&#8221;1\/12&#8243;][vc_column_text][\/vc_column_text][\/vc_column_inner][vc_column_inner width=&#8221;11\/12&#8243;][vc_column_text] Tomasz Sadzy\u0144ski. Obecnie oraz w latach 2011-2016, Prezes \u0141\u00f3dzkiej Specjalnej Strefy Ekonomicznej S.A. \u2013 jednej z dziesi\u0119ciu [&#8230;]<\/p>\n<p><a class=\"btn btn-secondary understrap-read-more-link\" href=\"https:\/\/sse.lodz.pl\/en\/zespol\/\">Read More&#8230;<span class=\"screen-reader-text\"> from Our Team<\/span><\/a><\/p>\n","protected":false},"author":18,"featured_media":0,"parent":0,"menu_order":0,"comment_status":"closed","ping_status":"closed","template":"podcategory-page.php","meta":{"_acf_changed":false,"inline_featured_image":false,"footnotes":""},"class_list":["post-203","page","type-page","status-publish","hentry"],"translation":{"provider":"WPGlobus","version":"3.0.2","language":"en","enabled_languages":["pl","en"],"languages":{"pl":{"title":true,"content":true,"excerpt":false},"en":{"title":true,"content":false,"excerpt":false}}},"acf":[],"yoast_head":"<!-- This site is optimized with the Yoast SEO plugin v27.4 - https:\/\/yoast.com\/product\/yoast-seo-wordpress\/ -->\n<title>Our Team - \u0141\u00f3dzka Specjalna Strefa Ekonomiczna<\/title>\n<meta name=\"robots\" content=\"index, follow, max-snippet:-1, max-image-preview:large, max-video-preview:-1\" \/>\n<link rel=\"canonical\" href=\"https:\/\/sse.lodz.pl\/zespol\/\" \/>\n<meta property=\"og:locale\" content=\"en_US\" \/>\n<meta property=\"og:type\" content=\"article\" \/>\n<meta property=\"og:title\" content=\"Our Team - \u0141\u00f3dzka Specjalna Strefa Ekonomiczna\" \/>\n<meta property=\"og:url\" content=\"https:\/\/sse.lodz.pl\/zespol\/\" \/>\n<meta property=\"og:site_name\" content=\"\u0141\u00f3dzka Specjalna Strefa Ekonomiczna\" \/>\n<meta property=\"article:modified_time\" content=\"2026-04-21T12:22:19+00:00\" \/>\n<meta property=\"og:image\" content=\"https:\/\/sse.lodz.pl\/wp-content\/uploads\/2023\/03\/email-simple-orange.svg\" \/>\n<meta name=\"twitter:card\" content=\"summary_large_image\" \/>\n<meta name=\"twitter:label1\" content=\"Est. reading time\" \/>\n\t<meta name=\"twitter:data1\" content=\"34 minutes\" \/>\n<script type=\"application\/ld+json\" class=\"yoast-schema-graph\">{\"@context\":\"https:\\\/\\\/schema.org\",\"@graph\":[{\"@type\":\"WebPage\",\"@id\":\"https:\\\/\\\/sse.lodz.pl\\\/zespol\\\/\",\"url\":\"https:\\\/\\\/sse.lodz.pl\\\/zespol\\\/\",\"name\":\"Our Team - \u0141\u00f3dzka Specjalna Strefa Ekonomiczna\",\"isPartOf\":{\"@id\":\"https:\\\/\\\/sse.lodz.pl\\\/#website\"},\"primaryImageOfPage\":{\"@id\":\"https:\\\/\\\/sse.lodz.pl\\\/zespol\\\/#primaryimage\"},\"image\":{\"@id\":\"https:\\\/\\\/sse.lodz.pl\\\/zespol\\\/#primaryimage\"},\"thumbnailUrl\":\"https:\\\/\\\/sse.lodz.pl\\\/wp-content\\\/uploads\\\/2023\\\/03\\\/email-simple-orange.svg\",\"datePublished\":\"2023-03-07T13:51:28+00:00\",\"dateModified\":\"2026-04-21T12:22:19+00:00\",\"breadcrumb\":{\"@id\":\"https:\\\/\\\/sse.lodz.pl\\\/zespol\\\/#breadcrumb\"},\"inLanguage\":\"en-US\",\"potentialAction\":[{\"@type\":\"ReadAction\",\"target\":[\"https:\\\/\\\/sse.lodz.pl\\\/zespol\\\/\"]}]},{\"@type\":\"ImageObject\",\"inLanguage\":\"en-US\",\"@id\":\"https:\\\/\\\/sse.lodz.pl\\\/zespol\\\/#primaryimage\",\"url\":\"https:\\\/\\\/sse.lodz.pl\\\/wp-content\\\/uploads\\\/2023\\\/03\\\/email-simple-orange.svg\",\"contentUrl\":\"https:\\\/\\\/sse.lodz.pl\\\/wp-content\\\/uploads\\\/2023\\\/03\\\/email-simple-orange.svg\"},{\"@type\":\"BreadcrumbList\",\"@id\":\"https:\\\/\\\/sse.lodz.pl\\\/zespol\\\/#breadcrumb\",\"itemListElement\":[{\"@type\":\"ListItem\",\"position\":1,\"name\":\"Strona g\u0142\u00f3wna\",\"item\":\"https:\\\/\\\/sse.lodz.pl\\\/\"},{\"@type\":\"ListItem\",\"position\":2,\"name\":\"Zesp\u00f3\u0142\"}]},{\"@type\":\"WebSite\",\"@id\":\"https:\\\/\\\/sse.lodz.pl\\\/#website\",\"url\":\"https:\\\/\\\/sse.lodz.pl\\\/\",\"name\":\"\u0141\u00f3dzka Specjalna Strefa Ekonomiczna\",\"description\":\"\",\"potentialAction\":[{\"@type\":\"SearchAction\",\"target\":{\"@type\":\"EntryPoint\",\"urlTemplate\":\"https:\\\/\\\/sse.lodz.pl\\\/?s={search_term_string}\"},\"query-input\":{\"@type\":\"PropertyValueSpecification\",\"valueRequired\":true,\"valueName\":\"search_term_string\"}}],\"inLanguage\":\"en-US\"}]}<\/script>\n<!-- \/ Yoast SEO plugin. -->","yoast_head_json":{"title":"Our Team - \u0141\u00f3dzka Specjalna Strefa Ekonomiczna","robots":{"index":"index","follow":"follow","max-snippet":"max-snippet:-1","max-image-preview":"max-image-preview:large","max-video-preview":"max-video-preview:-1"},"canonical":"https:\/\/sse.lodz.pl\/zespol\/","og_locale":"en_US","og_type":"article","og_title":"Our Team - \u0141\u00f3dzka Specjalna Strefa Ekonomiczna","og_url":"https:\/\/sse.lodz.pl\/zespol\/","og_site_name":"\u0141\u00f3dzka Specjalna Strefa Ekonomiczna","article_modified_time":"2026-04-21T12:22:19+00:00","og_image":[{"url":"https:\/\/sse.lodz.pl\/wp-content\/uploads\/2023\/03\/email-simple-orange.svg","type":"","width":"","height":""}],"twitter_card":"summary_large_image","twitter_misc":{"Est. reading time":"34 minutes"},"schema":{"@context":"https:\/\/schema.org","@graph":[{"@type":"WebPage","@id":"https:\/\/sse.lodz.pl\/zespol\/","url":"https:\/\/sse.lodz.pl\/zespol\/","name":"Our Team - \u0141\u00f3dzka Specjalna Strefa Ekonomiczna","isPartOf":{"@id":"https:\/\/sse.lodz.pl\/#website"},"primaryImageOfPage":{"@id":"https:\/\/sse.lodz.pl\/zespol\/#primaryimage"},"image":{"@id":"https:\/\/sse.lodz.pl\/zespol\/#primaryimage"},"thumbnailUrl":"https:\/\/sse.lodz.pl\/wp-content\/uploads\/2023\/03\/email-simple-orange.svg","datePublished":"2023-03-07T13:51:28+00:00","dateModified":"2026-04-21T12:22:19+00:00","breadcrumb":{"@id":"https:\/\/sse.lodz.pl\/zespol\/#breadcrumb"},"inLanguage":"en-US","potentialAction":[{"@type":"ReadAction","target":["https:\/\/sse.lodz.pl\/zespol\/"]}]},{"@type":"ImageObject","inLanguage":"en-US","@id":"https:\/\/sse.lodz.pl\/zespol\/#primaryimage","url":"https:\/\/sse.lodz.pl\/wp-content\/uploads\/2023\/03\/email-simple-orange.svg","contentUrl":"https:\/\/sse.lodz.pl\/wp-content\/uploads\/2023\/03\/email-simple-orange.svg"},{"@type":"BreadcrumbList","@id":"https:\/\/sse.lodz.pl\/zespol\/#breadcrumb","itemListElement":[{"@type":"ListItem","position":1,"name":"Strona g\u0142\u00f3wna","item":"https:\/\/sse.lodz.pl\/"},{"@type":"ListItem","position":2,"name":"Zesp\u00f3\u0142"}]},{"@type":"WebSite","@id":"https:\/\/sse.lodz.pl\/#website","url":"https:\/\/sse.lodz.pl\/","name":"\u0141\u00f3dzka Specjalna Strefa Ekonomiczna","description":"","potentialAction":[{"@type":"SearchAction","target":{"@type":"EntryPoint","urlTemplate":"https:\/\/sse.lodz.pl\/?s={search_term_string}"},"query-input":{"@type":"PropertyValueSpecification","valueRequired":true,"valueName":"search_term_string"}}],"inLanguage":"en-US"}]}},"_links":{"self":[{"href":"https:\/\/sse.lodz.pl\/en\/wp-json\/wp\/v2\/pages\/203","targetHints":{"allow":["GET"]}}],"collection":[{"href":"https:\/\/sse.lodz.pl\/en\/wp-json\/wp\/v2\/pages"}],"about":[{"href":"https:\/\/sse.lodz.pl\/en\/wp-json\/wp\/v2\/types\/page"}],"author":[{"embeddable":true,"href":"https:\/\/sse.lodz.pl\/en\/wp-json\/wp\/v2\/users\/18"}],"replies":[{"embeddable":true,"href":"https:\/\/sse.lodz.pl\/en\/wp-json\/wp\/v2\/comments?post=203"}],"version-history":[{"count":300,"href":"https:\/\/sse.lodz.pl\/en\/wp-json\/wp\/v2\/pages\/203\/revisions"}],"predecessor-version":[{"id":7494,"href":"https:\/\/sse.lodz.pl\/en\/wp-json\/wp\/v2\/pages\/203\/revisions\/7494"}],"wp:attachment":[{"href":"https:\/\/sse.lodz.pl\/en\/wp-json\/wp\/v2\/media?parent=203"}],"curies":[{"name":"wp","href":"https:\/\/api.w.org\/{rel}","templated":true}]}}