{"id":7521,"date":"2026-04-23T14:35:53","date_gmt":"2026-04-23T12:35:53","guid":{"rendered":"https:\/\/sse.lodz.pl\/?post_type=tribe_events&#038;p=7521"},"modified":"2026-04-23T14:53:58","modified_gmt":"2026-04-23T12:53:58","slug":"hikari","status":"publish","type":"tribe_events","link":"https:\/\/sse.lodz.pl\/en\/wydarzenia\/hikari\/","title":{"rendered":"HIKARI &#8211; \u015awiat\u0142o Japonii w \u0141odzi"},"content":{"rendered":"<h1 data-start=\"0\" data-end=\"75\">&#x1f38c; <strong data-start=\"3\" data-end=\"73\">HIKARI \u2013 \u015awiat\u0142o Japonii w \u0141odzi<\/strong><\/h1>\n<p data-start=\"77\" data-end=\"367\"><strong>Ju\u017c 12\u201313 czerwca 2026 roku <span class=\"hover:entity-accent entity-underline inline cursor-pointer align-baseline\"><span class=\"whitespace-normal\">\u0141\u00f3d\u017a<\/span><\/span> stanie si\u0119 miejscem wyj\u0105tkowego spotkania dw\u00f3ch \u015bwiat\u00f3w \u2013 Polski i Japonii. Przed nami dwa dni wype\u0142nione biznesem, technologi\u0105, kultur\u0105 i sportem, kt\u00f3re po\u0142\u0105cz\u0105 lider\u00f3w, ekspert\u00f3w oraz pasjonat\u00f3w wsp\u00f3\u0142pracy mi\u0119dzynarodowej.<\/strong><\/p>\n<hr data-start=\"369\" data-end=\"372\" \/>\n<h3 data-section-id=\"u9opg3\" data-start=\"374\" data-end=\"419\">Polish\u2013Japanese Business Summit<\/h3>\n<p data-start=\"420\" data-end=\"513\"><strong data-start=\"420\" data-end=\"442\">&#x1f4c5; 12 czerwca 2026<\/strong><br data-start=\"442\" data-end=\"445\" \/><strong data-start=\"445\" data-end=\"513\">&#x1f4cd; <span class=\"hover:entity-accent entity-underline inline cursor-pointer align-baseline\"><span class=\"whitespace-normal\">\u0141\u00f3dzka Specjalna Strefa Ekonomiczna<\/span><\/span>, ul. Tymienieckiego 22G<\/strong><\/p>\n<p data-start=\"515\" data-end=\"751\">To wydarzenie skierowane do przedsi\u0119biorc\u00f3w, inwestor\u00f3w oraz wszystkich zainteresowanych wsp\u00f3\u0142prac\u0105 gospodarcz\u0105 Polska\u2013Japonia. Summit stworzy przestrze\u0144 do wymiany wiedzy, inspiracji oraz nawi\u0105zywania warto\u015bciowych relacji biznesowych.<\/p>\n<h6 data-section-id=\"417vg3\" data-start=\"753\" data-end=\"769\">W programie:<\/h6>\n<ul data-start=\"770\" data-end=\"913\">\n<li data-section-id=\"1vc3k7i\" data-start=\"770\" data-end=\"843\">panele eksperckie z udzia\u0142em lider\u00f3w biznesu i instytucji publicznych<\/li>\n<li data-section-id=\"imyq2h\" data-start=\"844\" data-end=\"874\">networking i spotkania B2B<\/li>\n<li data-section-id=\"pd5z9k\" data-start=\"875\" data-end=\"913\">Business Mixer w j\u0119zyku angielskim<\/li>\n<\/ul>\n<h6 data-section-id=\"rnad6t\" data-start=\"915\" data-end=\"948\">Uczestnicy zyskaj\u0105 mo\u017cliwo\u015b\u0107:<\/h6>\n<p data-start=\"949\" data-end=\"1096\">&#x1f91d; nawi\u0105zania mi\u0119dzynarodowych partnerstw<br data-start=\"990\" data-end=\"993\" \/>&#x26a1; poznania trend\u00f3w w energetyce i infrastrukturze<br data-start=\"1042\" data-end=\"1045\" \/>&#x1f4a1; odkrycia potencja\u0142u wsp\u00f3\u0142pracy technologicznej<\/p>\n<p data-start=\"1098\" data-end=\"1157\">&#x1f39f; <strong data-start=\"1101\" data-end=\"1155\">Udzia\u0142 bezp\u0142atny (wymagana rejestracja do 28 maja)<\/strong><\/p>\n<hr data-start=\"1159\" data-end=\"1162\" \/>\n<h3 data-section-id=\"1pzm37x\" data-start=\"1164\" data-end=\"1222\">&#x1f338; HIKARI \u2013 Polsko\u2013Japo\u0144ski Festiwal Kultury i Sportu<\/h3>\n<p data-start=\"1223\" data-end=\"1293\"><strong data-start=\"1223\" data-end=\"1254\">&#x1f4c5; 13 czerwca 2026 (sobota)<\/strong><br data-start=\"1254\" data-end=\"1257\" \/><strong data-start=\"1257\" data-end=\"1293\">&#x1f4cd; \u0141\u00f3d\u017a | ul. Tymienieckiego 22G<\/strong><\/p>\n<p data-start=\"1295\" data-end=\"1416\">Drugi dzie\u0144 wydarzenia to celebracja japo\u0144skiej kultury i sportu \u2013 otwarta dla mieszka\u0144c\u00f3w i wszystkich zainteresowanych.<\/p>\n<h6 data-section-id=\"417vg3\" data-start=\"1418\" data-end=\"1434\">W programie:<\/h6>\n<p data-start=\"1435\" data-end=\"1599\">&#x1f94b; Mistrzostwa Polski Karate \u2013 ponad 200 zawodnik\u00f3w z ca\u0142ego kraju<br data-start=\"1501\" data-end=\"1504\" \/>&#x1f375; warsztaty kultury japo\u0144skiej: ceremonia herbaty, taniec Okinawa, origami i inne aktywno\u015bci<\/p>\n<p><img loading=\"lazy\" decoding=\"async\" class=\"aligncenter wp-image-7522 size-large\" src=\"https:\/\/sse.lodz.pl\/wp-content\/uploads\/2026\/04\/669590727_1379995074163938_5820626114757271840_n-797x1024.jpg\" alt=\"\" width=\"640\" height=\"822\" srcset=\"https:\/\/sse.lodz.pl\/wp-content\/uploads\/2026\/04\/669590727_1379995074163938_5820626114757271840_n-797x1024.jpg 797w, https:\/\/sse.lodz.pl\/wp-content\/uploads\/2026\/04\/669590727_1379995074163938_5820626114757271840_n-233x300.jpg 233w, https:\/\/sse.lodz.pl\/wp-content\/uploads\/2026\/04\/669590727_1379995074163938_5820626114757271840_n-768x987.jpg 768w, https:\/\/sse.lodz.pl\/wp-content\/uploads\/2026\/04\/669590727_1379995074163938_5820626114757271840_n-1195x1536.jpg 1195w, https:\/\/sse.lodz.pl\/wp-content\/uploads\/2026\/04\/669590727_1379995074163938_5820626114757271840_n.jpg 1313w\" sizes=\"auto, (max-width: 640px) 100vw, 640px\" \/><\/p>\n<p><a href=\"https:\/\/forms.office.com\/e\/Nzsqv82HaW\"><img loading=\"lazy\" decoding=\"async\" class=\"size-medium wp-image-7530 aligncenter\" src=\"https:\/\/sse.lodz.pl\/wp-content\/uploads\/2026\/04\/Zarejestruj-sie-na-Business-Summit-1-300x150.png\" alt=\"\" width=\"300\" height=\"150\" srcset=\"https:\/\/sse.lodz.pl\/wp-content\/uploads\/2026\/04\/Zarejestruj-sie-na-Business-Summit-1-300x150.png 300w, https:\/\/sse.lodz.pl\/wp-content\/uploads\/2026\/04\/Zarejestruj-sie-na-Business-Summit-1.png 600w\" sizes=\"auto, (max-width: 300px) 100vw, 300px\" \/><\/a> <a href=\"https:\/\/forms.office.com\/e\/GYr5eL1t0g\"><img loading=\"lazy\" decoding=\"async\" class=\"size-medium wp-image-7531 aligncenter\" src=\"https:\/\/sse.lodz.pl\/wp-content\/uploads\/2026\/04\/Zarejestruj-sie-na-Business-Summit-300x150.png\" alt=\"\" width=\"300\" height=\"150\" srcset=\"https:\/\/sse.lodz.pl\/wp-content\/uploads\/2026\/04\/Zarejestruj-sie-na-Business-Summit-300x150.png 300w, https:\/\/sse.lodz.pl\/wp-content\/uploads\/2026\/04\/Zarejestruj-sie-na-Business-Summit.png 600w\" sizes=\"auto, (max-width: 300px) 100vw, 300px\" \/> <\/a><\/p>\n","protected":false},"excerpt":{"rendered":"<p>&#x1f38c; HIKARI \u2013 \u015awiat\u0142o Japonii w \u0141odzi Ju\u017c 12\u201313 czerwca 2026 roku \u0141\u00f3d\u017a stanie si\u0119 miejscem wyj\u0105tkowego spotkania dw\u00f3ch \u015bwiat\u00f3w \u2013 Polski i Japonii. Przed nami dwa dni wype\u0142nione biznesem, technologi\u0105, kultur\u0105 i sportem, kt\u00f3re [&#8230;]<\/p>\n<p><a class=\"btn btn-secondary understrap-read-more-link\" href=\"https:\/\/sse.lodz.pl\/en\/wydarzenia\/hikari\/\">Read More&#8230;<span class=\"screen-reader-text\"> from HIKARI &#8211; \u015awiat\u0142o Japonii w \u0141odzi<\/span><\/a><\/p>\n","protected":false},"author":24,"featured_media":0,"template":"","meta":{"_acf_changed":false,"inline_featured_image":false,"_tribe_events_status":"","_tribe_events_status_reason":"","footnotes":""},"tags":[],"tribe_events_cat":[],"class_list":["post-7521","tribe_events","type-tribe_events","status-publish","hentry"],"translation":{"provider":"WPGlobus","version":"3.0.2","language":"en","enabled_languages":["pl","en"],"languages":{"pl":{"title":true,"content":true,"excerpt":false},"en":{"title":false,"content":false,"excerpt":false}}},"acf":[],"yoast_head":"<!-- This site is optimized with the Yoast SEO plugin v27.4 - https:\/\/yoast.com\/product\/yoast-seo-wordpress\/ -->\n<title>HIKARI - \u015awiat\u0142o Japonii w \u0141odzi - \u0141\u00f3dzka Specjalna Strefa Ekonomiczna<\/title>\n<meta name=\"robots\" content=\"index, follow, max-snippet:-1, max-image-preview:large, max-video-preview:-1\" \/>\n<link rel=\"canonical\" href=\"https:\/\/sse.lodz.pl\/wydarzenia\/hikari\/\" \/>\n<meta property=\"og:locale\" content=\"en_US\" \/>\n<meta property=\"og:type\" content=\"article\" \/>\n<meta property=\"og:title\" content=\"HIKARI - \u015awiat\u0142o Japonii w \u0141odzi - \u0141\u00f3dzka Specjalna Strefa Ekonomiczna\" \/>\n<meta property=\"og:url\" content=\"https:\/\/sse.lodz.pl\/wydarzenia\/hikari\/\" \/>\n<meta property=\"og:site_name\" content=\"\u0141\u00f3dzka Specjalna Strefa Ekonomiczna\" \/>\n<meta property=\"article:modified_time\" content=\"2026-04-23T12:53:58+00:00\" \/>\n<meta property=\"og:image\" content=\"https:\/\/sse.lodz.pl\/wp-content\/uploads\/2026\/04\/669590727_1379995074163938_5820626114757271840_n.jpg\" \/>\n\t<meta property=\"og:image:width\" content=\"1313\" \/>\n\t<meta property=\"og:image:height\" content=\"1688\" \/>\n\t<meta property=\"og:image:type\" content=\"image\/jpeg\" \/>\n<meta name=\"twitter:card\" content=\"summary_large_image\" \/>\n<meta name=\"twitter:label1\" content=\"Est. reading time\" \/>\n\t<meta name=\"twitter:data1\" content=\"2 minutes\" \/>\n<script type=\"application\/ld+json\" class=\"yoast-schema-graph\">{\"@context\":\"https:\\\/\\\/schema.org\",\"@graph\":[{\"@type\":\"WebPage\",\"@id\":\"https:\\\/\\\/sse.lodz.pl\\\/wydarzenia\\\/hikari\\\/\",\"url\":\"https:\\\/\\\/sse.lodz.pl\\\/wydarzenia\\\/hikari\\\/\",\"name\":\"HIKARI - \u015awiat\u0142o Japonii w \u0141odzi - \u0141\u00f3dzka Specjalna Strefa Ekonomiczna\",\"isPartOf\":{\"@id\":\"https:\\\/\\\/sse.lodz.pl\\\/#website\"},\"primaryImageOfPage\":{\"@id\":\"https:\\\/\\\/sse.lodz.pl\\\/wydarzenia\\\/hikari\\\/#primaryimage\"},\"image\":{\"@id\":\"https:\\\/\\\/sse.lodz.pl\\\/wydarzenia\\\/hikari\\\/#primaryimage\"},\"thumbnailUrl\":\"https:\\\/\\\/sse.lodz.pl\\\/wp-content\\\/uploads\\\/2026\\\/04\\\/669590727_1379995074163938_5820626114757271840_n-797x1024.jpg\",\"datePublished\":\"2026-04-23T12:35:53+00:00\",\"dateModified\":\"2026-04-23T12:53:58+00:00\",\"breadcrumb\":{\"@id\":\"https:\\\/\\\/sse.lodz.pl\\\/wydarzenia\\\/hikari\\\/#breadcrumb\"},\"inLanguage\":\"en-US\",\"potentialAction\":[{\"@type\":\"ReadAction\",\"target\":[\"https:\\\/\\\/sse.lodz.pl\\\/wydarzenia\\\/hikari\\\/\"]}]},{\"@type\":\"ImageObject\",\"inLanguage\":\"en-US\",\"@id\":\"https:\\\/\\\/sse.lodz.pl\\\/wydarzenia\\\/hikari\\\/#primaryimage\",\"url\":\"https:\\\/\\\/sse.lodz.pl\\\/wp-content\\\/uploads\\\/2026\\\/04\\\/669590727_1379995074163938_5820626114757271840_n-797x1024.jpg\",\"contentUrl\":\"https:\\\/\\\/sse.lodz.pl\\\/wp-content\\\/uploads\\\/2026\\\/04\\\/669590727_1379995074163938_5820626114757271840_n-797x1024.jpg\"},{\"@type\":\"BreadcrumbList\",\"@id\":\"https:\\\/\\\/sse.lodz.pl\\\/wydarzenia\\\/hikari\\\/#breadcrumb\",\"itemListElement\":[{\"@type\":\"ListItem\",\"position\":1,\"name\":\"Strona g\u0142\u00f3wna\",\"item\":\"https:\\\/\\\/sse.lodz.pl\\\/\"},{\"@type\":\"ListItem\",\"position\":2,\"name\":\"Wydarzenia\",\"item\":\"https:\\\/\\\/sse.lodz.pl\\\/events\\\/\"},{\"@type\":\"ListItem\",\"position\":3,\"name\":\"HIKARI &#8211; \u015awiat\u0142o Japonii w \u0141odzi\"}]},{\"@type\":\"WebSite\",\"@id\":\"https:\\\/\\\/sse.lodz.pl\\\/#website\",\"url\":\"https:\\\/\\\/sse.lodz.pl\\\/\",\"name\":\"\u0141\u00f3dzka Specjalna Strefa Ekonomiczna\",\"description\":\"\",\"potentialAction\":[{\"@type\":\"SearchAction\",\"target\":{\"@type\":\"EntryPoint\",\"urlTemplate\":\"https:\\\/\\\/sse.lodz.pl\\\/?s={search_term_string}\"},\"query-input\":{\"@type\":\"PropertyValueSpecification\",\"valueRequired\":true,\"valueName\":\"search_term_string\"}}],\"inLanguage\":\"en-US\"}]}<\/script>\n<!-- \/ Yoast SEO plugin. -->","yoast_head_json":{"title":"HIKARI - \u015awiat\u0142o Japonii w \u0141odzi - \u0141\u00f3dzka Specjalna Strefa Ekonomiczna","robots":{"index":"index","follow":"follow","max-snippet":"max-snippet:-1","max-image-preview":"max-image-preview:large","max-video-preview":"max-video-preview:-1"},"canonical":"https:\/\/sse.lodz.pl\/wydarzenia\/hikari\/","og_locale":"en_US","og_type":"article","og_title":"HIKARI - \u015awiat\u0142o Japonii w \u0141odzi - \u0141\u00f3dzka Specjalna Strefa Ekonomiczna","og_url":"https:\/\/sse.lodz.pl\/wydarzenia\/hikari\/","og_site_name":"\u0141\u00f3dzka Specjalna Strefa Ekonomiczna","article_modified_time":"2026-04-23T12:53:58+00:00","og_image":[{"width":1313,"height":1688,"url":"https:\/\/sse.lodz.pl\/wp-content\/uploads\/2026\/04\/669590727_1379995074163938_5820626114757271840_n.jpg","type":"image\/jpeg"}],"twitter_card":"summary_large_image","twitter_misc":{"Est. reading time":"2 minutes"},"schema":{"@context":"https:\/\/schema.org","@graph":[{"@type":"WebPage","@id":"https:\/\/sse.lodz.pl\/wydarzenia\/hikari\/","url":"https:\/\/sse.lodz.pl\/wydarzenia\/hikari\/","name":"HIKARI - \u015awiat\u0142o Japonii w \u0141odzi - \u0141\u00f3dzka Specjalna Strefa Ekonomiczna","isPartOf":{"@id":"https:\/\/sse.lodz.pl\/#website"},"primaryImageOfPage":{"@id":"https:\/\/sse.lodz.pl\/wydarzenia\/hikari\/#primaryimage"},"image":{"@id":"https:\/\/sse.lodz.pl\/wydarzenia\/hikari\/#primaryimage"},"thumbnailUrl":"https:\/\/sse.lodz.pl\/wp-content\/uploads\/2026\/04\/669590727_1379995074163938_5820626114757271840_n-797x1024.jpg","datePublished":"2026-04-23T12:35:53+00:00","dateModified":"2026-04-23T12:53:58+00:00","breadcrumb":{"@id":"https:\/\/sse.lodz.pl\/wydarzenia\/hikari\/#breadcrumb"},"inLanguage":"en-US","potentialAction":[{"@type":"ReadAction","target":["https:\/\/sse.lodz.pl\/wydarzenia\/hikari\/"]}]},{"@type":"ImageObject","inLanguage":"en-US","@id":"https:\/\/sse.lodz.pl\/wydarzenia\/hikari\/#primaryimage","url":"https:\/\/sse.lodz.pl\/wp-content\/uploads\/2026\/04\/669590727_1379995074163938_5820626114757271840_n-797x1024.jpg","contentUrl":"https:\/\/sse.lodz.pl\/wp-content\/uploads\/2026\/04\/669590727_1379995074163938_5820626114757271840_n-797x1024.jpg"},{"@type":"BreadcrumbList","@id":"https:\/\/sse.lodz.pl\/wydarzenia\/hikari\/#breadcrumb","itemListElement":[{"@type":"ListItem","position":1,"name":"Strona g\u0142\u00f3wna","item":"https:\/\/sse.lodz.pl\/"},{"@type":"ListItem","position":2,"name":"Wydarzenia","item":"https:\/\/sse.lodz.pl\/events\/"},{"@type":"ListItem","position":3,"name":"HIKARI &#8211; \u015awiat\u0142o Japonii w \u0141odzi"}]},{"@type":"WebSite","@id":"https:\/\/sse.lodz.pl\/#website","url":"https:\/\/sse.lodz.pl\/","name":"\u0141\u00f3dzka Specjalna Strefa Ekonomiczna","description":"","potentialAction":[{"@type":"SearchAction","target":{"@type":"EntryPoint","urlTemplate":"https:\/\/sse.lodz.pl\/?s={search_term_string}"},"query-input":{"@type":"PropertyValueSpecification","valueRequired":true,"valueName":"search_term_string"}}],"inLanguage":"en-US"}]}},"_links":{"self":[{"href":"https:\/\/sse.lodz.pl\/en\/wp-json\/wp\/v2\/tribe_events\/7521","targetHints":{"allow":["GET"]}}],"collection":[{"href":"https:\/\/sse.lodz.pl\/en\/wp-json\/wp\/v2\/tribe_events"}],"about":[{"href":"https:\/\/sse.lodz.pl\/en\/wp-json\/wp\/v2\/types\/tribe_events"}],"author":[{"embeddable":true,"href":"https:\/\/sse.lodz.pl\/en\/wp-json\/wp\/v2\/users\/24"}],"version-history":[{"count":6,"href":"https:\/\/sse.lodz.pl\/en\/wp-json\/wp\/v2\/tribe_events\/7521\/revisions"}],"predecessor-version":[{"id":7528,"href":"https:\/\/sse.lodz.pl\/en\/wp-json\/wp\/v2\/tribe_events\/7521\/revisions\/7528"}],"wp:attachment":[{"href":"https:\/\/sse.lodz.pl\/en\/wp-json\/wp\/v2\/media?parent=7521"}],"wp:term":[{"taxonomy":"post_tag","embeddable":true,"href":"https:\/\/sse.lodz.pl\/en\/wp-json\/wp\/v2\/tags?post=7521"},{"taxonomy":"tribe_events_cat","embeddable":true,"href":"https:\/\/sse.lodz.pl\/en\/wp-json\/wp\/v2\/tribe_events_cat?post=7521"}],"curies":[{"name":"wp","href":"https:\/\/api.w.org\/{rel}","templated":true}]}}